{"id":53,"date":"2022-10-29T21:34:55","date_gmt":"2022-10-29T21:34:55","guid":{"rendered":"https:\/\/xn--elrincndemargi-qob.com\/?page_id=53"},"modified":"2023-10-22T20:21:41","modified_gmt":"2023-10-22T20:21:41","slug":"mi-historia-de-terror-2","status":"publish","type":"page","link":"https:\/\/xn--elrincndemargi-qob.com\/index.php\/mi-historia-de-terror-2\/","title":{"rendered":"Mi historia de terror"},"content":{"rendered":"\t\t<div data-elementor-type=\"wp-page\" data-elementor-id=\"53\" class=\"elementor elementor-53\">\n\t\t\t\t\t\t<section class=\"elementor-section elementor-top-section elementor-element elementor-element-9ea7f15 elementor-section-boxed elementor-section-height-default elementor-section-height-default\" data-id=\"9ea7f15\" data-element_type=\"section\" data-e-type=\"section\">\n\t\t\t\t\t\t<div class=\"elementor-container elementor-column-gap-default\">\n\t\t\t\t\t<div class=\"elementor-column elementor-col-100 elementor-top-column elementor-element elementor-element-5522bab\" data-id=\"5522bab\" data-element_type=\"column\" data-e-type=\"column\">\n\t\t\t<div class=\"elementor-widget-wrap elementor-element-populated\">\n\t\t\t\t\t\t<div class=\"elementor-element elementor-element-3161780 elementor-widget elementor-widget-text-editor\" data-id=\"3161780\" data-element_type=\"widget\" data-e-type=\"widget\" data-widget_type=\"text-editor.default\">\n\t\t\t\t<div class=\"elementor-widget-container\">\n\t\t\t\t\t\t\t\t\t<p><span style=\"font-weight: 400;\">Esta es una confesi\u00f3n de recuerdos suprimidos de mi infancia y c\u00f3mo me hac\u00eda sentir el volver a ellos, es un texto para visibilizar la violencia dom\u00e9stica y apoyar a quienes est\u00e1n en situaciones similares o incluso peores.<\/span><\/p><p><span style=\"font-weight: 400;\">Fue publicado por la revista Almicidio en su segundo volumen, y lo puedes encontrar aqu\u00ed en la p\u00e1gina 32:<\/span><\/p><p><span style=\"font-weight: 400;\">\u200b<\/span><\/p>\t\t\t\t\t\t\t\t<\/div>\n\t\t\t\t<\/div>\n\t\t\t\t\t<\/div>\n\t\t<\/div>\n\t\t\t\t\t<\/div>\n\t\t<\/section>\n\t\t\t\t<section class=\"elementor-section elementor-top-section elementor-element elementor-element-75e24ba elementor-section-boxed elementor-section-height-default elementor-section-height-default\" data-id=\"75e24ba\" data-element_type=\"section\" data-e-type=\"section\">\n\t\t\t\t\t\t<div class=\"elementor-container elementor-column-gap-default\">\n\t\t\t\t\t<div class=\"elementor-column elementor-col-100 elementor-top-column elementor-element elementor-element-770f96d\" data-id=\"770f96d\" data-element_type=\"column\" data-e-type=\"column\">\n\t\t\t<div class=\"elementor-widget-wrap elementor-element-populated\">\n\t\t\t\t\t\t<div class=\"elementor-element elementor-element-c707780 elementor-align-center elementor-widget elementor-widget-button\" data-id=\"c707780\" data-element_type=\"widget\" data-e-type=\"widget\" data-widget_type=\"button.default\">\n\t\t\t\t<div class=\"elementor-widget-container\">\n\t\t\t\t\t\t\t\t\t<div class=\"elementor-button-wrapper\">\n\t\t\t\t\t<a class=\"elementor-button elementor-button-link elementor-size-sm\" href=\"https:\/\/38d826ee-cbbe-4499-a84b-43f32ec8a12c.filesusr.com\/ugd\/63a289_03e5e3ca32d74858bb853e0493c46877.pdf\">\n\t\t\t\t\t\t<span class=\"elementor-button-content-wrapper\">\n\t\t\t\t\t\t\t\t\t<span class=\"elementor-button-text\">Leer aqu\u00ed<\/span>\n\t\t\t\t\t<\/span>\n\t\t\t\t\t<\/a>\n\t\t\t\t<\/div>\n\t\t\t\t\t\t\t\t<\/div>\n\t\t\t\t<\/div>\n\t\t\t\t\t<\/div>\n\t\t<\/div>\n\t\t\t\t\t<\/div>\n\t\t<\/section>\n\t\t\t\t<\/div>\n\t\t","protected":false},"excerpt":{"rendered":"<p>Esta es una confesi\u00f3n de recuerdos suprimidos de mi infancia y c\u00f3mo me hac\u00eda sentir el volver a ellos, es un texto para visibilizar la violencia dom\u00e9stica y apoyar a quienes est\u00e1n en situaciones similares o incluso peores. Fue publicado por la revista Almicidio en su segundo volumen, y lo puedes encontrar aqu\u00ed en la [&hellip;]<\/p>\n","protected":false},"author":1,"featured_media":44,"parent":0,"menu_order":0,"comment_status":"closed","ping_status":"closed","template":"","meta":{"om_disable_all_campaigns":false,"_monsterinsights_skip_tracking":false,"_monsterinsights_sitenote_active":false,"_monsterinsights_sitenote_note":"","_monsterinsights_sitenote_category":0,"footnotes":""},"class_list":["post-53","page","type-page","status-publish","has-post-thumbnail","hentry"],"aioseo_notices":[],"_links":{"self":[{"href":"https:\/\/xn--elrincndemargi-qob.com\/index.php\/wp-json\/wp\/v2\/pages\/53","targetHints":{"allow":["GET"]}}],"collection":[{"href":"https:\/\/xn--elrincndemargi-qob.com\/index.php\/wp-json\/wp\/v2\/pages"}],"about":[{"href":"https:\/\/xn--elrincndemargi-qob.com\/index.php\/wp-json\/wp\/v2\/types\/page"}],"author":[{"embeddable":true,"href":"https:\/\/xn--elrincndemargi-qob.com\/index.php\/wp-json\/wp\/v2\/users\/1"}],"replies":[{"embeddable":true,"href":"https:\/\/xn--elrincndemargi-qob.com\/index.php\/wp-json\/wp\/v2\/comments?post=53"}],"version-history":[{"count":29,"href":"https:\/\/xn--elrincndemargi-qob.com\/index.php\/wp-json\/wp\/v2\/pages\/53\/revisions"}],"predecessor-version":[{"id":1514,"href":"https:\/\/xn--elrincndemargi-qob.com\/index.php\/wp-json\/wp\/v2\/pages\/53\/revisions\/1514"}],"wp:featuredmedia":[{"embeddable":true,"href":"https:\/\/xn--elrincndemargi-qob.com\/index.php\/wp-json\/wp\/v2\/media\/44"}],"wp:attachment":[{"href":"https:\/\/xn--elrincndemargi-qob.com\/index.php\/wp-json\/wp\/v2\/media?parent=53"}],"curies":[{"name":"wp","href":"https:\/\/api.w.org\/{rel}","templated":true}]}}