{"id":2633,"date":"2024-08-04T05:11:20","date_gmt":"2024-08-04T05:11:20","guid":{"rendered":"https:\/\/xn--elrincndemargi-qob.com\/?page_id=2633"},"modified":"2024-08-04T05:16:33","modified_gmt":"2024-08-04T05:16:33","slug":"incendio-forestal","status":"publish","type":"page","link":"https:\/\/xn--elrincndemargi-qob.com\/index.php\/incendio-forestal\/","title":{"rendered":"Incendio forestal"},"content":{"rendered":"\t\t<div data-elementor-type=\"wp-page\" data-elementor-id=\"2633\" class=\"elementor elementor-2633\">\n\t\t\t\t\t\t<section class=\"elementor-section elementor-top-section elementor-element elementor-element-6ae8368 elementor-section-boxed elementor-section-height-default elementor-section-height-default\" data-id=\"6ae8368\" data-element_type=\"section\" data-e-type=\"section\">\n\t\t\t\t\t\t<div class=\"elementor-container elementor-column-gap-default\">\n\t\t\t\t\t<div class=\"elementor-column elementor-col-100 elementor-top-column elementor-element elementor-element-ae38fed\" data-id=\"ae38fed\" data-element_type=\"column\" data-e-type=\"column\">\n\t\t\t<div class=\"elementor-widget-wrap elementor-element-populated\">\n\t\t\t\t\t\t<div class=\"elementor-element elementor-element-3ca5a17 elementor-widget elementor-widget-image\" data-id=\"3ca5a17\" data-element_type=\"widget\" data-e-type=\"widget\" data-widget_type=\"image.default\">\n\t\t\t\t<div class=\"elementor-widget-container\">\n\t\t\t\t\t\t\t\t\t\t\t\t<figure class=\"wp-caption\">\n\t\t\t\t\t\t\t\t\t\t<img fetchpriority=\"high\" decoding=\"async\" width=\"580\" height=\"326\" src=\"https:\/\/xn--elrincndemargi-qob.com\/wp-content\/uploads\/2024\/08\/Incendio-forestal_Escultura_1_Compressed-1024x576.jpg\" class=\"attachment-large size-large wp-image-2635\" alt=\"\" srcset=\"https:\/\/xn--elrincndemargi-qob.com\/wp-content\/uploads\/2024\/08\/Incendio-forestal_Escultura_1_Compressed-1024x576.jpg 1024w, https:\/\/xn--elrincndemargi-qob.com\/wp-content\/uploads\/2024\/08\/Incendio-forestal_Escultura_1_Compressed-300x169.jpg 300w, https:\/\/xn--elrincndemargi-qob.com\/wp-content\/uploads\/2024\/08\/Incendio-forestal_Escultura_1_Compressed-768x432.jpg 768w, https:\/\/xn--elrincndemargi-qob.com\/wp-content\/uploads\/2024\/08\/Incendio-forestal_Escultura_1_Compressed-1536x864.jpg 1536w, https:\/\/xn--elrincndemargi-qob.com\/wp-content\/uploads\/2024\/08\/Incendio-forestal_Escultura_1_Compressed-2048x1152.jpg 2048w, https:\/\/xn--elrincndemargi-qob.com\/wp-content\/uploads\/2024\/08\/Incendio-forestal_Escultura_1_Compressed-1200x675.jpg 1200w, https:\/\/xn--elrincndemargi-qob.com\/wp-content\/uploads\/2024\/08\/Incendio-forestal_Escultura_1_Compressed-1980x1114.jpg 1980w\" sizes=\"(max-width: 580px) 100vw, 580px\" \/>\t\t\t\t\t\t\t\t\t\t\t<figcaption class=\"widget-image-caption wp-caption-text\">T\u00edtulo: Incendio forestal.\nAutora: Marjaneh Vargas Barajas.\nT\u00e9cnica: Escultura.\nMedidas: 10 x 10 cm (Base) x 34 cm (Alto).\nA\u00f1o: 2024.<\/figcaption>\n\t\t\t\t\t\t\t\t\t\t<\/figure>\n\t\t\t\t\t\t\t\t\t<\/div>\n\t\t\t\t<\/div>\n\t\t\t\t<div class=\"elementor-element elementor-element-ee4113c elementor-widget elementor-widget-image\" data-id=\"ee4113c\" data-element_type=\"widget\" data-e-type=\"widget\" data-widget_type=\"image.default\">\n\t\t\t\t<div class=\"elementor-widget-container\">\n\t\t\t\t\t\t\t\t\t\t\t\t<figure class=\"wp-caption\">\n\t\t\t\t\t\t\t\t\t\t<img decoding=\"async\" width=\"580\" height=\"326\" src=\"https:\/\/xn--elrincndemargi-qob.com\/wp-content\/uploads\/2024\/08\/Incendio-forestal_Escultura_2_Compressed-1024x576.jpg\" class=\"attachment-large size-large wp-image-2636\" alt=\"\" srcset=\"https:\/\/xn--elrincndemargi-qob.com\/wp-content\/uploads\/2024\/08\/Incendio-forestal_Escultura_2_Compressed-1024x576.jpg 1024w, https:\/\/xn--elrincndemargi-qob.com\/wp-content\/uploads\/2024\/08\/Incendio-forestal_Escultura_2_Compressed-300x169.jpg 300w, https:\/\/xn--elrincndemargi-qob.com\/wp-content\/uploads\/2024\/08\/Incendio-forestal_Escultura_2_Compressed-768x432.jpg 768w, https:\/\/xn--elrincndemargi-qob.com\/wp-content\/uploads\/2024\/08\/Incendio-forestal_Escultura_2_Compressed-1536x864.jpg 1536w, https:\/\/xn--elrincndemargi-qob.com\/wp-content\/uploads\/2024\/08\/Incendio-forestal_Escultura_2_Compressed-2048x1152.jpg 2048w, https:\/\/xn--elrincndemargi-qob.com\/wp-content\/uploads\/2024\/08\/Incendio-forestal_Escultura_2_Compressed-1200x675.jpg 1200w, https:\/\/xn--elrincndemargi-qob.com\/wp-content\/uploads\/2024\/08\/Incendio-forestal_Escultura_2_Compressed-1980x1114.jpg 1980w\" sizes=\"(max-width: 580px) 100vw, 580px\" \/>\t\t\t\t\t\t\t\t\t\t\t<figcaption class=\"widget-image-caption wp-caption-text\">T\u00edtulo: Incendio forestal.\nAutora: Marjaneh Vargas Barajas.\nT\u00e9cnica: Escultura.\nMedidas: 10 x 10 cm (Base) x 34 cm (Alto).\nA\u00f1o: 2024.<\/figcaption>\n\t\t\t\t\t\t\t\t\t\t<\/figure>\n\t\t\t\t\t\t\t\t\t<\/div>\n\t\t\t\t<\/div>\n\t\t\t\t<div class=\"elementor-element elementor-element-1be0e9b elementor-widget elementor-widget-video\" data-id=\"1be0e9b\" data-element_type=\"widget\" data-e-type=\"widget\" data-settings=\"{&quot;youtube_url&quot;:&quot;https:\\\/\\\/youtu.be\\\/To11b53tkuc&quot;,&quot;video_type&quot;:&quot;youtube&quot;,&quot;controls&quot;:&quot;yes&quot;}\" data-widget_type=\"video.default\">\n\t\t\t\t<div class=\"elementor-widget-container\">\n\t\t\t\t\t\t\t<div class=\"elementor-wrapper elementor-open-inline\">\n\t\t\t<div class=\"elementor-video\"><\/div>\t\t<\/div>\n\t\t\t\t\t\t<\/div>\n\t\t\t\t<\/div>\n\t\t\t\t\t<\/div>\n\t\t<\/div>\n\t\t\t\t\t<\/div>\n\t\t<\/section>\n\t\t\t\t<section class=\"elementor-section elementor-top-section elementor-element elementor-element-73a38cd elementor-section-boxed elementor-section-height-default elementor-section-height-default\" data-id=\"73a38cd\" data-element_type=\"section\" data-e-type=\"section\">\n\t\t\t\t\t\t<div class=\"elementor-container elementor-column-gap-default\">\n\t\t\t\t\t<div class=\"elementor-column elementor-col-100 elementor-top-column elementor-element elementor-element-14bddc6\" data-id=\"14bddc6\" data-element_type=\"column\" data-e-type=\"column\">\n\t\t\t<div class=\"elementor-widget-wrap elementor-element-populated\">\n\t\t\t\t\t\t<div class=\"elementor-element elementor-element-d60920e elementor-widget elementor-widget-heading\" data-id=\"d60920e\" data-element_type=\"widget\" data-e-type=\"widget\" data-widget_type=\"heading.default\">\n\t\t\t\t<div class=\"elementor-widget-container\">\n\t\t\t\t\t<h2 class=\"elementor-heading-title elementor-size-default\">La muerte de los \u00e1rboles<\/h2>\t\t\t\t<\/div>\n\t\t\t\t<\/div>\n\t\t\t\t<div class=\"elementor-element elementor-element-cac6f9a elementor-widget elementor-widget-text-editor\" data-id=\"cac6f9a\" data-element_type=\"widget\" data-e-type=\"widget\" data-widget_type=\"text-editor.default\">\n\t\t\t\t<div class=\"elementor-widget-container\">\n\t\t\t\t\t\t\t\t\t<p><span style=\"font-weight: 400;\">Cada \u00e1rbol es \u00fanico y especial,<\/span><\/p><p><span style=\"font-weight: 400;\">es la representaci\u00f3n de lo natural.<\/span><\/p><p><span style=\"font-weight: 400;\">Se elevan lentamente al comp\u00e1s del girar de la tierra y la luna,<\/span><\/p><p><span style=\"font-weight: 400;\">crecen con dulzura, crecen con elegancia y sus frutos curan la hambruna.<\/span><\/p><p><span style=\"font-weight: 400;\">Se fortalecen de la naturaleza, se fortalecen con grandeza en cada estaci\u00f3n,<\/span><\/p><p><span style=\"font-weight: 400;\">y su belleza y poder\u00edo trasciende en cada regi\u00f3n.<\/span><\/p><p>\u00a0<\/p><p><span style=\"font-weight: 400;\">Hay \u00e1rboles altos como rascacielos, que en su grandeza respiran entre nubes,<\/span><\/p><p><span style=\"font-weight: 400;\">y los hay bajos como autom\u00f3viles, donde aprenden a volar las m\u00e1s temerosas aves.<\/span><\/p><p><span style=\"font-weight: 400;\">Hay \u00e1rboles de todos los colores que la luz refleja para el deleite de la mirada,<\/span><\/p><p><span style=\"font-weight: 400;\">y de todos los frutos que el humano cosecha, de todos los frutos que el paladar degusta.<\/span><\/p><p>\u00a0<\/p><p><span style=\"font-weight: 400;\">Son tantos \u00e1rboles distintos, pero todos son iguales,<\/span><\/p><p><span style=\"font-weight: 400;\">todos filtran el aire para que se d\u00e9 la vida, todos son esenciales.<\/span><\/p><p><span style=\"font-weight: 400;\">De la tierra todos vinieron, peque\u00f1os, grandes, florales, silvestres o frutales,<\/span><\/p><p><span style=\"font-weight: 400;\">de la lluvia todos beben el agua cuando las nubes lloran,<\/span><\/p><p><span style=\"font-weight: 400;\">del sol todos hacen la fotos\u00edntesis, cuando sus rayos luminosos el cielo perforan.<\/span><\/p><p>\u00a0<\/p><p><span style=\"font-weight: 400;\">C\u00f3mo milagros de sus semillas brotan,<\/span><\/p><p><span style=\"font-weight: 400;\">y de vida la tierra abarrotan.<\/span><\/p><p><span style=\"font-weight: 400;\">Nacieron y viven de semillas que albergan vida,<\/span><\/p><p><span style=\"font-weight: 400;\">semillas de corazones que palpitan de forma fluida,<\/span><\/p><p><span style=\"font-weight: 400;\">semillas de pulmones de respiran sin descansar,<\/span><\/p><p><span style=\"font-weight: 400;\">y esperan preservarse, y esperan por a\u00f1os aguantar.<\/span><\/p><p>\u00a0<\/p><p><span style=\"font-weight: 400;\">Las semillas son los pulmones del \u00e1rbol y el \u00e1rbol es el pulm\u00f3n del mundo,<\/span><\/p><p><span style=\"font-weight: 400;\">un pulm\u00f3n que limpia el aire, y permite la vida en un planeta que era fecundo.<\/span><\/p><p><span style=\"font-weight: 400;\">Pero los pulmones del mundo se est\u00e1n incendiando,<\/span><\/p><p><span style=\"font-weight: 400;\">y como especie en peligro de extinci\u00f3n se est\u00e1n acabando,<\/span><\/p><p><span style=\"font-weight: 400;\">est\u00e1n reduci\u00e9ndose a cenizas y escupiendo sus restos sobre el manto terrestre,<\/span><\/p><p><span style=\"font-weight: 400;\">y el caos no parar\u00e1 hasta que la humanidad un poco de sensibilidad demuestre.<\/span><\/p><p>\u00a0<\/p><p><span style=\"font-weight: 400;\">Los \u00e1rboles del mundo se mueren, son incendiados hasta que desaparecen,<\/span><\/p><p><span style=\"font-weight: 400;\">y con ello su labor con la naturaleza y la vida concluyen.<\/span><\/p><p><span style=\"font-weight: 400;\">Todos los d\u00edas la naturaleza se pone de luto,<\/span><\/p><p><span style=\"font-weight: 400;\">mientras los \u00e1rboles se van y se acaban, se van, minuto a minuto.<\/span><\/p><p><span style=\"font-weight: 400;\">Con cada \u00e1rbol que muere, se revienta m\u00e1s y m\u00e1s el manto de la tierra, cual burbuja,<\/span><\/p><p><span style=\"font-weight: 400;\">y el fuego abrasador que al \u00e1rbol asfixia y hasta la muerte aqueja,<\/span><\/p><p><span style=\"font-weight: 400;\">con la vida terrestre acaba, desde el p\u00e1jaro hasta el humano,<\/span><\/p><p><span style=\"font-weight: 400;\">nadie escapa a la masacre ambiental,<\/span><\/p><p><span style=\"font-weight: 400;\">todos resienten la muerte de los \u00e1rboles, pues cada ser vivo es un animal,<\/span><\/p><p><span style=\"font-weight: 400;\">y al final, todos morir\u00e1n, pues todos ten\u00edan pulmones,<\/span><\/p><p><span style=\"font-weight: 400;\">y todos necesitaban respirar, sin excepciones.<\/span><\/p>\t\t\t\t\t\t\t\t<\/div>\n\t\t\t\t<\/div>\n\t\t\t\t\t<\/div>\n\t\t<\/div>\n\t\t\t\t\t<\/div>\n\t\t<\/section>\n\t\t\t\t<\/div>\n\t\t","protected":false},"excerpt":{"rendered":"<p>T\u00edtulo: Incendio forestal. Autora: Marjaneh Vargas Barajas. T\u00e9cnica: Escultura. Medidas: 10 x 10 cm (Base) x 34 cm (Alto). A\u00f1o: 2024. T\u00edtulo: Incendio forestal. Autora: Marjaneh Vargas Barajas. T\u00e9cnica: Escultura. Medidas: 10 x 10 cm (Base) x 34 cm (Alto). A\u00f1o: 2024. La muerte de los \u00e1rboles Cada \u00e1rbol es \u00fanico y especial, es la [&hellip;]<\/p>\n","protected":false},"author":1,"featured_media":0,"parent":0,"menu_order":0,"comment_status":"closed","ping_status":"closed","template":"","meta":{"om_disable_all_campaigns":false,"_monsterinsights_skip_tracking":false,"_monsterinsights_sitenote_active":false,"_monsterinsights_sitenote_note":"","_monsterinsights_sitenote_category":0,"footnotes":""},"class_list":["post-2633","page","type-page","status-publish","hentry"],"aioseo_notices":[],"_links":{"self":[{"href":"https:\/\/xn--elrincndemargi-qob.com\/index.php\/wp-json\/wp\/v2\/pages\/2633","targetHints":{"allow":["GET"]}}],"collection":[{"href":"https:\/\/xn--elrincndemargi-qob.com\/index.php\/wp-json\/wp\/v2\/pages"}],"about":[{"href":"https:\/\/xn--elrincndemargi-qob.com\/index.php\/wp-json\/wp\/v2\/types\/page"}],"author":[{"embeddable":true,"href":"https:\/\/xn--elrincndemargi-qob.com\/index.php\/wp-json\/wp\/v2\/users\/1"}],"replies":[{"embeddable":true,"href":"https:\/\/xn--elrincndemargi-qob.com\/index.php\/wp-json\/wp\/v2\/comments?post=2633"}],"version-history":[{"count":19,"href":"https:\/\/xn--elrincndemargi-qob.com\/index.php\/wp-json\/wp\/v2\/pages\/2633\/revisions"}],"predecessor-version":[{"id":2655,"href":"https:\/\/xn--elrincndemargi-qob.com\/index.php\/wp-json\/wp\/v2\/pages\/2633\/revisions\/2655"}],"wp:attachment":[{"href":"https:\/\/xn--elrincndemargi-qob.com\/index.php\/wp-json\/wp\/v2\/media?parent=2633"}],"curies":[{"name":"wp","href":"https:\/\/api.w.org\/{rel}","templated":true}]}}