{"id":1813,"date":"2023-11-02T03:28:47","date_gmt":"2023-11-02T03:28:47","guid":{"rendered":"https:\/\/xn--elrincndemargi-qob.com\/?page_id=1813"},"modified":"2026-01-09T02:52:03","modified_gmt":"2026-01-09T02:52:03","slug":"mis-fotografias","status":"publish","type":"page","link":"https:\/\/xn--elrincndemargi-qob.com\/index.php\/mis-fotografias\/","title":{"rendered":"Mis fotograf\u00edas"},"content":{"rendered":"\t\t<div data-elementor-type=\"wp-page\" data-elementor-id=\"1813\" class=\"elementor elementor-1813\">\n\t\t\t\t\t\t<section class=\"elementor-section elementor-top-section elementor-element elementor-element-09669a8 elementor-section-boxed elementor-section-height-default elementor-section-height-default\" data-id=\"09669a8\" data-element_type=\"section\" data-e-type=\"section\">\n\t\t\t\t\t\t<div class=\"elementor-container elementor-column-gap-default\">\n\t\t\t\t\t<div class=\"elementor-column elementor-col-100 elementor-top-column elementor-element elementor-element-ea1ba4f\" data-id=\"ea1ba4f\" data-element_type=\"column\" data-e-type=\"column\">\n\t\t\t<div class=\"elementor-widget-wrap elementor-element-populated\">\n\t\t\t\t\t\t<div class=\"elementor-element elementor-element-35aac79 elementor-widget elementor-widget-heading\" data-id=\"35aac79\" data-element_type=\"widget\" data-e-type=\"widget\" data-widget_type=\"heading.default\">\n\t\t\t\t<div class=\"elementor-widget-container\">\n\t\t\t\t\t<h2 class=\"elementor-heading-title elementor-size-large\">Aqu\u00ed podr\u00e1s encontrar todas mis fotograf\u00edas, desde mi trabajo m\u00e1s reciente hasta el m\u00e1s antiguo.<\/h2>\t\t\t\t<\/div>\n\t\t\t\t<\/div>\n\t\t\t\t\t<\/div>\n\t\t<\/div>\n\t\t\t\t\t<\/div>\n\t\t<\/section>\n\t\t\t\t<section class=\"elementor-section elementor-top-section elementor-element elementor-element-b660f11 elementor-section-boxed elementor-section-height-default elementor-section-height-default\" data-id=\"b660f11\" data-element_type=\"section\" data-e-type=\"section\">\n\t\t\t\t\t\t<div class=\"elementor-container elementor-column-gap-default\">\n\t\t\t\t\t<div class=\"elementor-column elementor-col-100 elementor-top-column elementor-element elementor-element-dce5f10\" data-id=\"dce5f10\" data-element_type=\"column\" data-e-type=\"column\">\n\t\t\t<div class=\"elementor-widget-wrap elementor-element-populated\">\n\t\t\t\t\t\t<div class=\"elementor-element elementor-element-0f3364c elementor-widget elementor-widget-heading\" data-id=\"0f3364c\" data-element_type=\"widget\" data-e-type=\"widget\" data-widget_type=\"heading.default\">\n\t\t\t\t<div class=\"elementor-widget-container\">\n\t\t\t\t\t<h4 class=\"elementor-heading-title elementor-size-default\">Fotograf\u00eda de piezas de crochet:<\/h4>\t\t\t\t<\/div>\n\t\t\t\t<\/div>\n\t\t\t\t\t<\/div>\n\t\t<\/div>\n\t\t\t\t\t<\/div>\n\t\t<\/section>\n\t\t\t\t<section class=\"elementor-section elementor-top-section elementor-element elementor-element-4da6739 elementor-section-boxed elementor-section-height-default elementor-section-height-default\" data-id=\"4da6739\" data-element_type=\"section\" data-e-type=\"section\">\n\t\t\t\t\t\t<div class=\"elementor-container elementor-column-gap-default\">\n\t\t\t\t\t<div class=\"elementor-column elementor-col-50 elementor-top-column elementor-element elementor-element-525fbc8\" data-id=\"525fbc8\" data-element_type=\"column\" data-e-type=\"column\">\n\t\t\t<div class=\"elementor-widget-wrap elementor-element-populated\">\n\t\t\t\t\t\t<div class=\"elementor-element elementor-element-12a7a29 elementor-widget elementor-widget-image\" data-id=\"12a7a29\" data-element_type=\"widget\" data-e-type=\"widget\" data-widget_type=\"image.default\">\n\t\t\t\t<div class=\"elementor-widget-container\">\n\t\t\t\t\t\t\t\t\t\t\t\t<figure class=\"wp-caption\">\n\t\t\t\t\t\t\t\t\t\t<img fetchpriority=\"high\" decoding=\"async\" width=\"576\" height=\"1024\" src=\"https:\/\/xn--elrincndemargi-qob.com\/wp-content\/uploads\/2025\/10\/Little-Crochet-Jellyfish_Wallpapaer_1080-x-1920-576x1024.jpg\" class=\"attachment-large size-large wp-image-3050\" alt=\"\" srcset=\"https:\/\/xn--elrincndemargi-qob.com\/wp-content\/uploads\/2025\/10\/Little-Crochet-Jellyfish_Wallpapaer_1080-x-1920-576x1024.jpg 576w, https:\/\/xn--elrincndemargi-qob.com\/wp-content\/uploads\/2025\/10\/Little-Crochet-Jellyfish_Wallpapaer_1080-x-1920-169x300.jpg 169w, https:\/\/xn--elrincndemargi-qob.com\/wp-content\/uploads\/2025\/10\/Little-Crochet-Jellyfish_Wallpapaer_1080-x-1920-768x1365.jpg 768w, https:\/\/xn--elrincndemargi-qob.com\/wp-content\/uploads\/2025\/10\/Little-Crochet-Jellyfish_Wallpapaer_1080-x-1920-864x1536.jpg 864w, https:\/\/xn--elrincndemargi-qob.com\/wp-content\/uploads\/2025\/10\/Little-Crochet-Jellyfish_Wallpapaer_1080-x-1920.jpg 1080w\" sizes=\"(max-width: 576px) 100vw, 576px\" \/>\t\t\t\t\t\t\t\t\t\t\t<figcaption class=\"widget-image-caption wp-caption-text\">T\u00edtulo: Medusita de crochet. \nAutora: Marjaneh Vargas Barajas.\nT\u00e9cnica: Fotograf\u00eda de pieza de crochet original.\nA\u00f1o: 2025.<\/figcaption>\n\t\t\t\t\t\t\t\t\t\t<\/figure>\n\t\t\t\t\t\t\t\t\t<\/div>\n\t\t\t\t<\/div>\n\t\t\t\t<div class=\"elementor-element elementor-element-ad33193 elementor-widget elementor-widget-image\" data-id=\"ad33193\" data-element_type=\"widget\" data-e-type=\"widget\" data-widget_type=\"image.default\">\n\t\t\t\t<div class=\"elementor-widget-container\">\n\t\t\t\t\t\t\t\t\t\t\t\t<figure class=\"wp-caption\">\n\t\t\t\t\t\t\t\t\t\t<img decoding=\"async\" width=\"576\" height=\"1024\" src=\"https:\/\/xn--elrincndemargi-qob.com\/wp-content\/uploads\/2025\/10\/Purple-Crochet-Fish_Wallpapaer_1080-x-1920-576x1024.jpg\" class=\"attachment-large size-large wp-image-3052\" alt=\"\" srcset=\"https:\/\/xn--elrincndemargi-qob.com\/wp-content\/uploads\/2025\/10\/Purple-Crochet-Fish_Wallpapaer_1080-x-1920-576x1024.jpg 576w, https:\/\/xn--elrincndemargi-qob.com\/wp-content\/uploads\/2025\/10\/Purple-Crochet-Fish_Wallpapaer_1080-x-1920-169x300.jpg 169w, https:\/\/xn--elrincndemargi-qob.com\/wp-content\/uploads\/2025\/10\/Purple-Crochet-Fish_Wallpapaer_1080-x-1920-768x1365.jpg 768w, https:\/\/xn--elrincndemargi-qob.com\/wp-content\/uploads\/2025\/10\/Purple-Crochet-Fish_Wallpapaer_1080-x-1920-864x1536.jpg 864w, https:\/\/xn--elrincndemargi-qob.com\/wp-content\/uploads\/2025\/10\/Purple-Crochet-Fish_Wallpapaer_1080-x-1920.jpg 1080w\" sizes=\"(max-width: 576px) 100vw, 576px\" \/>\t\t\t\t\t\t\t\t\t\t\t<figcaption class=\"widget-image-caption wp-caption-text\">T\u00edtulo: Pez morado de crochet.\nAutora: Marjaneh Vargas Barajas.\nT\u00e9cnica: Fotograf\u00eda de pieza de crochet original.\nA\u00f1o: 2025.<\/figcaption>\n\t\t\t\t\t\t\t\t\t\t<\/figure>\n\t\t\t\t\t\t\t\t\t<\/div>\n\t\t\t\t<\/div>\n\t\t\t\t<div class=\"elementor-element elementor-element-f055743 elementor-widget elementor-widget-image\" data-id=\"f055743\" data-element_type=\"widget\" data-e-type=\"widget\" data-widget_type=\"image.default\">\n\t\t\t\t<div class=\"elementor-widget-container\">\n\t\t\t\t\t\t\t\t\t\t\t\t<figure class=\"wp-caption\">\n\t\t\t\t\t\t\t\t\t\t<img decoding=\"async\" width=\"576\" height=\"1024\" src=\"https:\/\/xn--elrincndemargi-qob.com\/wp-content\/uploads\/2025\/10\/Crochet-Baby-Octopus-with-Purple-Stripe-on-Its-Eyes_Wallpapaer_1080-x-1920-576x1024.jpg\" class=\"attachment-large size-large wp-image-3046\" alt=\"\" srcset=\"https:\/\/xn--elrincndemargi-qob.com\/wp-content\/uploads\/2025\/10\/Crochet-Baby-Octopus-with-Purple-Stripe-on-Its-Eyes_Wallpapaer_1080-x-1920-576x1024.jpg 576w, https:\/\/xn--elrincndemargi-qob.com\/wp-content\/uploads\/2025\/10\/Crochet-Baby-Octopus-with-Purple-Stripe-on-Its-Eyes_Wallpapaer_1080-x-1920-169x300.jpg 169w, https:\/\/xn--elrincndemargi-qob.com\/wp-content\/uploads\/2025\/10\/Crochet-Baby-Octopus-with-Purple-Stripe-on-Its-Eyes_Wallpapaer_1080-x-1920-768x1365.jpg 768w, https:\/\/xn--elrincndemargi-qob.com\/wp-content\/uploads\/2025\/10\/Crochet-Baby-Octopus-with-Purple-Stripe-on-Its-Eyes_Wallpapaer_1080-x-1920-864x1536.jpg 864w, https:\/\/xn--elrincndemargi-qob.com\/wp-content\/uploads\/2025\/10\/Crochet-Baby-Octopus-with-Purple-Stripe-on-Its-Eyes_Wallpapaer_1080-x-1920.jpg 1080w\" sizes=\"(max-width: 576px) 100vw, 576px\" \/>\t\t\t\t\t\t\t\t\t\t\t<figcaption class=\"widget-image-caption wp-caption-text\">T\u00edtulo: Pulpito beb\u00e9 de crochet con franja morada en sus ojos. \nAutora: Marjaneh Vargas Barajas.\nT\u00e9cnica: Fotograf\u00eda de pieza de crochet original.\nA\u00f1o: 2025.<\/figcaption>\n\t\t\t\t\t\t\t\t\t\t<\/figure>\n\t\t\t\t\t\t\t\t\t<\/div>\n\t\t\t\t<\/div>\n\t\t\t\t<div class=\"elementor-element elementor-element-492a65b elementor-widget elementor-widget-image\" data-id=\"492a65b\" data-element_type=\"widget\" data-e-type=\"widget\" data-widget_type=\"image.default\">\n\t\t\t\t<div class=\"elementor-widget-container\">\n\t\t\t\t\t\t\t\t\t\t\t\t<figure class=\"wp-caption\">\n\t\t\t\t\t\t\t\t\t\t<img loading=\"lazy\" decoding=\"async\" width=\"576\" height=\"1024\" src=\"https:\/\/xn--elrincndemargi-qob.com\/wp-content\/uploads\/2025\/10\/Purple-Crochet-Octopus_Wallpapaer_1080-x-1920-576x1024.jpg\" class=\"attachment-large size-large wp-image-3053\" alt=\"\" srcset=\"https:\/\/xn--elrincndemargi-qob.com\/wp-content\/uploads\/2025\/10\/Purple-Crochet-Octopus_Wallpapaer_1080-x-1920-576x1024.jpg 576w, https:\/\/xn--elrincndemargi-qob.com\/wp-content\/uploads\/2025\/10\/Purple-Crochet-Octopus_Wallpapaer_1080-x-1920-169x300.jpg 169w, https:\/\/xn--elrincndemargi-qob.com\/wp-content\/uploads\/2025\/10\/Purple-Crochet-Octopus_Wallpapaer_1080-x-1920-768x1365.jpg 768w, https:\/\/xn--elrincndemargi-qob.com\/wp-content\/uploads\/2025\/10\/Purple-Crochet-Octopus_Wallpapaer_1080-x-1920-864x1536.jpg 864w, https:\/\/xn--elrincndemargi-qob.com\/wp-content\/uploads\/2025\/10\/Purple-Crochet-Octopus_Wallpapaer_1080-x-1920.jpg 1080w\" sizes=\"(max-width: 576px) 100vw, 576px\" \/>\t\t\t\t\t\t\t\t\t\t\t<figcaption class=\"widget-image-caption wp-caption-text\">T\u00edtulo: Pulpito morado de Crochet. \nAutora: Marjaneh Vargas Barajas.\nT\u00e9cnica: Fotograf\u00eda de pieza de crochet original.\nA\u00f1o: 2025.<\/figcaption>\n\t\t\t\t\t\t\t\t\t\t<\/figure>\n\t\t\t\t\t\t\t\t\t<\/div>\n\t\t\t\t<\/div>\n\t\t\t\t<div class=\"elementor-element elementor-element-2fc53b3 elementor-widget elementor-widget-image\" data-id=\"2fc53b3\" data-element_type=\"widget\" data-e-type=\"widget\" data-widget_type=\"image.default\">\n\t\t\t\t<div class=\"elementor-widget-container\">\n\t\t\t\t\t\t\t\t\t\t\t\t<figure class=\"wp-caption\">\n\t\t\t\t\t\t\t\t\t\t<img loading=\"lazy\" decoding=\"async\" width=\"576\" height=\"1024\" src=\"https:\/\/xn--elrincndemargi-qob.com\/wp-content\/uploads\/2025\/10\/Crochet-Cactus-UFO_Wallpapaer_1080-x-1920-576x1024.jpg\" class=\"attachment-large size-large wp-image-3047\" alt=\"\" srcset=\"https:\/\/xn--elrincndemargi-qob.com\/wp-content\/uploads\/2025\/10\/Crochet-Cactus-UFO_Wallpapaer_1080-x-1920-576x1024.jpg 576w, https:\/\/xn--elrincndemargi-qob.com\/wp-content\/uploads\/2025\/10\/Crochet-Cactus-UFO_Wallpapaer_1080-x-1920-169x300.jpg 169w, https:\/\/xn--elrincndemargi-qob.com\/wp-content\/uploads\/2025\/10\/Crochet-Cactus-UFO_Wallpapaer_1080-x-1920-768x1365.jpg 768w, https:\/\/xn--elrincndemargi-qob.com\/wp-content\/uploads\/2025\/10\/Crochet-Cactus-UFO_Wallpapaer_1080-x-1920-864x1536.jpg 864w, https:\/\/xn--elrincndemargi-qob.com\/wp-content\/uploads\/2025\/10\/Crochet-Cactus-UFO_Wallpapaer_1080-x-1920.jpg 1080w\" sizes=\"(max-width: 576px) 100vw, 576px\" \/>\t\t\t\t\t\t\t\t\t\t\t<figcaption class=\"widget-image-caption wp-caption-text\">T\u00edtulo: Cactus-Ovni de crochet. \nAutora: Marjaneh Vargas Barajas.\nT\u00e9cnica: Fotograf\u00eda de pieza de crochet original.\nA\u00f1o: 2025.<\/figcaption>\n\t\t\t\t\t\t\t\t\t\t<\/figure>\n\t\t\t\t\t\t\t\t\t<\/div>\n\t\t\t\t<\/div>\n\t\t\t\t\t<\/div>\n\t\t<\/div>\n\t\t\t\t<div class=\"elementor-column elementor-col-50 elementor-top-column elementor-element elementor-element-fb2bea6\" data-id=\"fb2bea6\" data-element_type=\"column\" data-e-type=\"column\">\n\t\t\t<div class=\"elementor-widget-wrap elementor-element-populated\">\n\t\t\t\t\t\t<div class=\"elementor-element elementor-element-808a6de elementor-widget elementor-widget-image\" data-id=\"808a6de\" data-element_type=\"widget\" data-e-type=\"widget\" data-widget_type=\"image.default\">\n\t\t\t\t<div class=\"elementor-widget-container\">\n\t\t\t\t\t\t\t\t\t\t\t\t<figure class=\"wp-caption\">\n\t\t\t\t\t\t\t\t\t\t<img loading=\"lazy\" decoding=\"async\" width=\"576\" height=\"1024\" src=\"https:\/\/xn--elrincndemargi-qob.com\/wp-content\/uploads\/2025\/10\/Pink-Axolotl-Crochet_Wallpapaer_1080-x-1920-576x1024.jpg\" class=\"attachment-large size-large wp-image-3043\" alt=\"\" srcset=\"https:\/\/xn--elrincndemargi-qob.com\/wp-content\/uploads\/2025\/10\/Pink-Axolotl-Crochet_Wallpapaer_1080-x-1920-576x1024.jpg 576w, https:\/\/xn--elrincndemargi-qob.com\/wp-content\/uploads\/2025\/10\/Pink-Axolotl-Crochet_Wallpapaer_1080-x-1920-169x300.jpg 169w, https:\/\/xn--elrincndemargi-qob.com\/wp-content\/uploads\/2025\/10\/Pink-Axolotl-Crochet_Wallpapaer_1080-x-1920-768x1365.jpg 768w, https:\/\/xn--elrincndemargi-qob.com\/wp-content\/uploads\/2025\/10\/Pink-Axolotl-Crochet_Wallpapaer_1080-x-1920-864x1536.jpg 864w, https:\/\/xn--elrincndemargi-qob.com\/wp-content\/uploads\/2025\/10\/Pink-Axolotl-Crochet_Wallpapaer_1080-x-1920.jpg 1080w\" sizes=\"(max-width: 576px) 100vw, 576px\" \/>\t\t\t\t\t\t\t\t\t\t\t<figcaption class=\"widget-image-caption wp-caption-text\">T\u00edtulo: Ajolotito rosa de crochet. \nAutora: Marjaneh Vargas Barajas.\nT\u00e9cnica: Fotograf\u00eda de pieza de crochet original.\nA\u00f1o: 2025.<\/figcaption>\n\t\t\t\t\t\t\t\t\t\t<\/figure>\n\t\t\t\t\t\t\t\t\t<\/div>\n\t\t\t\t<\/div>\n\t\t\t\t<div class=\"elementor-element elementor-element-c14c5a9 elementor-widget elementor-widget-image\" data-id=\"c14c5a9\" data-element_type=\"widget\" data-e-type=\"widget\" data-widget_type=\"image.default\">\n\t\t\t\t<div class=\"elementor-widget-container\">\n\t\t\t\t\t\t\t\t\t\t\t\t<figure class=\"wp-caption\">\n\t\t\t\t\t\t\t\t\t\t<img loading=\"lazy\" decoding=\"async\" width=\"576\" height=\"1024\" src=\"https:\/\/xn--elrincndemargi-qob.com\/wp-content\/uploads\/2025\/10\/Baby-Crochet-Seahorse_Wallpapaer_1080-x-1920-px-576x1024.jpg\" class=\"attachment-large size-large wp-image-3044\" alt=\"\" srcset=\"https:\/\/xn--elrincndemargi-qob.com\/wp-content\/uploads\/2025\/10\/Baby-Crochet-Seahorse_Wallpapaer_1080-x-1920-px-576x1024.jpg 576w, https:\/\/xn--elrincndemargi-qob.com\/wp-content\/uploads\/2025\/10\/Baby-Crochet-Seahorse_Wallpapaer_1080-x-1920-px-169x300.jpg 169w, https:\/\/xn--elrincndemargi-qob.com\/wp-content\/uploads\/2025\/10\/Baby-Crochet-Seahorse_Wallpapaer_1080-x-1920-px-768x1365.jpg 768w, https:\/\/xn--elrincndemargi-qob.com\/wp-content\/uploads\/2025\/10\/Baby-Crochet-Seahorse_Wallpapaer_1080-x-1920-px-864x1536.jpg 864w, https:\/\/xn--elrincndemargi-qob.com\/wp-content\/uploads\/2025\/10\/Baby-Crochet-Seahorse_Wallpapaer_1080-x-1920-px.jpg 1080w\" sizes=\"(max-width: 576px) 100vw, 576px\" \/>\t\t\t\t\t\t\t\t\t\t\t<figcaption class=\"widget-image-caption wp-caption-text\">T\u00edtulo: Caballito de mar beb\u00e9 de crochet. \nAutora: Marjaneh Vargas Barajas.\nT\u00e9cnica: Fotograf\u00eda de pieza de crochet original.\nA\u00f1o: 2025.<\/figcaption>\n\t\t\t\t\t\t\t\t\t\t<\/figure>\n\t\t\t\t\t\t\t\t\t<\/div>\n\t\t\t\t<\/div>\n\t\t\t\t<div class=\"elementor-element elementor-element-22712c5 elementor-widget elementor-widget-image\" data-id=\"22712c5\" data-element_type=\"widget\" data-e-type=\"widget\" data-widget_type=\"image.default\">\n\t\t\t\t<div class=\"elementor-widget-container\">\n\t\t\t\t\t\t\t\t\t\t\t\t<figure class=\"wp-caption\">\n\t\t\t\t\t\t\t\t\t\t<img loading=\"lazy\" decoding=\"async\" width=\"576\" height=\"1024\" src=\"https:\/\/xn--elrincndemargi-qob.com\/wp-content\/uploads\/2025\/10\/Pink-Crochet-Starfish_Wallpapaer_1080-x-1920-576x1024.jpg\" class=\"attachment-large size-large wp-image-3051\" alt=\"\" srcset=\"https:\/\/xn--elrincndemargi-qob.com\/wp-content\/uploads\/2025\/10\/Pink-Crochet-Starfish_Wallpapaer_1080-x-1920-576x1024.jpg 576w, https:\/\/xn--elrincndemargi-qob.com\/wp-content\/uploads\/2025\/10\/Pink-Crochet-Starfish_Wallpapaer_1080-x-1920-169x300.jpg 169w, https:\/\/xn--elrincndemargi-qob.com\/wp-content\/uploads\/2025\/10\/Pink-Crochet-Starfish_Wallpapaer_1080-x-1920-768x1365.jpg 768w, https:\/\/xn--elrincndemargi-qob.com\/wp-content\/uploads\/2025\/10\/Pink-Crochet-Starfish_Wallpapaer_1080-x-1920-864x1536.jpg 864w, https:\/\/xn--elrincndemargi-qob.com\/wp-content\/uploads\/2025\/10\/Pink-Crochet-Starfish_Wallpapaer_1080-x-1920.jpg 1080w\" sizes=\"(max-width: 576px) 100vw, 576px\" \/>\t\t\t\t\t\t\t\t\t\t\t<figcaption class=\"widget-image-caption wp-caption-text\">T\u00edtulo: Estrella de mar rosa de crochet.\nAutora: Marjaneh Vargas Barajas.\nT\u00e9cnica: Fotograf\u00eda de pieza de crochet original.\nA\u00f1o: 2025.<\/figcaption>\n\t\t\t\t\t\t\t\t\t\t<\/figure>\n\t\t\t\t\t\t\t\t\t<\/div>\n\t\t\t\t<\/div>\n\t\t\t\t<div class=\"elementor-element elementor-element-10c25f1 elementor-widget elementor-widget-image\" data-id=\"10c25f1\" data-element_type=\"widget\" data-e-type=\"widget\" data-widget_type=\"image.default\">\n\t\t\t\t<div class=\"elementor-widget-container\">\n\t\t\t\t\t\t\t\t\t\t\t\t<figure class=\"wp-caption\">\n\t\t\t\t\t\t\t\t\t\t<img loading=\"lazy\" decoding=\"async\" width=\"576\" height=\"1024\" src=\"https:\/\/xn--elrincndemargi-qob.com\/wp-content\/uploads\/2025\/10\/Crochet-Little-Cactus-with-Two-Flowers_Wallpapaer_1080-x-1920-576x1024.jpg\" class=\"attachment-large size-large wp-image-3049\" alt=\"\" srcset=\"https:\/\/xn--elrincndemargi-qob.com\/wp-content\/uploads\/2025\/10\/Crochet-Little-Cactus-with-Two-Flowers_Wallpapaer_1080-x-1920-576x1024.jpg 576w, https:\/\/xn--elrincndemargi-qob.com\/wp-content\/uploads\/2025\/10\/Crochet-Little-Cactus-with-Two-Flowers_Wallpapaer_1080-x-1920-169x300.jpg 169w, https:\/\/xn--elrincndemargi-qob.com\/wp-content\/uploads\/2025\/10\/Crochet-Little-Cactus-with-Two-Flowers_Wallpapaer_1080-x-1920-768x1365.jpg 768w, https:\/\/xn--elrincndemargi-qob.com\/wp-content\/uploads\/2025\/10\/Crochet-Little-Cactus-with-Two-Flowers_Wallpapaer_1080-x-1920-864x1536.jpg 864w, https:\/\/xn--elrincndemargi-qob.com\/wp-content\/uploads\/2025\/10\/Crochet-Little-Cactus-with-Two-Flowers_Wallpapaer_1080-x-1920.jpg 1080w\" sizes=\"(max-width: 576px) 100vw, 576px\" \/>\t\t\t\t\t\t\t\t\t\t\t<figcaption class=\"widget-image-caption wp-caption-text\">T\u00edtulo: Cactusito con dos flores.\nAutora: Marjaneh Vargas Barajas.\nT\u00e9cnica: Fotograf\u00eda de pieza de crochet original.\nA\u00f1o: 2025.<\/figcaption>\n\t\t\t\t\t\t\t\t\t\t<\/figure>\n\t\t\t\t\t\t\t\t\t<\/div>\n\t\t\t\t<\/div>\n\t\t\t\t<div class=\"elementor-element elementor-element-5c21a1d elementor-widget elementor-widget-image\" data-id=\"5c21a1d\" data-element_type=\"widget\" data-e-type=\"widget\" data-widget_type=\"image.default\">\n\t\t\t\t<div class=\"elementor-widget-container\">\n\t\t\t\t\t\t\t\t\t\t\t\t<figure class=\"wp-caption\">\n\t\t\t\t\t\t\t\t\t\t<img loading=\"lazy\" decoding=\"async\" width=\"576\" height=\"1024\" src=\"https:\/\/xn--elrincndemargi-qob.com\/wp-content\/uploads\/2025\/10\/Crochet-Halloween-Pumpkin_Wallpaper_1080-x-1920-576x1024.jpg\" class=\"attachment-large size-large wp-image-3048\" alt=\"\" srcset=\"https:\/\/xn--elrincndemargi-qob.com\/wp-content\/uploads\/2025\/10\/Crochet-Halloween-Pumpkin_Wallpaper_1080-x-1920-576x1024.jpg 576w, https:\/\/xn--elrincndemargi-qob.com\/wp-content\/uploads\/2025\/10\/Crochet-Halloween-Pumpkin_Wallpaper_1080-x-1920-169x300.jpg 169w, https:\/\/xn--elrincndemargi-qob.com\/wp-content\/uploads\/2025\/10\/Crochet-Halloween-Pumpkin_Wallpaper_1080-x-1920-768x1365.jpg 768w, https:\/\/xn--elrincndemargi-qob.com\/wp-content\/uploads\/2025\/10\/Crochet-Halloween-Pumpkin_Wallpaper_1080-x-1920-864x1536.jpg 864w, https:\/\/xn--elrincndemargi-qob.com\/wp-content\/uploads\/2025\/10\/Crochet-Halloween-Pumpkin_Wallpaper_1080-x-1920.jpg 1080w\" sizes=\"(max-width: 576px) 100vw, 576px\" \/>\t\t\t\t\t\t\t\t\t\t\t<figcaption class=\"widget-image-caption wp-caption-text\">T\u00edtulo: Calabaza de Halloween de crochet.\nAutora: Marjaneh Vargas Barajas.\nT\u00e9cnica: Fotograf\u00eda de pieza de crochet original.\nA\u00f1o: 2025.<\/figcaption>\n\t\t\t\t\t\t\t\t\t\t<\/figure>\n\t\t\t\t\t\t\t\t\t<\/div>\n\t\t\t\t<\/div>\n\t\t\t\t\t<\/div>\n\t\t<\/div>\n\t\t\t\t\t<\/div>\n\t\t<\/section>\n\t\t\t\t<section class=\"elementor-section elementor-top-section elementor-element elementor-element-385a1a5 elementor-section-boxed elementor-section-height-default elementor-section-height-default\" data-id=\"385a1a5\" data-element_type=\"section\" data-e-type=\"section\">\n\t\t\t\t\t\t<div class=\"elementor-container elementor-column-gap-default\">\n\t\t\t\t\t<div class=\"elementor-column elementor-col-50 elementor-top-column elementor-element elementor-element-1c3ab22\" data-id=\"1c3ab22\" data-element_type=\"column\" data-e-type=\"column\">\n\t\t\t<div class=\"elementor-widget-wrap elementor-element-populated\">\n\t\t\t\t\t\t<div class=\"elementor-element elementor-element-36000bc elementor-widget elementor-widget-image\" data-id=\"36000bc\" data-element_type=\"widget\" data-e-type=\"widget\" data-widget_type=\"image.default\">\n\t\t\t\t<div class=\"elementor-widget-container\">\n\t\t\t\t\t\t\t\t\t\t\t\t<figure class=\"wp-caption\">\n\t\t\t\t\t\t\t\t\t\t<img loading=\"lazy\" decoding=\"async\" width=\"580\" height=\"448\" src=\"https:\/\/xn--elrincndemargi-qob.com\/wp-content\/uploads\/2024\/05\/Presa-del-desabasto_Mesa-de-trabajo-1_compressed-1024x791.jpg\" class=\"attachment-large size-large wp-image-2543\" alt=\"\" srcset=\"https:\/\/xn--elrincndemargi-qob.com\/wp-content\/uploads\/2024\/05\/Presa-del-desabasto_Mesa-de-trabajo-1_compressed-1024x791.jpg 1024w, https:\/\/xn--elrincndemargi-qob.com\/wp-content\/uploads\/2024\/05\/Presa-del-desabasto_Mesa-de-trabajo-1_compressed-300x232.jpg 300w, https:\/\/xn--elrincndemargi-qob.com\/wp-content\/uploads\/2024\/05\/Presa-del-desabasto_Mesa-de-trabajo-1_compressed-768x593.jpg 768w, https:\/\/xn--elrincndemargi-qob.com\/wp-content\/uploads\/2024\/05\/Presa-del-desabasto_Mesa-de-trabajo-1_compressed-1536x1187.jpg 1536w, https:\/\/xn--elrincndemargi-qob.com\/wp-content\/uploads\/2024\/05\/Presa-del-desabasto_Mesa-de-trabajo-1_compressed-2048x1583.jpg 2048w, https:\/\/xn--elrincndemargi-qob.com\/wp-content\/uploads\/2024\/05\/Presa-del-desabasto_Mesa-de-trabajo-1_compressed-1200x927.jpg 1200w, https:\/\/xn--elrincndemargi-qob.com\/wp-content\/uploads\/2024\/05\/Presa-del-desabasto_Mesa-de-trabajo-1_compressed-1980x1530.jpg 1980w\" sizes=\"(max-width: 580px) 100vw, 580px\" \/>\t\t\t\t\t\t\t\t\t\t\t<figcaption class=\"widget-image-caption wp-caption-text\">T\u00edtulo: Presa del desabasto. \nAutora: Marjaneh Vargas Barajas.\nT\u00e9cnica: Fotograf\u00eda intervenida con ilustraci\u00f3n. \nMedidas: 3,300 x 2550 px. \nA\u00f1o: 2024. \n<\/figcaption>\n\t\t\t\t\t\t\t\t\t\t<\/figure>\n\t\t\t\t\t\t\t\t\t<\/div>\n\t\t\t\t<\/div>\n\t\t\t\t<div class=\"elementor-element elementor-element-ce7221a elementor-widget elementor-widget-image\" data-id=\"ce7221a\" data-element_type=\"widget\" data-e-type=\"widget\" data-widget_type=\"image.default\">\n\t\t\t\t<div class=\"elementor-widget-container\">\n\t\t\t\t\t\t\t\t\t\t\t\t<figure class=\"wp-caption\">\n\t\t\t\t\t\t\t\t\t\t<img loading=\"lazy\" decoding=\"async\" width=\"580\" height=\"448\" src=\"https:\/\/xn--elrincndemargi-qob.com\/wp-content\/uploads\/2024\/05\/Consulta-psiquiatrica-latinoamericana_Mesa-de-trabajo-1_Compressed-1024x791.jpg\" class=\"attachment-large size-large wp-image-2545\" alt=\"\" srcset=\"https:\/\/xn--elrincndemargi-qob.com\/wp-content\/uploads\/2024\/05\/Consulta-psiquiatrica-latinoamericana_Mesa-de-trabajo-1_Compressed-1024x791.jpg 1024w, https:\/\/xn--elrincndemargi-qob.com\/wp-content\/uploads\/2024\/05\/Consulta-psiquiatrica-latinoamericana_Mesa-de-trabajo-1_Compressed-300x232.jpg 300w, https:\/\/xn--elrincndemargi-qob.com\/wp-content\/uploads\/2024\/05\/Consulta-psiquiatrica-latinoamericana_Mesa-de-trabajo-1_Compressed-768x593.jpg 768w, https:\/\/xn--elrincndemargi-qob.com\/wp-content\/uploads\/2024\/05\/Consulta-psiquiatrica-latinoamericana_Mesa-de-trabajo-1_Compressed-1536x1187.jpg 1536w, https:\/\/xn--elrincndemargi-qob.com\/wp-content\/uploads\/2024\/05\/Consulta-psiquiatrica-latinoamericana_Mesa-de-trabajo-1_Compressed-2048x1583.jpg 2048w, https:\/\/xn--elrincndemargi-qob.com\/wp-content\/uploads\/2024\/05\/Consulta-psiquiatrica-latinoamericana_Mesa-de-trabajo-1_Compressed-1200x927.jpg 1200w, https:\/\/xn--elrincndemargi-qob.com\/wp-content\/uploads\/2024\/05\/Consulta-psiquiatrica-latinoamericana_Mesa-de-trabajo-1_Compressed-1980x1530.jpg 1980w\" sizes=\"(max-width: 580px) 100vw, 580px\" \/>\t\t\t\t\t\t\t\t\t\t\t<figcaption class=\"widget-image-caption wp-caption-text\">T\u00edtulo: Consulta psiqui\u00e1trica latinoamericana. \nAutora: Marjaneh Vargas Barajas.\nT\u00e9cnica: Fotograf\u00eda intervenida con ilustraci\u00f3n.\nMedidas: 3,300 x 2550 px.\nA\u00f1o: 2024.  \n<\/figcaption>\n\t\t\t\t\t\t\t\t\t\t<\/figure>\n\t\t\t\t\t\t\t\t\t<\/div>\n\t\t\t\t<\/div>\n\t\t\t\t<div class=\"elementor-element elementor-element-24a29fb elementor-widget elementor-widget-image\" data-id=\"24a29fb\" data-element_type=\"widget\" data-e-type=\"widget\" data-widget_type=\"image.default\">\n\t\t\t\t<div class=\"elementor-widget-container\">\n\t\t\t\t\t\t\t\t\t\t\t\t<figure class=\"wp-caption\">\n\t\t\t\t\t\t\t\t\t\t<img loading=\"lazy\" decoding=\"async\" width=\"580\" height=\"326\" src=\"https:\/\/xn--elrincndemargi-qob.com\/wp-content\/uploads\/2023\/11\/La-dimension-de-la-musica-1024x576.jpg\" class=\"attachment-large size-large wp-image-1834\" alt=\"\" srcset=\"https:\/\/xn--elrincndemargi-qob.com\/wp-content\/uploads\/2023\/11\/La-dimension-de-la-musica-1024x576.jpg 1024w, https:\/\/xn--elrincndemargi-qob.com\/wp-content\/uploads\/2023\/11\/La-dimension-de-la-musica-300x169.jpg 300w, https:\/\/xn--elrincndemargi-qob.com\/wp-content\/uploads\/2023\/11\/La-dimension-de-la-musica-768x432.jpg 768w, https:\/\/xn--elrincndemargi-qob.com\/wp-content\/uploads\/2023\/11\/La-dimension-de-la-musica-1536x864.jpg 1536w, https:\/\/xn--elrincndemargi-qob.com\/wp-content\/uploads\/2023\/11\/La-dimension-de-la-musica-2048x1152.jpg 2048w, https:\/\/xn--elrincndemargi-qob.com\/wp-content\/uploads\/2023\/11\/La-dimension-de-la-musica-1200x675.jpg 1200w, https:\/\/xn--elrincndemargi-qob.com\/wp-content\/uploads\/2023\/11\/La-dimension-de-la-musica-1980x1114.jpg 1980w\" sizes=\"(max-width: 580px) 100vw, 580px\" \/>\t\t\t\t\t\t\t\t\t\t\t<figcaption class=\"widget-image-caption wp-caption-text\">T\u00edtulo: La dimensi\u00f3n de la m\u00fasica.\nAutora: Marjaneh Vargas Barajas. \nT\u00e9cnica: Fotograf\u00eda.\nA\u00f1o: 2023.\n<\/figcaption>\n\t\t\t\t\t\t\t\t\t\t<\/figure>\n\t\t\t\t\t\t\t\t\t<\/div>\n\t\t\t\t<\/div>\n\t\t\t\t<div class=\"elementor-element elementor-element-ddcfbee elementor-widget elementor-widget-image\" data-id=\"ddcfbee\" data-element_type=\"widget\" data-e-type=\"widget\" data-widget_type=\"image.default\">\n\t\t\t\t<div class=\"elementor-widget-container\">\n\t\t\t\t\t\t\t\t\t\t\t\t<figure class=\"wp-caption\">\n\t\t\t\t\t\t\t\t\t\t<img loading=\"lazy\" decoding=\"async\" width=\"580\" height=\"326\" src=\"https:\/\/xn--elrincndemargi-qob.com\/wp-content\/uploads\/2023\/11\/Un-recuerdito-en-el-espacio-1024x576.jpg\" class=\"attachment-large size-large wp-image-1832\" alt=\"\" srcset=\"https:\/\/xn--elrincndemargi-qob.com\/wp-content\/uploads\/2023\/11\/Un-recuerdito-en-el-espacio-1024x576.jpg 1024w, https:\/\/xn--elrincndemargi-qob.com\/wp-content\/uploads\/2023\/11\/Un-recuerdito-en-el-espacio-300x169.jpg 300w, https:\/\/xn--elrincndemargi-qob.com\/wp-content\/uploads\/2023\/11\/Un-recuerdito-en-el-espacio-768x432.jpg 768w, https:\/\/xn--elrincndemargi-qob.com\/wp-content\/uploads\/2023\/11\/Un-recuerdito-en-el-espacio-1536x864.jpg 1536w, https:\/\/xn--elrincndemargi-qob.com\/wp-content\/uploads\/2023\/11\/Un-recuerdito-en-el-espacio-2048x1152.jpg 2048w, https:\/\/xn--elrincndemargi-qob.com\/wp-content\/uploads\/2023\/11\/Un-recuerdito-en-el-espacio-1200x675.jpg 1200w, https:\/\/xn--elrincndemargi-qob.com\/wp-content\/uploads\/2023\/11\/Un-recuerdito-en-el-espacio-1980x1114.jpg 1980w\" sizes=\"(max-width: 580px) 100vw, 580px\" \/>\t\t\t\t\t\t\t\t\t\t\t<figcaption class=\"widget-image-caption wp-caption-text\">T\u00edtulo: Un recuerdito en el espacio.\nAutora: Marjaneh Vargas Barajas. \nT\u00e9cnica: Fotograf\u00eda.\nA\u00f1o: 2023.<\/figcaption>\n\t\t\t\t\t\t\t\t\t\t<\/figure>\n\t\t\t\t\t\t\t\t\t<\/div>\n\t\t\t\t<\/div>\n\t\t\t\t<div class=\"elementor-element elementor-element-932b6bd elementor-widget elementor-widget-image\" data-id=\"932b6bd\" data-element_type=\"widget\" data-e-type=\"widget\" data-widget_type=\"image.default\">\n\t\t\t\t<div class=\"elementor-widget-container\">\n\t\t\t\t\t\t\t\t\t\t\t\t<figure class=\"wp-caption\">\n\t\t\t\t\t\t\t\t\t\t<img loading=\"lazy\" decoding=\"async\" width=\"580\" height=\"435\" src=\"https:\/\/xn--elrincndemargi-qob.com\/wp-content\/uploads\/2023\/11\/Por-favor-dame-mi-medicina-1024x768.png\" class=\"attachment-large size-large wp-image-1844\" alt=\"\" srcset=\"https:\/\/xn--elrincndemargi-qob.com\/wp-content\/uploads\/2023\/11\/Por-favor-dame-mi-medicina-1024x768.png 1024w, https:\/\/xn--elrincndemargi-qob.com\/wp-content\/uploads\/2023\/11\/Por-favor-dame-mi-medicina-300x225.png 300w, https:\/\/xn--elrincndemargi-qob.com\/wp-content\/uploads\/2023\/11\/Por-favor-dame-mi-medicina-768x576.png 768w, https:\/\/xn--elrincndemargi-qob.com\/wp-content\/uploads\/2023\/11\/Por-favor-dame-mi-medicina-1536x1152.png 1536w, https:\/\/xn--elrincndemargi-qob.com\/wp-content\/uploads\/2023\/11\/Por-favor-dame-mi-medicina-2048x1536.png 2048w, https:\/\/xn--elrincndemargi-qob.com\/wp-content\/uploads\/2023\/11\/Por-favor-dame-mi-medicina-1200x900.png 1200w, https:\/\/xn--elrincndemargi-qob.com\/wp-content\/uploads\/2023\/11\/Por-favor-dame-mi-medicina-1980x1485.png 1980w\" sizes=\"(max-width: 580px) 100vw, 580px\" \/>\t\t\t\t\t\t\t\t\t\t\t<figcaption class=\"widget-image-caption wp-caption-text\">T\u00edtulo: Por favor dame mi medicina.\nAutora: Marjaneh Vargas Barajas.\nT\u00e9cnica: Fotograf\u00eda. \nA\u00f1o: 2022.\n<\/figcaption>\n\t\t\t\t\t\t\t\t\t\t<\/figure>\n\t\t\t\t\t\t\t\t\t<\/div>\n\t\t\t\t<\/div>\n\t\t\t\t<div class=\"elementor-element elementor-element-b875667 elementor-widget elementor-widget-image\" data-id=\"b875667\" data-element_type=\"widget\" data-e-type=\"widget\" data-widget_type=\"image.default\">\n\t\t\t\t<div class=\"elementor-widget-container\">\n\t\t\t\t\t\t\t\t\t\t\t\t<figure class=\"wp-caption\">\n\t\t\t\t\t\t\t\t\t\t<img loading=\"lazy\" decoding=\"async\" width=\"580\" height=\"435\" src=\"https:\/\/xn--elrincndemargi-qob.com\/wp-content\/uploads\/2023\/11\/Mas-enfermedad-mas-infelicidad-1024x768.jpg\" class=\"attachment-large size-large wp-image-1842\" alt=\"\" srcset=\"https:\/\/xn--elrincndemargi-qob.com\/wp-content\/uploads\/2023\/11\/Mas-enfermedad-mas-infelicidad-1024x768.jpg 1024w, https:\/\/xn--elrincndemargi-qob.com\/wp-content\/uploads\/2023\/11\/Mas-enfermedad-mas-infelicidad-300x225.jpg 300w, https:\/\/xn--elrincndemargi-qob.com\/wp-content\/uploads\/2023\/11\/Mas-enfermedad-mas-infelicidad-768x576.jpg 768w, https:\/\/xn--elrincndemargi-qob.com\/wp-content\/uploads\/2023\/11\/Mas-enfermedad-mas-infelicidad-1536x1152.jpg 1536w, https:\/\/xn--elrincndemargi-qob.com\/wp-content\/uploads\/2023\/11\/Mas-enfermedad-mas-infelicidad-2048x1536.jpg 2048w, https:\/\/xn--elrincndemargi-qob.com\/wp-content\/uploads\/2023\/11\/Mas-enfermedad-mas-infelicidad-1200x900.jpg 1200w, https:\/\/xn--elrincndemargi-qob.com\/wp-content\/uploads\/2023\/11\/Mas-enfermedad-mas-infelicidad-1980x1485.jpg 1980w\" sizes=\"(max-width: 580px) 100vw, 580px\" \/>\t\t\t\t\t\t\t\t\t\t\t<figcaption class=\"widget-image-caption wp-caption-text\">T\u00edtulo: M\u00e1s enfermedad, m\u00e1s infelicidad.\nAutora: Marjaneh Vargas Barajas.\nT\u00e9cnica: Fotograf\u00eda. \nA\u00f1o: 2022.\n\n<\/figcaption>\n\t\t\t\t\t\t\t\t\t\t<\/figure>\n\t\t\t\t\t\t\t\t\t<\/div>\n\t\t\t\t<\/div>\n\t\t\t\t<div class=\"elementor-element elementor-element-af3f82a elementor-widget elementor-widget-image\" data-id=\"af3f82a\" data-element_type=\"widget\" data-e-type=\"widget\" data-widget_type=\"image.default\">\n\t\t\t\t<div class=\"elementor-widget-container\">\n\t\t\t\t\t\t\t\t\t\t\t\t<figure class=\"wp-caption\">\n\t\t\t\t\t\t\t\t\t\t<img loading=\"lazy\" decoding=\"async\" width=\"580\" height=\"435\" src=\"https:\/\/xn--elrincndemargi-qob.com\/wp-content\/uploads\/2023\/11\/Obstaculos-de-lastima-1024x768.jpg\" class=\"attachment-large size-large wp-image-1840\" alt=\"\" srcset=\"https:\/\/xn--elrincndemargi-qob.com\/wp-content\/uploads\/2023\/11\/Obstaculos-de-lastima-1024x768.jpg 1024w, https:\/\/xn--elrincndemargi-qob.com\/wp-content\/uploads\/2023\/11\/Obstaculos-de-lastima-300x225.jpg 300w, https:\/\/xn--elrincndemargi-qob.com\/wp-content\/uploads\/2023\/11\/Obstaculos-de-lastima-768x576.jpg 768w, https:\/\/xn--elrincndemargi-qob.com\/wp-content\/uploads\/2023\/11\/Obstaculos-de-lastima-1536x1152.jpg 1536w, https:\/\/xn--elrincndemargi-qob.com\/wp-content\/uploads\/2023\/11\/Obstaculos-de-lastima-2048x1536.jpg 2048w, https:\/\/xn--elrincndemargi-qob.com\/wp-content\/uploads\/2023\/11\/Obstaculos-de-lastima-1200x900.jpg 1200w, https:\/\/xn--elrincndemargi-qob.com\/wp-content\/uploads\/2023\/11\/Obstaculos-de-lastima-1980x1485.jpg 1980w\" sizes=\"(max-width: 580px) 100vw, 580px\" \/>\t\t\t\t\t\t\t\t\t\t\t<figcaption class=\"widget-image-caption wp-caption-text\">T\u00edtulo: Obst\u00e1culos de l\u00e1stima.\nAutora: Marjaneh Vargas Barajas.\nT\u00e9cnica: Fotograf\u00eda. \nA\u00f1o: 2022.\n\n<\/figcaption>\n\t\t\t\t\t\t\t\t\t\t<\/figure>\n\t\t\t\t\t\t\t\t\t<\/div>\n\t\t\t\t<\/div>\n\t\t\t\t<div class=\"elementor-element elementor-element-b220836 elementor-widget elementor-widget-image\" data-id=\"b220836\" data-element_type=\"widget\" data-e-type=\"widget\" data-widget_type=\"image.default\">\n\t\t\t\t<div class=\"elementor-widget-container\">\n\t\t\t\t\t\t\t\t\t\t\t\t<figure class=\"wp-caption\">\n\t\t\t\t\t\t\t\t\t\t<img loading=\"lazy\" decoding=\"async\" width=\"580\" height=\"435\" src=\"https:\/\/xn--elrincndemargi-qob.com\/wp-content\/uploads\/2023\/11\/Mi-miedo-es-un-chiste-1024x768.jpg\" class=\"attachment-large size-large wp-image-1821\" alt=\"\" srcset=\"https:\/\/xn--elrincndemargi-qob.com\/wp-content\/uploads\/2023\/11\/Mi-miedo-es-un-chiste-1024x768.jpg 1024w, https:\/\/xn--elrincndemargi-qob.com\/wp-content\/uploads\/2023\/11\/Mi-miedo-es-un-chiste-300x225.jpg 300w, https:\/\/xn--elrincndemargi-qob.com\/wp-content\/uploads\/2023\/11\/Mi-miedo-es-un-chiste-768x576.jpg 768w, https:\/\/xn--elrincndemargi-qob.com\/wp-content\/uploads\/2023\/11\/Mi-miedo-es-un-chiste-1536x1152.jpg 1536w, https:\/\/xn--elrincndemargi-qob.com\/wp-content\/uploads\/2023\/11\/Mi-miedo-es-un-chiste-2048x1536.jpg 2048w, https:\/\/xn--elrincndemargi-qob.com\/wp-content\/uploads\/2023\/11\/Mi-miedo-es-un-chiste-1200x900.jpg 1200w, https:\/\/xn--elrincndemargi-qob.com\/wp-content\/uploads\/2023\/11\/Mi-miedo-es-un-chiste-1980x1485.jpg 1980w\" sizes=\"(max-width: 580px) 100vw, 580px\" \/>\t\t\t\t\t\t\t\t\t\t\t<figcaption class=\"widget-image-caption wp-caption-text\">T\u00edtulo: Mi miedo es un chiste.\nAutora: Marjaneh Vargas Barajas.\nT\u00e9cnica: Fotograf\u00eda. \nA\u00f1o: 2022.<\/figcaption>\n\t\t\t\t\t\t\t\t\t\t<\/figure>\n\t\t\t\t\t\t\t\t\t<\/div>\n\t\t\t\t<\/div>\n\t\t\t\t<div class=\"elementor-element elementor-element-a3d2ff3 elementor-widget elementor-widget-image\" data-id=\"a3d2ff3\" data-element_type=\"widget\" data-e-type=\"widget\" data-widget_type=\"image.default\">\n\t\t\t\t<div class=\"elementor-widget-container\">\n\t\t\t\t\t\t\t\t\t\t\t\t<figure class=\"wp-caption\">\n\t\t\t\t\t\t\t\t\t\t<img loading=\"lazy\" decoding=\"async\" width=\"580\" height=\"435\" src=\"https:\/\/xn--elrincndemargi-qob.com\/wp-content\/uploads\/2023\/11\/Tengo-un-alma-gemela-y-se-llama-caos-1024x768.jpg\" class=\"attachment-large size-large wp-image-1820\" alt=\"\" srcset=\"https:\/\/xn--elrincndemargi-qob.com\/wp-content\/uploads\/2023\/11\/Tengo-un-alma-gemela-y-se-llama-caos-1024x768.jpg 1024w, https:\/\/xn--elrincndemargi-qob.com\/wp-content\/uploads\/2023\/11\/Tengo-un-alma-gemela-y-se-llama-caos-300x225.jpg 300w, https:\/\/xn--elrincndemargi-qob.com\/wp-content\/uploads\/2023\/11\/Tengo-un-alma-gemela-y-se-llama-caos-768x576.jpg 768w, https:\/\/xn--elrincndemargi-qob.com\/wp-content\/uploads\/2023\/11\/Tengo-un-alma-gemela-y-se-llama-caos-1536x1152.jpg 1536w, https:\/\/xn--elrincndemargi-qob.com\/wp-content\/uploads\/2023\/11\/Tengo-un-alma-gemela-y-se-llama-caos-2048x1536.jpg 2048w, https:\/\/xn--elrincndemargi-qob.com\/wp-content\/uploads\/2023\/11\/Tengo-un-alma-gemela-y-se-llama-caos-1200x900.jpg 1200w, https:\/\/xn--elrincndemargi-qob.com\/wp-content\/uploads\/2023\/11\/Tengo-un-alma-gemela-y-se-llama-caos-1980x1485.jpg 1980w\" sizes=\"(max-width: 580px) 100vw, 580px\" \/>\t\t\t\t\t\t\t\t\t\t\t<figcaption class=\"widget-image-caption wp-caption-text\">T\u00edtulo: Tengo un alma gemela y se llama caos.\nAutora: Marjaneh Vargas Barajas.\nT\u00e9cnica: Fotograf\u00eda. \nA\u00f1o: 2022.<\/figcaption>\n\t\t\t\t\t\t\t\t\t\t<\/figure>\n\t\t\t\t\t\t\t\t\t<\/div>\n\t\t\t\t<\/div>\n\t\t\t\t<div class=\"elementor-element elementor-element-e5755ce elementor-widget elementor-widget-image\" data-id=\"e5755ce\" data-element_type=\"widget\" data-e-type=\"widget\" data-widget_type=\"image.default\">\n\t\t\t\t<div class=\"elementor-widget-container\">\n\t\t\t\t\t\t\t\t\t\t\t\t<figure class=\"wp-caption\">\n\t\t\t\t\t\t\t\t\t\t<img loading=\"lazy\" decoding=\"async\" width=\"580\" height=\"435\" src=\"https:\/\/xn--elrincndemargi-qob.com\/wp-content\/uploads\/2023\/11\/Miedo-eres-mi-mejor-amigo-1024x768.jpg\" class=\"attachment-large size-large wp-image-1818\" alt=\"\" srcset=\"https:\/\/xn--elrincndemargi-qob.com\/wp-content\/uploads\/2023\/11\/Miedo-eres-mi-mejor-amigo-1024x768.jpg 1024w, https:\/\/xn--elrincndemargi-qob.com\/wp-content\/uploads\/2023\/11\/Miedo-eres-mi-mejor-amigo-300x225.jpg 300w, https:\/\/xn--elrincndemargi-qob.com\/wp-content\/uploads\/2023\/11\/Miedo-eres-mi-mejor-amigo-768x576.jpg 768w, https:\/\/xn--elrincndemargi-qob.com\/wp-content\/uploads\/2023\/11\/Miedo-eres-mi-mejor-amigo-1536x1152.jpg 1536w, https:\/\/xn--elrincndemargi-qob.com\/wp-content\/uploads\/2023\/11\/Miedo-eres-mi-mejor-amigo-2048x1536.jpg 2048w, https:\/\/xn--elrincndemargi-qob.com\/wp-content\/uploads\/2023\/11\/Miedo-eres-mi-mejor-amigo-1200x900.jpg 1200w, https:\/\/xn--elrincndemargi-qob.com\/wp-content\/uploads\/2023\/11\/Miedo-eres-mi-mejor-amigo-1980x1485.jpg 1980w\" sizes=\"(max-width: 580px) 100vw, 580px\" \/>\t\t\t\t\t\t\t\t\t\t\t<figcaption class=\"widget-image-caption wp-caption-text\">T\u00edtulo: Miedo eres mi mejor amigo.\nAutora: Marjaneh Vargas Barajas.\nT\u00e9cnica: Fotograf\u00eda. \nA\u00f1o: 2022.<\/figcaption>\n\t\t\t\t\t\t\t\t\t\t<\/figure>\n\t\t\t\t\t\t\t\t\t<\/div>\n\t\t\t\t<\/div>\n\t\t\t\t<div class=\"elementor-element elementor-element-92552e3 elementor-widget elementor-widget-image\" data-id=\"92552e3\" data-element_type=\"widget\" data-e-type=\"widget\" data-widget_type=\"image.default\">\n\t\t\t\t<div class=\"elementor-widget-container\">\n\t\t\t\t\t\t\t\t\t\t\t\t<figure class=\"wp-caption\">\n\t\t\t\t\t\t\t\t\t\t<img loading=\"lazy\" decoding=\"async\" width=\"580\" height=\"434\" src=\"https:\/\/xn--elrincndemargi-qob.com\/wp-content\/uploads\/2023\/11\/Mi-locura-1024x766.jpg\" class=\"attachment-large size-large wp-image-1816\" alt=\"\" srcset=\"https:\/\/xn--elrincndemargi-qob.com\/wp-content\/uploads\/2023\/11\/Mi-locura-1024x766.jpg 1024w, https:\/\/xn--elrincndemargi-qob.com\/wp-content\/uploads\/2023\/11\/Mi-locura-300x225.jpg 300w, https:\/\/xn--elrincndemargi-qob.com\/wp-content\/uploads\/2023\/11\/Mi-locura-768x575.jpg 768w, https:\/\/xn--elrincndemargi-qob.com\/wp-content\/uploads\/2023\/11\/Mi-locura-1536x1150.jpg 1536w, https:\/\/xn--elrincndemargi-qob.com\/wp-content\/uploads\/2023\/11\/Mi-locura-2048x1533.jpg 2048w, https:\/\/xn--elrincndemargi-qob.com\/wp-content\/uploads\/2023\/11\/Mi-locura-1200x898.jpg 1200w, https:\/\/xn--elrincndemargi-qob.com\/wp-content\/uploads\/2023\/11\/Mi-locura-1980x1482.jpg 1980w\" sizes=\"(max-width: 580px) 100vw, 580px\" \/>\t\t\t\t\t\t\t\t\t\t\t<figcaption class=\"widget-image-caption wp-caption-text\">T\u00edtulo: Mi locura.\nAutora: Marjaneh Vargas Barajas.\nT\u00e9cnica: Fotograf\u00eda. \nA\u00f1o: 2022.<\/figcaption>\n\t\t\t\t\t\t\t\t\t\t<\/figure>\n\t\t\t\t\t\t\t\t\t<\/div>\n\t\t\t\t<\/div>\n\t\t\t\t<div class=\"elementor-element elementor-element-f261b94 elementor-widget elementor-widget-image\" data-id=\"f261b94\" data-element_type=\"widget\" data-e-type=\"widget\" data-widget_type=\"image.default\">\n\t\t\t\t<div class=\"elementor-widget-container\">\n\t\t\t\t\t\t\t\t\t\t\t\t<figure class=\"wp-caption\">\n\t\t\t\t\t\t\t\t\t\t<img loading=\"lazy\" decoding=\"async\" width=\"580\" height=\"435\" src=\"https:\/\/xn--elrincndemargi-qob.com\/wp-content\/uploads\/2023\/11\/Regalo-o-broma-1024x768.jpg\" class=\"attachment-large size-large wp-image-1814\" alt=\"\" srcset=\"https:\/\/xn--elrincndemargi-qob.com\/wp-content\/uploads\/2023\/11\/Regalo-o-broma-1024x768.jpg 1024w, https:\/\/xn--elrincndemargi-qob.com\/wp-content\/uploads\/2023\/11\/Regalo-o-broma-300x225.jpg 300w, https:\/\/xn--elrincndemargi-qob.com\/wp-content\/uploads\/2023\/11\/Regalo-o-broma-768x576.jpg 768w, https:\/\/xn--elrincndemargi-qob.com\/wp-content\/uploads\/2023\/11\/Regalo-o-broma-1536x1152.jpg 1536w, https:\/\/xn--elrincndemargi-qob.com\/wp-content\/uploads\/2023\/11\/Regalo-o-broma-2048x1536.jpg 2048w, https:\/\/xn--elrincndemargi-qob.com\/wp-content\/uploads\/2023\/11\/Regalo-o-broma-1200x900.jpg 1200w, https:\/\/xn--elrincndemargi-qob.com\/wp-content\/uploads\/2023\/11\/Regalo-o-broma-1980x1485.jpg 1980w\" sizes=\"(max-width: 580px) 100vw, 580px\" \/>\t\t\t\t\t\t\t\t\t\t\t<figcaption class=\"widget-image-caption wp-caption-text\">T\u00edtulo: Regalo o broma.\nAutora: Marjaneh Vargas Barajas.\nT\u00e9cnica: Fotograf\u00eda. \nA\u00f1o: 2022.<\/figcaption>\n\t\t\t\t\t\t\t\t\t\t<\/figure>\n\t\t\t\t\t\t\t\t\t<\/div>\n\t\t\t\t<\/div>\n\t\t\t\t\t<\/div>\n\t\t<\/div>\n\t\t\t\t<div class=\"elementor-column elementor-col-50 elementor-top-column elementor-element elementor-element-ee33349\" data-id=\"ee33349\" data-element_type=\"column\" data-e-type=\"column\">\n\t\t\t<div class=\"elementor-widget-wrap elementor-element-populated\">\n\t\t\t\t\t\t<div class=\"elementor-element elementor-element-5dbe3fe elementor-widget elementor-widget-image\" data-id=\"5dbe3fe\" data-element_type=\"widget\" data-e-type=\"widget\" data-widget_type=\"image.default\">\n\t\t\t\t<div class=\"elementor-widget-container\">\n\t\t\t\t\t\t\t\t\t\t\t\t<figure class=\"wp-caption\">\n\t\t\t\t\t\t\t\t\t\t<img loading=\"lazy\" decoding=\"async\" width=\"580\" height=\"435\" src=\"https:\/\/xn--elrincndemargi-qob.com\/wp-content\/uploads\/2026\/01\/Huellas1-1024x768.jpg\" class=\"attachment-large size-large wp-image-3109\" alt=\"\" srcset=\"https:\/\/xn--elrincndemargi-qob.com\/wp-content\/uploads\/2026\/01\/Huellas1-1024x768.jpg 1024w, https:\/\/xn--elrincndemargi-qob.com\/wp-content\/uploads\/2026\/01\/Huellas1-300x225.jpg 300w, https:\/\/xn--elrincndemargi-qob.com\/wp-content\/uploads\/2026\/01\/Huellas1-768x576.jpg 768w, https:\/\/xn--elrincndemargi-qob.com\/wp-content\/uploads\/2026\/01\/Huellas1-1536x1152.jpg 1536w, https:\/\/xn--elrincndemargi-qob.com\/wp-content\/uploads\/2026\/01\/Huellas1-2048x1536.jpg 2048w, https:\/\/xn--elrincndemargi-qob.com\/wp-content\/uploads\/2026\/01\/Huellas1-1200x900.jpg 1200w, https:\/\/xn--elrincndemargi-qob.com\/wp-content\/uploads\/2026\/01\/Huellas1-1980x1485.jpg 1980w\" sizes=\"(max-width: 580px) 100vw, 580px\" \/>\t\t\t\t\t\t\t\t\t\t\t<figcaption class=\"widget-image-caption wp-caption-text\">T\u00edtulo: Recuerdo cada pelito tuyo.\nAutora: Marjaneh Vargas Barajas. \nT\u00e9cnica: Fotograf\u00eda. \nDimensiones: 4032 x 3024 px. \nA\u00f1o: 2026. \n<\/figcaption>\n\t\t\t\t\t\t\t\t\t\t<\/figure>\n\t\t\t\t\t\t\t\t\t<\/div>\n\t\t\t\t<\/div>\n\t\t\t\t<div class=\"elementor-element elementor-element-2de1b95 elementor-align-center elementor-widget elementor-widget-button\" data-id=\"2de1b95\" data-element_type=\"widget\" data-e-type=\"widget\" data-widget_type=\"button.default\">\n\t\t\t\t<div class=\"elementor-widget-container\">\n\t\t\t\t\t\t\t\t\t<div class=\"elementor-button-wrapper\">\n\t\t\t\t\t<a class=\"elementor-button elementor-button-link elementor-size-sm\" href=\"https:\/\/xn--elrincndemargi-qob.com\/index.php\/proyecto-recuerdo-cada-pelito-tuyo\/\">\n\t\t\t\t\t\t<span class=\"elementor-button-content-wrapper\">\n\t\t\t\t\t\t\t\t\t<span class=\"elementor-button-text\">Ver m\u00e1s aqu\u00ed<\/span>\n\t\t\t\t\t<\/span>\n\t\t\t\t\t<\/a>\n\t\t\t\t<\/div>\n\t\t\t\t\t\t\t\t<\/div>\n\t\t\t\t<\/div>\n\t\t\t\t<div class=\"elementor-element elementor-element-7f1c6fb elementor-widget elementor-widget-image\" data-id=\"7f1c6fb\" data-element_type=\"widget\" data-e-type=\"widget\" data-widget_type=\"image.default\">\n\t\t\t\t<div class=\"elementor-widget-container\">\n\t\t\t\t\t\t\t\t\t\t\t\t<figure class=\"wp-caption\">\n\t\t\t\t\t\t\t\t\t\t<img loading=\"lazy\" decoding=\"async\" width=\"580\" height=\"326\" src=\"https:\/\/xn--elrincndemargi-qob.com\/wp-content\/uploads\/2024\/05\/Depresivo-anonimo-latinoamericano_compressed_3-1024x576.jpg\" class=\"attachment-large size-large wp-image-2547\" alt=\"\" srcset=\"https:\/\/xn--elrincndemargi-qob.com\/wp-content\/uploads\/2024\/05\/Depresivo-anonimo-latinoamericano_compressed_3-1024x576.jpg 1024w, https:\/\/xn--elrincndemargi-qob.com\/wp-content\/uploads\/2024\/05\/Depresivo-anonimo-latinoamericano_compressed_3-300x169.jpg 300w, https:\/\/xn--elrincndemargi-qob.com\/wp-content\/uploads\/2024\/05\/Depresivo-anonimo-latinoamericano_compressed_3-768x432.jpg 768w, https:\/\/xn--elrincndemargi-qob.com\/wp-content\/uploads\/2024\/05\/Depresivo-anonimo-latinoamericano_compressed_3-1536x864.jpg 1536w, https:\/\/xn--elrincndemargi-qob.com\/wp-content\/uploads\/2024\/05\/Depresivo-anonimo-latinoamericano_compressed_3-2048x1152.jpg 2048w, https:\/\/xn--elrincndemargi-qob.com\/wp-content\/uploads\/2024\/05\/Depresivo-anonimo-latinoamericano_compressed_3-1200x675.jpg 1200w, https:\/\/xn--elrincndemargi-qob.com\/wp-content\/uploads\/2024\/05\/Depresivo-anonimo-latinoamericano_compressed_3-1980x1114.jpg 1980w\" sizes=\"(max-width: 580px) 100vw, 580px\" \/>\t\t\t\t\t\t\t\t\t\t\t<figcaption class=\"widget-image-caption wp-caption-text\">T\u00edtulo: Depresivo an\u00f3nimo latinoamericano. \nAutora: Marjaneh Vargas Barajas.\nT\u00e9cnica: Fotograf\u00eda intervenida con ilustraci\u00f3n.\nMedidas: 16667 x 9375 px.\nA\u00f1o: 2024. \n<\/figcaption>\n\t\t\t\t\t\t\t\t\t\t<\/figure>\n\t\t\t\t\t\t\t\t\t<\/div>\n\t\t\t\t<\/div>\n\t\t\t\t<div class=\"elementor-element elementor-element-9bff595 elementor-widget elementor-widget-image\" data-id=\"9bff595\" data-element_type=\"widget\" data-e-type=\"widget\" data-widget_type=\"image.default\">\n\t\t\t\t<div class=\"elementor-widget-container\">\n\t\t\t\t\t\t\t\t\t\t\t\t<figure class=\"wp-caption\">\n\t\t\t\t\t\t\t\t\t\t<img loading=\"lazy\" decoding=\"async\" width=\"580\" height=\"326\" src=\"https:\/\/xn--elrincndemargi-qob.com\/wp-content\/uploads\/2023\/11\/Cortando-lazos-con-el-amor-1024x576.jpg\" class=\"attachment-large size-large wp-image-1835\" alt=\"\" srcset=\"https:\/\/xn--elrincndemargi-qob.com\/wp-content\/uploads\/2023\/11\/Cortando-lazos-con-el-amor-1024x576.jpg 1024w, https:\/\/xn--elrincndemargi-qob.com\/wp-content\/uploads\/2023\/11\/Cortando-lazos-con-el-amor-300x169.jpg 300w, https:\/\/xn--elrincndemargi-qob.com\/wp-content\/uploads\/2023\/11\/Cortando-lazos-con-el-amor-768x432.jpg 768w, https:\/\/xn--elrincndemargi-qob.com\/wp-content\/uploads\/2023\/11\/Cortando-lazos-con-el-amor-1536x864.jpg 1536w, https:\/\/xn--elrincndemargi-qob.com\/wp-content\/uploads\/2023\/11\/Cortando-lazos-con-el-amor-2048x1152.jpg 2048w, https:\/\/xn--elrincndemargi-qob.com\/wp-content\/uploads\/2023\/11\/Cortando-lazos-con-el-amor-1200x675.jpg 1200w, https:\/\/xn--elrincndemargi-qob.com\/wp-content\/uploads\/2023\/11\/Cortando-lazos-con-el-amor-1980x1114.jpg 1980w\" sizes=\"(max-width: 580px) 100vw, 580px\" \/>\t\t\t\t\t\t\t\t\t\t\t<figcaption class=\"widget-image-caption wp-caption-text\">T\u00edtulo: Cortando lazos con el amor.\nAutora: Marjaneh Vargas Barajas. \nT\u00e9cnica: Fotograf\u00eda.\nA\u00f1o: 2023.\n\n<\/figcaption>\n\t\t\t\t\t\t\t\t\t\t<\/figure>\n\t\t\t\t\t\t\t\t\t<\/div>\n\t\t\t\t<\/div>\n\t\t\t\t<div class=\"elementor-element elementor-element-031ea79 elementor-widget elementor-widget-image\" data-id=\"031ea79\" data-element_type=\"widget\" data-e-type=\"widget\" data-widget_type=\"image.default\">\n\t\t\t\t<div class=\"elementor-widget-container\">\n\t\t\t\t\t\t\t\t\t\t\t\t<figure class=\"wp-caption\">\n\t\t\t\t\t\t\t\t\t\t<img loading=\"lazy\" decoding=\"async\" width=\"580\" height=\"326\" src=\"https:\/\/xn--elrincndemargi-qob.com\/wp-content\/uploads\/2023\/11\/Vestigios-en-el-espacio-1024x576.jpg\" class=\"attachment-large size-large wp-image-1833\" alt=\"\" srcset=\"https:\/\/xn--elrincndemargi-qob.com\/wp-content\/uploads\/2023\/11\/Vestigios-en-el-espacio-1024x576.jpg 1024w, https:\/\/xn--elrincndemargi-qob.com\/wp-content\/uploads\/2023\/11\/Vestigios-en-el-espacio-300x169.jpg 300w, https:\/\/xn--elrincndemargi-qob.com\/wp-content\/uploads\/2023\/11\/Vestigios-en-el-espacio-768x432.jpg 768w, https:\/\/xn--elrincndemargi-qob.com\/wp-content\/uploads\/2023\/11\/Vestigios-en-el-espacio-1536x864.jpg 1536w, https:\/\/xn--elrincndemargi-qob.com\/wp-content\/uploads\/2023\/11\/Vestigios-en-el-espacio-2048x1152.jpg 2048w, https:\/\/xn--elrincndemargi-qob.com\/wp-content\/uploads\/2023\/11\/Vestigios-en-el-espacio-1200x675.jpg 1200w, https:\/\/xn--elrincndemargi-qob.com\/wp-content\/uploads\/2023\/11\/Vestigios-en-el-espacio-1980x1114.jpg 1980w\" sizes=\"(max-width: 580px) 100vw, 580px\" \/>\t\t\t\t\t\t\t\t\t\t\t<figcaption class=\"widget-image-caption wp-caption-text\">T\u00edtulo: Vestigios en el espacio.\nAutora: Marjaneh Vargas Barajas. \nT\u00e9cnica: Fotograf\u00eda.\nA\u00f1o: 2023.<\/figcaption>\n\t\t\t\t\t\t\t\t\t\t<\/figure>\n\t\t\t\t\t\t\t\t\t<\/div>\n\t\t\t\t<\/div>\n\t\t\t\t<div class=\"elementor-element elementor-element-2024c27 elementor-widget elementor-widget-image\" data-id=\"2024c27\" data-element_type=\"widget\" data-e-type=\"widget\" data-widget_type=\"image.default\">\n\t\t\t\t<div class=\"elementor-widget-container\">\n\t\t\t\t\t\t\t\t\t\t\t\t<figure class=\"wp-caption\">\n\t\t\t\t\t\t\t\t\t\t<img loading=\"lazy\" decoding=\"async\" width=\"576\" height=\"1024\" src=\"https:\/\/xn--elrincndemargi-qob.com\/wp-content\/uploads\/2025\/10\/Unicorns-bizzarre-dreams_Compressed-576x1024.jpg\" class=\"attachment-large size-large wp-image-3014\" alt=\"\" srcset=\"https:\/\/xn--elrincndemargi-qob.com\/wp-content\/uploads\/2025\/10\/Unicorns-bizzarre-dreams_Compressed-576x1024.jpg 576w, https:\/\/xn--elrincndemargi-qob.com\/wp-content\/uploads\/2025\/10\/Unicorns-bizzarre-dreams_Compressed-169x300.jpg 169w, https:\/\/xn--elrincndemargi-qob.com\/wp-content\/uploads\/2025\/10\/Unicorns-bizzarre-dreams_Compressed-768x1365.jpg 768w, https:\/\/xn--elrincndemargi-qob.com\/wp-content\/uploads\/2025\/10\/Unicorns-bizzarre-dreams_Compressed-864x1536.jpg 864w, https:\/\/xn--elrincndemargi-qob.com\/wp-content\/uploads\/2025\/10\/Unicorns-bizzarre-dreams_Compressed.jpg 1080w\" sizes=\"(max-width: 576px) 100vw, 576px\" \/>\t\t\t\t\t\t\t\t\t\t\t<figcaption class=\"widget-image-caption wp-caption-text\">T\u00edtulo: Sue\u00f1os bizarros.\nAutora: Marjaneh Vargas Barajas. \nT\u00e9cnica: Fotograf\u00eda.\nA\u00f1o: 2023.<\/figcaption>\n\t\t\t\t\t\t\t\t\t\t<\/figure>\n\t\t\t\t\t\t\t\t\t<\/div>\n\t\t\t\t<\/div>\n\t\t\t\t<div class=\"elementor-element elementor-element-3dce9f1 elementor-widget elementor-widget-image\" data-id=\"3dce9f1\" data-element_type=\"widget\" data-e-type=\"widget\" data-widget_type=\"image.default\">\n\t\t\t\t<div class=\"elementor-widget-container\">\n\t\t\t\t\t\t\t\t\t\t\t\t<figure class=\"wp-caption\">\n\t\t\t\t\t\t\t\t\t\t<img loading=\"lazy\" decoding=\"async\" width=\"580\" height=\"435\" src=\"https:\/\/xn--elrincndemargi-qob.com\/wp-content\/uploads\/2023\/11\/Mounstro-de-azucar-1024x768.png\" class=\"attachment-large size-large wp-image-1843\" alt=\"\" srcset=\"https:\/\/xn--elrincndemargi-qob.com\/wp-content\/uploads\/2023\/11\/Mounstro-de-azucar-1024x768.png 1024w, https:\/\/xn--elrincndemargi-qob.com\/wp-content\/uploads\/2023\/11\/Mounstro-de-azucar-300x225.png 300w, https:\/\/xn--elrincndemargi-qob.com\/wp-content\/uploads\/2023\/11\/Mounstro-de-azucar-768x576.png 768w, https:\/\/xn--elrincndemargi-qob.com\/wp-content\/uploads\/2023\/11\/Mounstro-de-azucar-1536x1152.png 1536w, https:\/\/xn--elrincndemargi-qob.com\/wp-content\/uploads\/2023\/11\/Mounstro-de-azucar-2048x1536.png 2048w, https:\/\/xn--elrincndemargi-qob.com\/wp-content\/uploads\/2023\/11\/Mounstro-de-azucar-1200x900.png 1200w, https:\/\/xn--elrincndemargi-qob.com\/wp-content\/uploads\/2023\/11\/Mounstro-de-azucar-1980x1485.png 1980w\" sizes=\"(max-width: 580px) 100vw, 580px\" \/>\t\t\t\t\t\t\t\t\t\t\t<figcaption class=\"widget-image-caption wp-caption-text\">T\u00edtulo: Mounstro de az\u00facar.\nAutora: Marjaneh Vargas Barajas.\nT\u00e9cnica: Fotograf\u00eda. \nA\u00f1o: 2022.<\/figcaption>\n\t\t\t\t\t\t\t\t\t\t<\/figure>\n\t\t\t\t\t\t\t\t\t<\/div>\n\t\t\t\t<\/div>\n\t\t\t\t<div class=\"elementor-element elementor-element-a4b8c0e elementor-widget elementor-widget-image\" data-id=\"a4b8c0e\" data-element_type=\"widget\" data-e-type=\"widget\" data-widget_type=\"image.default\">\n\t\t\t\t<div class=\"elementor-widget-container\">\n\t\t\t\t\t\t\t\t\t\t\t\t<figure class=\"wp-caption\">\n\t\t\t\t\t\t\t\t\t\t<img loading=\"lazy\" decoding=\"async\" width=\"580\" height=\"435\" src=\"https:\/\/xn--elrincndemargi-qob.com\/wp-content\/uploads\/2023\/11\/Mi-cuerpo-nunca-sera-el-mismo-1024x768.jpg\" class=\"attachment-large size-large wp-image-1841\" alt=\"\" srcset=\"https:\/\/xn--elrincndemargi-qob.com\/wp-content\/uploads\/2023\/11\/Mi-cuerpo-nunca-sera-el-mismo-1024x768.jpg 1024w, https:\/\/xn--elrincndemargi-qob.com\/wp-content\/uploads\/2023\/11\/Mi-cuerpo-nunca-sera-el-mismo-300x225.jpg 300w, https:\/\/xn--elrincndemargi-qob.com\/wp-content\/uploads\/2023\/11\/Mi-cuerpo-nunca-sera-el-mismo-768x576.jpg 768w, https:\/\/xn--elrincndemargi-qob.com\/wp-content\/uploads\/2023\/11\/Mi-cuerpo-nunca-sera-el-mismo-1536x1152.jpg 1536w, https:\/\/xn--elrincndemargi-qob.com\/wp-content\/uploads\/2023\/11\/Mi-cuerpo-nunca-sera-el-mismo-2048x1536.jpg 2048w, https:\/\/xn--elrincndemargi-qob.com\/wp-content\/uploads\/2023\/11\/Mi-cuerpo-nunca-sera-el-mismo-1200x900.jpg 1200w, https:\/\/xn--elrincndemargi-qob.com\/wp-content\/uploads\/2023\/11\/Mi-cuerpo-nunca-sera-el-mismo-1980x1485.jpg 1980w\" sizes=\"(max-width: 580px) 100vw, 580px\" \/>\t\t\t\t\t\t\t\t\t\t\t<figcaption class=\"widget-image-caption wp-caption-text\">T\u00edtulo: Mi cuerpo nunca ser\u00e1 el mismo.\nAutora: Marjaneh Vargas Barajas.\nT\u00e9cnica: Fotograf\u00eda. \nA\u00f1o: 2022.\n<\/figcaption>\n\t\t\t\t\t\t\t\t\t\t<\/figure>\n\t\t\t\t\t\t\t\t\t<\/div>\n\t\t\t\t<\/div>\n\t\t\t\t<div class=\"elementor-element elementor-element-4099bf4 elementor-widget elementor-widget-image\" data-id=\"4099bf4\" data-element_type=\"widget\" data-e-type=\"widget\" data-widget_type=\"image.default\">\n\t\t\t\t<div class=\"elementor-widget-container\">\n\t\t\t\t\t\t\t\t\t\t\t\t<figure class=\"wp-caption\">\n\t\t\t\t\t\t\t\t\t\t<img loading=\"lazy\" decoding=\"async\" width=\"580\" height=\"435\" src=\"https:\/\/xn--elrincndemargi-qob.com\/wp-content\/uploads\/2023\/11\/No-estoy-enferma-1024x768.jpg\" class=\"attachment-large size-large wp-image-1839\" alt=\"\" srcset=\"https:\/\/xn--elrincndemargi-qob.com\/wp-content\/uploads\/2023\/11\/No-estoy-enferma-1024x768.jpg 1024w, https:\/\/xn--elrincndemargi-qob.com\/wp-content\/uploads\/2023\/11\/No-estoy-enferma-300x225.jpg 300w, https:\/\/xn--elrincndemargi-qob.com\/wp-content\/uploads\/2023\/11\/No-estoy-enferma-768x576.jpg 768w, https:\/\/xn--elrincndemargi-qob.com\/wp-content\/uploads\/2023\/11\/No-estoy-enferma-1536x1152.jpg 1536w, https:\/\/xn--elrincndemargi-qob.com\/wp-content\/uploads\/2023\/11\/No-estoy-enferma-2048x1536.jpg 2048w, https:\/\/xn--elrincndemargi-qob.com\/wp-content\/uploads\/2023\/11\/No-estoy-enferma-1200x900.jpg 1200w, https:\/\/xn--elrincndemargi-qob.com\/wp-content\/uploads\/2023\/11\/No-estoy-enferma-1980x1485.jpg 1980w\" sizes=\"(max-width: 580px) 100vw, 580px\" \/>\t\t\t\t\t\t\t\t\t\t\t<figcaption class=\"widget-image-caption wp-caption-text\">T\u00edtulo: \nNo estoy enferma.\nAutora: Marjaneh Vargas Barajas.\nT\u00e9cnica: Fotograf\u00eda. \nA\u00f1o: 2022.\n<\/figcaption>\n\t\t\t\t\t\t\t\t\t\t<\/figure>\n\t\t\t\t\t\t\t\t\t<\/div>\n\t\t\t\t<\/div>\n\t\t\t\t<div class=\"elementor-element elementor-element-2135164 elementor-widget elementor-widget-image\" data-id=\"2135164\" data-element_type=\"widget\" data-e-type=\"widget\" data-widget_type=\"image.default\">\n\t\t\t\t<div class=\"elementor-widget-container\">\n\t\t\t\t\t\t\t\t\t\t\t\t<figure class=\"wp-caption\">\n\t\t\t\t\t\t\t\t\t\t<img loading=\"lazy\" decoding=\"async\" width=\"580\" height=\"435\" src=\"https:\/\/xn--elrincndemargi-qob.com\/wp-content\/uploads\/2023\/11\/Una-pecera-para-mi-ansiedad-1024x768.jpg\" class=\"attachment-large size-large wp-image-1819\" alt=\"\" srcset=\"https:\/\/xn--elrincndemargi-qob.com\/wp-content\/uploads\/2023\/11\/Una-pecera-para-mi-ansiedad-1024x768.jpg 1024w, https:\/\/xn--elrincndemargi-qob.com\/wp-content\/uploads\/2023\/11\/Una-pecera-para-mi-ansiedad-300x225.jpg 300w, https:\/\/xn--elrincndemargi-qob.com\/wp-content\/uploads\/2023\/11\/Una-pecera-para-mi-ansiedad-768x576.jpg 768w, https:\/\/xn--elrincndemargi-qob.com\/wp-content\/uploads\/2023\/11\/Una-pecera-para-mi-ansiedad-1536x1152.jpg 1536w, https:\/\/xn--elrincndemargi-qob.com\/wp-content\/uploads\/2023\/11\/Una-pecera-para-mi-ansiedad-2048x1536.jpg 2048w, https:\/\/xn--elrincndemargi-qob.com\/wp-content\/uploads\/2023\/11\/Una-pecera-para-mi-ansiedad-1200x900.jpg 1200w, https:\/\/xn--elrincndemargi-qob.com\/wp-content\/uploads\/2023\/11\/Una-pecera-para-mi-ansiedad-1980x1485.jpg 1980w\" sizes=\"(max-width: 580px) 100vw, 580px\" \/>\t\t\t\t\t\t\t\t\t\t\t<figcaption class=\"widget-image-caption wp-caption-text\">T\u00edtulo: Una pecera para mi ansiedad.\nAutora: Marjaneh Vargas Barajas.\nT\u00e9cnica: Fotograf\u00eda. \nA\u00f1o: 2022.<\/figcaption>\n\t\t\t\t\t\t\t\t\t\t<\/figure>\n\t\t\t\t\t\t\t\t\t<\/div>\n\t\t\t\t<\/div>\n\t\t\t\t<div class=\"elementor-element elementor-element-579e46d elementor-widget elementor-widget-image\" data-id=\"579e46d\" data-element_type=\"widget\" data-e-type=\"widget\" data-widget_type=\"image.default\">\n\t\t\t\t<div class=\"elementor-widget-container\">\n\t\t\t\t\t\t\t\t\t\t\t\t<figure class=\"wp-caption\">\n\t\t\t\t\t\t\t\t\t\t<img loading=\"lazy\" decoding=\"async\" width=\"580\" height=\"435\" src=\"https:\/\/xn--elrincndemargi-qob.com\/wp-content\/uploads\/2023\/11\/Un-globo-que-nunca-llego-al-cielo--1024x768.jpg\" class=\"attachment-large size-large wp-image-1817\" alt=\"\" srcset=\"https:\/\/xn--elrincndemargi-qob.com\/wp-content\/uploads\/2023\/11\/Un-globo-que-nunca-llego-al-cielo--1024x768.jpg 1024w, https:\/\/xn--elrincndemargi-qob.com\/wp-content\/uploads\/2023\/11\/Un-globo-que-nunca-llego-al-cielo--300x225.jpg 300w, https:\/\/xn--elrincndemargi-qob.com\/wp-content\/uploads\/2023\/11\/Un-globo-que-nunca-llego-al-cielo--768x576.jpg 768w, https:\/\/xn--elrincndemargi-qob.com\/wp-content\/uploads\/2023\/11\/Un-globo-que-nunca-llego-al-cielo--1536x1152.jpg 1536w, https:\/\/xn--elrincndemargi-qob.com\/wp-content\/uploads\/2023\/11\/Un-globo-que-nunca-llego-al-cielo--2048x1536.jpg 2048w, https:\/\/xn--elrincndemargi-qob.com\/wp-content\/uploads\/2023\/11\/Un-globo-que-nunca-llego-al-cielo--1200x900.jpg 1200w, https:\/\/xn--elrincndemargi-qob.com\/wp-content\/uploads\/2023\/11\/Un-globo-que-nunca-llego-al-cielo--1980x1485.jpg 1980w\" sizes=\"(max-width: 580px) 100vw, 580px\" \/>\t\t\t\t\t\t\t\t\t\t\t<figcaption class=\"widget-image-caption wp-caption-text\">T\u00edtulo: Un globo que nunca lleg\u00f3 al cielo.\nAutora: Marjaneh Vargas Barajas.\nT\u00e9cnica: Fotograf\u00eda. \nA\u00f1o: 2022.<\/figcaption>\n\t\t\t\t\t\t\t\t\t\t<\/figure>\n\t\t\t\t\t\t\t\t\t<\/div>\n\t\t\t\t<\/div>\n\t\t\t\t<div class=\"elementor-element elementor-element-8b17233 elementor-widget elementor-widget-image\" data-id=\"8b17233\" data-element_type=\"widget\" data-e-type=\"widget\" data-widget_type=\"image.default\">\n\t\t\t\t<div class=\"elementor-widget-container\">\n\t\t\t\t\t\t\t\t\t\t\t\t<figure class=\"wp-caption\">\n\t\t\t\t\t\t\t\t\t\t<img loading=\"lazy\" decoding=\"async\" width=\"580\" height=\"435\" src=\"https:\/\/xn--elrincndemargi-qob.com\/wp-content\/uploads\/2023\/11\/Explotare-con-ruido-1024x768.jpg\" class=\"attachment-large size-large wp-image-1815\" alt=\"\" srcset=\"https:\/\/xn--elrincndemargi-qob.com\/wp-content\/uploads\/2023\/11\/Explotare-con-ruido-1024x768.jpg 1024w, https:\/\/xn--elrincndemargi-qob.com\/wp-content\/uploads\/2023\/11\/Explotare-con-ruido-300x225.jpg 300w, https:\/\/xn--elrincndemargi-qob.com\/wp-content\/uploads\/2023\/11\/Explotare-con-ruido-768x576.jpg 768w, https:\/\/xn--elrincndemargi-qob.com\/wp-content\/uploads\/2023\/11\/Explotare-con-ruido-1536x1152.jpg 1536w, https:\/\/xn--elrincndemargi-qob.com\/wp-content\/uploads\/2023\/11\/Explotare-con-ruido-2048x1536.jpg 2048w, https:\/\/xn--elrincndemargi-qob.com\/wp-content\/uploads\/2023\/11\/Explotare-con-ruido-1200x900.jpg 1200w, https:\/\/xn--elrincndemargi-qob.com\/wp-content\/uploads\/2023\/11\/Explotare-con-ruido-1980x1485.jpg 1980w\" sizes=\"(max-width: 580px) 100vw, 580px\" \/>\t\t\t\t\t\t\t\t\t\t\t<figcaption class=\"widget-image-caption wp-caption-text\">T\u00edtulo: Explotar\u00e9 con ruido.\nAutora: Marjaneh Vargas Barajas.\nT\u00e9cnica: Fotograf\u00eda. \nA\u00f1o: 2022.<\/figcaption>\n\t\t\t\t\t\t\t\t\t\t<\/figure>\n\t\t\t\t\t\t\t\t\t<\/div>\n\t\t\t\t<\/div>\n\t\t\t\t\t<\/div>\n\t\t<\/div>\n\t\t\t\t\t<\/div>\n\t\t<\/section>\n\t\t\t\t<section class=\"elementor-section elementor-top-section elementor-element elementor-element-7a943fd elementor-section-boxed elementor-section-height-default elementor-section-height-default\" data-id=\"7a943fd\" data-element_type=\"section\" data-e-type=\"section\">\n\t\t\t\t\t\t<div class=\"elementor-container elementor-column-gap-default\">\n\t\t\t\t\t<div class=\"elementor-column elementor-col-100 elementor-top-column elementor-element elementor-element-b6ac290\" data-id=\"b6ac290\" data-element_type=\"column\" data-e-type=\"column\">\n\t\t\t<div class=\"elementor-widget-wrap elementor-element-populated\">\n\t\t\t\t\t\t<div class=\"elementor-element elementor-element-b6a6154 elementor-widget elementor-widget-text-editor\" data-id=\"b6a6154\" data-element_type=\"widget\" data-e-type=\"widget\" data-widget_type=\"text-editor.default\">\n\t\t\t\t<div class=\"elementor-widget-container\">\n\t\t\t\t\t\t\t\t\t<h6>\u00a9 Marjaneh Vargas Barajas \u2014 Todos los derechos reservados. | <a href=\"https:\/\/xn--elrincndemargi-qob.com\/index.php\/derechos-de-autor\/\">Derechos de Autor<\/a><\/h6>\t\t\t\t\t\t\t\t<\/div>\n\t\t\t\t<\/div>\n\t\t\t\t\t<\/div>\n\t\t<\/div>\n\t\t\t\t\t<\/div>\n\t\t<\/section>\n\t\t\t\t<\/div>\n\t\t","protected":false},"excerpt":{"rendered":"<p>Aqu\u00ed podr\u00e1s encontrar todas mis fotograf\u00edas, desde mi trabajo m\u00e1s reciente hasta el m\u00e1s antiguo. Fotograf\u00eda de piezas de crochet: T\u00edtulo: Medusita de crochet. Autora: Marjaneh Vargas Barajas. T\u00e9cnica: Fotograf\u00eda de pieza de crochet original. A\u00f1o: 2025. T\u00edtulo: Pez morado de crochet. Autora: Marjaneh Vargas Barajas. T\u00e9cnica: Fotograf\u00eda de pieza de crochet original. A\u00f1o: 2025. [&hellip;]<\/p>\n","protected":false},"author":1,"featured_media":0,"parent":0,"menu_order":0,"comment_status":"closed","ping_status":"closed","template":"","meta":{"om_disable_all_campaigns":false,"_monsterinsights_skip_tracking":false,"_monsterinsights_sitenote_active":false,"_monsterinsights_sitenote_note":"","_monsterinsights_sitenote_category":0,"footnotes":""},"class_list":["post-1813","page","type-page","status-publish","hentry"],"aioseo_notices":[],"_links":{"self":[{"href":"https:\/\/xn--elrincndemargi-qob.com\/index.php\/wp-json\/wp\/v2\/pages\/1813","targetHints":{"allow":["GET"]}}],"collection":[{"href":"https:\/\/xn--elrincndemargi-qob.com\/index.php\/wp-json\/wp\/v2\/pages"}],"about":[{"href":"https:\/\/xn--elrincndemargi-qob.com\/index.php\/wp-json\/wp\/v2\/types\/page"}],"author":[{"embeddable":true,"href":"https:\/\/xn--elrincndemargi-qob.com\/index.php\/wp-json\/wp\/v2\/users\/1"}],"replies":[{"embeddable":true,"href":"https:\/\/xn--elrincndemargi-qob.com\/index.php\/wp-json\/wp\/v2\/comments?post=1813"}],"version-history":[{"count":36,"href":"https:\/\/xn--elrincndemargi-qob.com\/index.php\/wp-json\/wp\/v2\/pages\/1813\/revisions"}],"predecessor-version":[{"id":3137,"href":"https:\/\/xn--elrincndemargi-qob.com\/index.php\/wp-json\/wp\/v2\/pages\/1813\/revisions\/3137"}],"wp:attachment":[{"href":"https:\/\/xn--elrincndemargi-qob.com\/index.php\/wp-json\/wp\/v2\/media?parent=1813"}],"curies":[{"name":"wp","href":"https:\/\/api.w.org\/{rel}","templated":true}]}}