{"id":1755,"date":"2023-11-01T03:23:24","date_gmt":"2023-11-01T03:23:24","guid":{"rendered":"https:\/\/xn--elrincndemargi-qob.com\/?page_id=1755"},"modified":"2025-07-01T19:14:56","modified_gmt":"2025-07-01T19:14:56","slug":"mis-pinturas","status":"publish","type":"page","link":"https:\/\/xn--elrincndemargi-qob.com\/index.php\/mis-pinturas\/","title":{"rendered":"Mis pinturas"},"content":{"rendered":"\t\t<div data-elementor-type=\"wp-page\" data-elementor-id=\"1755\" class=\"elementor elementor-1755\">\n\t\t\t\t\t\t<section class=\"elementor-section elementor-top-section elementor-element elementor-element-97e299d elementor-section-boxed elementor-section-height-default elementor-section-height-default\" data-id=\"97e299d\" data-element_type=\"section\" data-e-type=\"section\">\n\t\t\t\t\t\t<div class=\"elementor-container elementor-column-gap-default\">\n\t\t\t\t\t<div class=\"elementor-column elementor-col-100 elementor-top-column elementor-element elementor-element-65f8aca\" data-id=\"65f8aca\" data-element_type=\"column\" data-e-type=\"column\">\n\t\t\t<div class=\"elementor-widget-wrap elementor-element-populated\">\n\t\t\t\t\t\t<div class=\"elementor-element elementor-element-d4cf06a elementor-widget elementor-widget-heading\" data-id=\"d4cf06a\" data-element_type=\"widget\" data-e-type=\"widget\" data-widget_type=\"heading.default\">\n\t\t\t\t<div class=\"elementor-widget-container\">\n\t\t\t\t\t<h2 class=\"elementor-heading-title elementor-size-large\">Aqu\u00ed podr\u00e1s encontrar todas mis pinturas, desde mi trabajo m\u00e1s reciente hasta el m\u00e1s antiguo. <\/h2>\t\t\t\t<\/div>\n\t\t\t\t<\/div>\n\t\t\t\t\t<\/div>\n\t\t<\/div>\n\t\t\t\t\t<\/div>\n\t\t<\/section>\n\t\t\t\t<section class=\"elementor-section elementor-top-section elementor-element elementor-element-d3e2e00 elementor-section-boxed elementor-section-height-default elementor-section-height-default\" data-id=\"d3e2e00\" data-element_type=\"section\" data-e-type=\"section\">\n\t\t\t\t\t\t<div class=\"elementor-container elementor-column-gap-default\">\n\t\t\t\t\t<div class=\"elementor-column elementor-col-50 elementor-top-column elementor-element elementor-element-a00490c\" data-id=\"a00490c\" data-element_type=\"column\" data-e-type=\"column\">\n\t\t\t<div class=\"elementor-widget-wrap elementor-element-populated\">\n\t\t\t\t\t\t<div class=\"elementor-element elementor-element-133487f elementor-widget elementor-widget-image\" data-id=\"133487f\" data-element_type=\"widget\" data-e-type=\"widget\" data-widget_type=\"image.default\">\n\t\t\t\t<div class=\"elementor-widget-container\">\n\t\t\t\t\t\t\t\t\t\t\t\t<figure class=\"wp-caption\">\n\t\t\t\t\t\t\t\t\t\t<img fetchpriority=\"high\" decoding=\"async\" width=\"580\" height=\"457\" src=\"https:\/\/xn--elrincndemargi-qob.com\/wp-content\/uploads\/2025\/07\/Cuasar-con-nucleo-de-agujero-negro-1024x806.jpg\" class=\"attachment-large size-large wp-image-3009\" alt=\"\" srcset=\"https:\/\/xn--elrincndemargi-qob.com\/wp-content\/uploads\/2025\/07\/Cuasar-con-nucleo-de-agujero-negro-1024x806.jpg 1024w, https:\/\/xn--elrincndemargi-qob.com\/wp-content\/uploads\/2025\/07\/Cuasar-con-nucleo-de-agujero-negro-300x236.jpg 300w, https:\/\/xn--elrincndemargi-qob.com\/wp-content\/uploads\/2025\/07\/Cuasar-con-nucleo-de-agujero-negro-768x605.jpg 768w, https:\/\/xn--elrincndemargi-qob.com\/wp-content\/uploads\/2025\/07\/Cuasar-con-nucleo-de-agujero-negro-1536x1209.jpg 1536w, https:\/\/xn--elrincndemargi-qob.com\/wp-content\/uploads\/2025\/07\/Cuasar-con-nucleo-de-agujero-negro-2048x1613.jpg 2048w, https:\/\/xn--elrincndemargi-qob.com\/wp-content\/uploads\/2025\/07\/Cuasar-con-nucleo-de-agujero-negro-1200x945.jpg 1200w, https:\/\/xn--elrincndemargi-qob.com\/wp-content\/uploads\/2025\/07\/Cuasar-con-nucleo-de-agujero-negro-1980x1559.jpg 1980w\" sizes=\"(max-width: 580px) 100vw, 580px\" \/>\t\t\t\t\t\t\t\t\t\t\t<figcaption class=\"widget-image-caption wp-caption-text\">T\u00edtulo: Cu\u00e1sar con n\u00facleo de agujero negro. \nAutora: Marjaneh Vargas Barajas.\nT\u00e9cnica: Pintura al \u00f3leo.\nMedidas: 40 x 50 cm.\nA\u00f1o: 2025.\n<\/figcaption>\n\t\t\t\t\t\t\t\t\t\t<\/figure>\n\t\t\t\t\t\t\t\t\t<\/div>\n\t\t\t\t<\/div>\n\t\t\t\t<div class=\"elementor-element elementor-element-f0d4507 elementor-widget elementor-widget-image\" data-id=\"f0d4507\" data-element_type=\"widget\" data-e-type=\"widget\" data-widget_type=\"image.default\">\n\t\t\t\t<div class=\"elementor-widget-container\">\n\t\t\t\t\t\t\t\t\t\t\t\t<figure class=\"wp-caption\">\n\t\t\t\t\t\t\t\t\t\t<img decoding=\"async\" width=\"580\" height=\"457\" src=\"https:\/\/xn--elrincndemargi-qob.com\/wp-content\/uploads\/2025\/07\/Teletransportacion-a-traves-de-agujeros-negros-1024x807.jpg\" class=\"attachment-large size-large wp-image-3007\" alt=\"\" srcset=\"https:\/\/xn--elrincndemargi-qob.com\/wp-content\/uploads\/2025\/07\/Teletransportacion-a-traves-de-agujeros-negros-1024x807.jpg 1024w, https:\/\/xn--elrincndemargi-qob.com\/wp-content\/uploads\/2025\/07\/Teletransportacion-a-traves-de-agujeros-negros-300x237.jpg 300w, https:\/\/xn--elrincndemargi-qob.com\/wp-content\/uploads\/2025\/07\/Teletransportacion-a-traves-de-agujeros-negros-768x606.jpg 768w, https:\/\/xn--elrincndemargi-qob.com\/wp-content\/uploads\/2025\/07\/Teletransportacion-a-traves-de-agujeros-negros-1536x1211.jpg 1536w, https:\/\/xn--elrincndemargi-qob.com\/wp-content\/uploads\/2025\/07\/Teletransportacion-a-traves-de-agujeros-negros-2048x1615.jpg 2048w, https:\/\/xn--elrincndemargi-qob.com\/wp-content\/uploads\/2025\/07\/Teletransportacion-a-traves-de-agujeros-negros-1200x946.jpg 1200w, https:\/\/xn--elrincndemargi-qob.com\/wp-content\/uploads\/2025\/07\/Teletransportacion-a-traves-de-agujeros-negros-1980x1561.jpg 1980w\" sizes=\"(max-width: 580px) 100vw, 580px\" \/>\t\t\t\t\t\t\t\t\t\t\t<figcaption class=\"widget-image-caption wp-caption-text\">T\u00edtulo: Teletransportaci\u00f3n a trav\u00e9s de agujeros negros.\nAutora: Marjaneh Vargas Barajas.\nT\u00e9cnica: Pintura al \u00f3leo.\nMedidas: 40 x 50 cm.\nA\u00f1o: 2024.\n<\/figcaption>\n\t\t\t\t\t\t\t\t\t\t<\/figure>\n\t\t\t\t\t\t\t\t\t<\/div>\n\t\t\t\t<\/div>\n\t\t\t\t<div class=\"elementor-element elementor-element-75359bd elementor-widget elementor-widget-image\" data-id=\"75359bd\" data-element_type=\"widget\" data-e-type=\"widget\" data-widget_type=\"image.default\">\n\t\t\t\t<div class=\"elementor-widget-container\">\n\t\t\t\t\t\t\t\t\t\t\t\t<figure class=\"wp-caption\">\n\t\t\t\t\t\t\t\t\t\t<img decoding=\"async\" width=\"580\" height=\"604\" src=\"https:\/\/xn--elrincndemargi-qob.com\/wp-content\/uploads\/2024\/07\/El-jardin-de-mis-suenos_compressed-e1722462465484-983x1024.jpg\" class=\"attachment-large size-large wp-image-2625\" alt=\"\" srcset=\"https:\/\/xn--elrincndemargi-qob.com\/wp-content\/uploads\/2024\/07\/El-jardin-de-mis-suenos_compressed-e1722462465484-983x1024.jpg 983w, https:\/\/xn--elrincndemargi-qob.com\/wp-content\/uploads\/2024\/07\/El-jardin-de-mis-suenos_compressed-e1722462465484-288x300.jpg 288w, https:\/\/xn--elrincndemargi-qob.com\/wp-content\/uploads\/2024\/07\/El-jardin-de-mis-suenos_compressed-e1722462465484-768x800.jpg 768w, https:\/\/xn--elrincndemargi-qob.com\/wp-content\/uploads\/2024\/07\/El-jardin-de-mis-suenos_compressed-e1722462465484-1475x1536.jpg 1475w, https:\/\/xn--elrincndemargi-qob.com\/wp-content\/uploads\/2024\/07\/El-jardin-de-mis-suenos_compressed-e1722462465484-1966x2048.jpg 1966w, https:\/\/xn--elrincndemargi-qob.com\/wp-content\/uploads\/2024\/07\/El-jardin-de-mis-suenos_compressed-e1722462465484-1200x1250.jpg 1200w, https:\/\/xn--elrincndemargi-qob.com\/wp-content\/uploads\/2024\/07\/El-jardin-de-mis-suenos_compressed-e1722462465484-1980x2063.jpg 1980w, https:\/\/xn--elrincndemargi-qob.com\/wp-content\/uploads\/2024\/07\/El-jardin-de-mis-suenos_compressed-e1722462465484.jpg 2015w\" sizes=\"(max-width: 580px) 100vw, 580px\" \/>\t\t\t\t\t\t\t\t\t\t\t<figcaption class=\"widget-image-caption wp-caption-text\">T\u00edtulo: El jard\u00edn de mis sue\u00f1os.\nAutora: Marjaneh Vargas Barajas.\nT\u00e9cnica: Acr\u00edlico.\nMedidas: 33.5 x 34 cm.\nA\u00f1o: 2024.<\/figcaption>\n\t\t\t\t\t\t\t\t\t\t<\/figure>\n\t\t\t\t\t\t\t\t\t<\/div>\n\t\t\t\t<\/div>\n\t\t\t\t<div class=\"elementor-element elementor-element-cfcfdd8 elementor-widget elementor-widget-image\" data-id=\"cfcfdd8\" data-element_type=\"widget\" data-e-type=\"widget\" data-widget_type=\"image.default\">\n\t\t\t\t<div class=\"elementor-widget-container\">\n\t\t\t\t\t\t\t\t\t\t\t\t<figure class=\"wp-caption\">\n\t\t\t\t\t\t\t\t\t\t<img loading=\"lazy\" decoding=\"async\" width=\"580\" height=\"751\" src=\"https:\/\/xn--elrincndemargi-qob.com\/wp-content\/uploads\/2024\/05\/Arte-para-mi-depresion_Logotipo-terminado.jpg\" class=\"attachment-large size-large wp-image-2239\" alt=\"\" srcset=\"https:\/\/xn--elrincndemargi-qob.com\/wp-content\/uploads\/2024\/05\/Arte-para-mi-depresion_Logotipo-terminado.jpg 612w, https:\/\/xn--elrincndemargi-qob.com\/wp-content\/uploads\/2024\/05\/Arte-para-mi-depresion_Logotipo-terminado-232x300.jpg 232w\" sizes=\"(max-width: 580px) 100vw, 580px\" \/>\t\t\t\t\t\t\t\t\t\t\t<figcaption class=\"widget-image-caption wp-caption-text\">T\u00edtulo: Arte para mi depresi\u00f3n.\nAutora: Marjaneh Vargas Barajas.\nT\u00e9cnica: Pintura intervenida con ilustraci\u00f3n.\nDimensiones: 612 x 792 px.\nA\u00f1o: 2024.<\/figcaption>\n\t\t\t\t\t\t\t\t\t\t<\/figure>\n\t\t\t\t\t\t\t\t\t<\/div>\n\t\t\t\t<\/div>\n\t\t\t\t<div class=\"elementor-element elementor-element-051eb55 elementor-widget elementor-widget-image\" data-id=\"051eb55\" data-element_type=\"widget\" data-e-type=\"widget\" data-widget_type=\"image.default\">\n\t\t\t\t<div class=\"elementor-widget-container\">\n\t\t\t\t\t\t\t\t\t\t\t\t<figure class=\"wp-caption\">\n\t\t\t\t\t\t\t\t\t\t<img loading=\"lazy\" decoding=\"async\" width=\"580\" height=\"395\" src=\"https:\/\/xn--elrincndemargi-qob.com\/wp-content\/uploads\/2023\/11\/Galaxia-irregular_Compressed-1024x698.jpg\" class=\"attachment-large size-large wp-image-1947\" alt=\"\" srcset=\"https:\/\/xn--elrincndemargi-qob.com\/wp-content\/uploads\/2023\/11\/Galaxia-irregular_Compressed-1024x698.jpg 1024w, https:\/\/xn--elrincndemargi-qob.com\/wp-content\/uploads\/2023\/11\/Galaxia-irregular_Compressed-300x204.jpg 300w, https:\/\/xn--elrincndemargi-qob.com\/wp-content\/uploads\/2023\/11\/Galaxia-irregular_Compressed-768x523.jpg 768w, https:\/\/xn--elrincndemargi-qob.com\/wp-content\/uploads\/2023\/11\/Galaxia-irregular_Compressed-1536x1047.jpg 1536w, https:\/\/xn--elrincndemargi-qob.com\/wp-content\/uploads\/2023\/11\/Galaxia-irregular_Compressed-2048x1396.jpg 2048w, https:\/\/xn--elrincndemargi-qob.com\/wp-content\/uploads\/2023\/11\/Galaxia-irregular_Compressed-1200x818.jpg 1200w, https:\/\/xn--elrincndemargi-qob.com\/wp-content\/uploads\/2023\/11\/Galaxia-irregular_Compressed-1980x1349.jpg 1980w\" sizes=\"(max-width: 580px) 100vw, 580px\" \/>\t\t\t\t\t\t\t\t\t\t\t<figcaption class=\"widget-image-caption wp-caption-text\">T\u00edtulo: Galaxia irregular.\nAutora: Marjaneh Vargas Barajas.\nT\u00e9cnica: \u00d3leo con encausto.\nA\u00f1o: 2023.<\/figcaption>\n\t\t\t\t\t\t\t\t\t\t<\/figure>\n\t\t\t\t\t\t\t\t\t<\/div>\n\t\t\t\t<\/div>\n\t\t\t\t<div class=\"elementor-element elementor-element-4b51a14 elementor-widget elementor-widget-image\" data-id=\"4b51a14\" data-element_type=\"widget\" data-e-type=\"widget\" data-widget_type=\"image.default\">\n\t\t\t\t<div class=\"elementor-widget-container\">\n\t\t\t\t\t\t\t\t\t\t\t\t<figure class=\"wp-caption\">\n\t\t\t\t\t\t\t\t\t\t<img loading=\"lazy\" decoding=\"async\" width=\"580\" height=\"577\" src=\"https:\/\/xn--elrincndemargi-qob.com\/wp-content\/uploads\/2023\/11\/El-apagon-en-mi-firmamento-1024x1019.jpg\" class=\"attachment-large size-large wp-image-1766\" alt=\"\" srcset=\"https:\/\/xn--elrincndemargi-qob.com\/wp-content\/uploads\/2023\/11\/El-apagon-en-mi-firmamento-1024x1019.jpg 1024w, https:\/\/xn--elrincndemargi-qob.com\/wp-content\/uploads\/2023\/11\/El-apagon-en-mi-firmamento-300x298.jpg 300w, https:\/\/xn--elrincndemargi-qob.com\/wp-content\/uploads\/2023\/11\/El-apagon-en-mi-firmamento-150x150.jpg 150w, https:\/\/xn--elrincndemargi-qob.com\/wp-content\/uploads\/2023\/11\/El-apagon-en-mi-firmamento-768x764.jpg 768w, https:\/\/xn--elrincndemargi-qob.com\/wp-content\/uploads\/2023\/11\/El-apagon-en-mi-firmamento-1536x1528.jpg 1536w, https:\/\/xn--elrincndemargi-qob.com\/wp-content\/uploads\/2023\/11\/El-apagon-en-mi-firmamento-2048x2037.jpg 2048w, https:\/\/xn--elrincndemargi-qob.com\/wp-content\/uploads\/2023\/11\/El-apagon-en-mi-firmamento-1200x1194.jpg 1200w, https:\/\/xn--elrincndemargi-qob.com\/wp-content\/uploads\/2023\/11\/El-apagon-en-mi-firmamento-1980x1969.jpg 1980w\" sizes=\"(max-width: 580px) 100vw, 580px\" \/>\t\t\t\t\t\t\t\t\t\t\t<figcaption class=\"widget-image-caption wp-caption-text\">T\u00edtulo: El apag\u00f3n en mi firmamento.\nAutora: Marjaneh Vargas Barajas.\nT\u00e9cnica: Temple y \u00f3leo.\nMedidas: 40x40 cm.\nA\u00f1o: 2023.\n<\/figcaption>\n\t\t\t\t\t\t\t\t\t\t<\/figure>\n\t\t\t\t\t\t\t\t\t<\/div>\n\t\t\t\t<\/div>\n\t\t\t\t<div class=\"elementor-element elementor-element-5f8ef2a elementor-widget elementor-widget-image\" data-id=\"5f8ef2a\" data-element_type=\"widget\" data-e-type=\"widget\" data-widget_type=\"image.default\">\n\t\t\t\t<div class=\"elementor-widget-container\">\n\t\t\t\t\t\t\t\t\t\t\t\t<figure class=\"wp-caption\">\n\t\t\t\t\t\t\t\t\t\t<img loading=\"lazy\" decoding=\"async\" width=\"580\" height=\"408\" src=\"https:\/\/xn--elrincndemargi-qob.com\/wp-content\/uploads\/2023\/11\/Coral-en-estado-de-duelo-1024x720.jpg\" class=\"attachment-large size-large wp-image-1764\" alt=\"\" srcset=\"https:\/\/xn--elrincndemargi-qob.com\/wp-content\/uploads\/2023\/11\/Coral-en-estado-de-duelo-1024x720.jpg 1024w, https:\/\/xn--elrincndemargi-qob.com\/wp-content\/uploads\/2023\/11\/Coral-en-estado-de-duelo-300x211.jpg 300w, https:\/\/xn--elrincndemargi-qob.com\/wp-content\/uploads\/2023\/11\/Coral-en-estado-de-duelo-768x540.jpg 768w, https:\/\/xn--elrincndemargi-qob.com\/wp-content\/uploads\/2023\/11\/Coral-en-estado-de-duelo-1536x1081.jpg 1536w, https:\/\/xn--elrincndemargi-qob.com\/wp-content\/uploads\/2023\/11\/Coral-en-estado-de-duelo-2048x1441.jpg 2048w, https:\/\/xn--elrincndemargi-qob.com\/wp-content\/uploads\/2023\/11\/Coral-en-estado-de-duelo-1200x844.jpg 1200w, https:\/\/xn--elrincndemargi-qob.com\/wp-content\/uploads\/2023\/11\/Coral-en-estado-de-duelo-1980x1393.jpg 1980w\" sizes=\"(max-width: 580px) 100vw, 580px\" \/>\t\t\t\t\t\t\t\t\t\t\t<figcaption class=\"widget-image-caption wp-caption-text\">T\u00edtulo: Coral en estado de duelo.\nAutora: Marjaneh Vargas Barajas.\nT\u00e9cnica: \u00d3leo.\nMedidas: 24 x 35 cm.\nA\u00f1o: 2023.\n<\/figcaption>\n\t\t\t\t\t\t\t\t\t\t<\/figure>\n\t\t\t\t\t\t\t\t\t<\/div>\n\t\t\t\t<\/div>\n\t\t\t\t<div class=\"elementor-element elementor-element-74c978b elementor-widget elementor-widget-image\" data-id=\"74c978b\" data-element_type=\"widget\" data-e-type=\"widget\" data-widget_type=\"image.default\">\n\t\t\t\t<div class=\"elementor-widget-container\">\n\t\t\t\t\t\t\t\t\t\t\t\t<figure class=\"wp-caption\">\n\t\t\t\t\t\t\t\t\t\t<img loading=\"lazy\" decoding=\"async\" width=\"580\" height=\"455\" src=\"https:\/\/xn--elrincndemargi-qob.com\/wp-content\/uploads\/2023\/01\/Adobe-Scan-19-ene.-2023-1_1-1024x804.jpg\" class=\"attachment-large size-large wp-image-1329\" alt=\"\" srcset=\"https:\/\/xn--elrincndemargi-qob.com\/wp-content\/uploads\/2023\/01\/Adobe-Scan-19-ene.-2023-1_1-1024x804.jpg 1024w, https:\/\/xn--elrincndemargi-qob.com\/wp-content\/uploads\/2023\/01\/Adobe-Scan-19-ene.-2023-1_1-300x236.jpg 300w, https:\/\/xn--elrincndemargi-qob.com\/wp-content\/uploads\/2023\/01\/Adobe-Scan-19-ene.-2023-1_1-768x603.jpg 768w, https:\/\/xn--elrincndemargi-qob.com\/wp-content\/uploads\/2023\/01\/Adobe-Scan-19-ene.-2023-1_1-1536x1206.jpg 1536w, https:\/\/xn--elrincndemargi-qob.com\/wp-content\/uploads\/2023\/01\/Adobe-Scan-19-ene.-2023-1_1-1200x942.jpg 1200w, https:\/\/xn--elrincndemargi-qob.com\/wp-content\/uploads\/2023\/01\/Adobe-Scan-19-ene.-2023-1_1.jpg 1700w\" sizes=\"(max-width: 580px) 100vw, 580px\" \/>\t\t\t\t\t\t\t\t\t\t\t<figcaption class=\"widget-image-caption wp-caption-text\">T\u00edtulo: Llorar el alma. Autora: Marjaneh Vargas Barajas.\nT\u00e9cnica: Acr\u00edlico.\nA\u00f1o: 2023. <\/figcaption>\n\t\t\t\t\t\t\t\t\t\t<\/figure>\n\t\t\t\t\t\t\t\t\t<\/div>\n\t\t\t\t<\/div>\n\t\t\t\t<div class=\"elementor-element elementor-element-6f6d0be elementor-widget elementor-widget-image\" data-id=\"6f6d0be\" data-element_type=\"widget\" data-e-type=\"widget\" data-widget_type=\"image.default\">\n\t\t\t\t<div class=\"elementor-widget-container\">\n\t\t\t\t\t\t\t\t\t\t\t\t<figure class=\"wp-caption\">\n\t\t\t\t\t\t\t\t\t\t<img loading=\"lazy\" decoding=\"async\" width=\"580\" height=\"446\" src=\"https:\/\/xn--elrincndemargi-qob.com\/wp-content\/uploads\/2023\/01\/Como-dejar-de-sentirme-frustrado-1024x788.jpg\" class=\"attachment-large size-large wp-image-1277\" alt=\"\" srcset=\"https:\/\/xn--elrincndemargi-qob.com\/wp-content\/uploads\/2023\/01\/Como-dejar-de-sentirme-frustrado-1024x788.jpg 1024w, https:\/\/xn--elrincndemargi-qob.com\/wp-content\/uploads\/2023\/01\/Como-dejar-de-sentirme-frustrado-300x231.jpg 300w, https:\/\/xn--elrincndemargi-qob.com\/wp-content\/uploads\/2023\/01\/Como-dejar-de-sentirme-frustrado-768x591.jpg 768w, https:\/\/xn--elrincndemargi-qob.com\/wp-content\/uploads\/2023\/01\/Como-dejar-de-sentirme-frustrado-1536x1183.jpg 1536w, https:\/\/xn--elrincndemargi-qob.com\/wp-content\/uploads\/2023\/01\/Como-dejar-de-sentirme-frustrado-1200x924.jpg 1200w, https:\/\/xn--elrincndemargi-qob.com\/wp-content\/uploads\/2023\/01\/Como-dejar-de-sentirme-frustrado.jpg 1700w\" sizes=\"(max-width: 580px) 100vw, 580px\" \/>\t\t\t\t\t\t\t\t\t\t\t<figcaption class=\"widget-image-caption wp-caption-text\">T\u00edtulo: Cerebro frustrado. \nAutora: Marjaneh Vargas Barajas.\nT\u00e9cnica: Acr\u00edlico.\nA\u00f1o: 2023.<\/figcaption>\n\t\t\t\t\t\t\t\t\t\t<\/figure>\n\t\t\t\t\t\t\t\t\t<\/div>\n\t\t\t\t<\/div>\n\t\t\t\t<div class=\"elementor-element elementor-element-5feaa1b elementor-widget elementor-widget-image\" data-id=\"5feaa1b\" data-element_type=\"widget\" data-e-type=\"widget\" data-widget_type=\"image.default\">\n\t\t\t\t<div class=\"elementor-widget-container\">\n\t\t\t\t\t\t\t\t\t\t\t\t<figure class=\"wp-caption\">\n\t\t\t\t\t\t\t\t\t\t<img loading=\"lazy\" decoding=\"async\" width=\"580\" height=\"461\" src=\"https:\/\/xn--elrincndemargi-qob.com\/wp-content\/uploads\/2023\/01\/\u00bfComo-cumplir-tus-propositos-de-ano-nuevo_-1024x814.jpg\" class=\"attachment-large size-large wp-image-1189\" alt=\"\" srcset=\"https:\/\/xn--elrincndemargi-qob.com\/wp-content\/uploads\/2023\/01\/\u00bfComo-cumplir-tus-propositos-de-ano-nuevo_-1024x814.jpg 1024w, https:\/\/xn--elrincndemargi-qob.com\/wp-content\/uploads\/2023\/01\/\u00bfComo-cumplir-tus-propositos-de-ano-nuevo_-300x239.jpg 300w, https:\/\/xn--elrincndemargi-qob.com\/wp-content\/uploads\/2023\/01\/\u00bfComo-cumplir-tus-propositos-de-ano-nuevo_-768x611.jpg 768w, https:\/\/xn--elrincndemargi-qob.com\/wp-content\/uploads\/2023\/01\/\u00bfComo-cumplir-tus-propositos-de-ano-nuevo_-1536x1222.jpg 1536w, https:\/\/xn--elrincndemargi-qob.com\/wp-content\/uploads\/2023\/01\/\u00bfComo-cumplir-tus-propositos-de-ano-nuevo_-1200x954.jpg 1200w, https:\/\/xn--elrincndemargi-qob.com\/wp-content\/uploads\/2023\/01\/\u00bfComo-cumplir-tus-propositos-de-ano-nuevo_.jpg 1700w\" sizes=\"(max-width: 580px) 100vw, 580px\" \/>\t\t\t\t\t\t\t\t\t\t\t<figcaption class=\"widget-image-caption wp-caption-text\">T\u00edtulo: Prop\u00f3sitos de a\u00f1o nuevo.\nAutora: Marjaneh Vargas Barajas. T\u00e9cnica: Acr\u00edlico. \nA\u00f1o: 2023.<\/figcaption>\n\t\t\t\t\t\t\t\t\t\t<\/figure>\n\t\t\t\t\t\t\t\t\t<\/div>\n\t\t\t\t<\/div>\n\t\t\t\t<div class=\"elementor-element elementor-element-e8c886e elementor-widget elementor-widget-image\" data-id=\"e8c886e\" data-element_type=\"widget\" data-e-type=\"widget\" data-widget_type=\"image.default\">\n\t\t\t\t<div class=\"elementor-widget-container\">\n\t\t\t\t\t\t\t\t\t\t\t\t<figure class=\"wp-caption\">\n\t\t\t\t\t\t\t\t\t\t<img loading=\"lazy\" decoding=\"async\" width=\"580\" height=\"446\" src=\"https:\/\/xn--elrincndemargi-qob.com\/wp-content\/uploads\/2023\/01\/\u00bfComo-romper-un-circulo-vicioso-de-baja-autoestima_-1024x788.jpg\" class=\"attachment-large size-large wp-image-1153\" alt=\"\" srcset=\"https:\/\/xn--elrincndemargi-qob.com\/wp-content\/uploads\/2023\/01\/\u00bfComo-romper-un-circulo-vicioso-de-baja-autoestima_-1024x788.jpg 1024w, https:\/\/xn--elrincndemargi-qob.com\/wp-content\/uploads\/2023\/01\/\u00bfComo-romper-un-circulo-vicioso-de-baja-autoestima_-300x231.jpg 300w, https:\/\/xn--elrincndemargi-qob.com\/wp-content\/uploads\/2023\/01\/\u00bfComo-romper-un-circulo-vicioso-de-baja-autoestima_-768x591.jpg 768w, https:\/\/xn--elrincndemargi-qob.com\/wp-content\/uploads\/2023\/01\/\u00bfComo-romper-un-circulo-vicioso-de-baja-autoestima_-1536x1183.jpg 1536w, https:\/\/xn--elrincndemargi-qob.com\/wp-content\/uploads\/2023\/01\/\u00bfComo-romper-un-circulo-vicioso-de-baja-autoestima_-1200x924.jpg 1200w, https:\/\/xn--elrincndemargi-qob.com\/wp-content\/uploads\/2023\/01\/\u00bfComo-romper-un-circulo-vicioso-de-baja-autoestima_.jpg 1700w\" sizes=\"(max-width: 580px) 100vw, 580px\" \/>\t\t\t\t\t\t\t\t\t\t\t<figcaption class=\"widget-image-caption wp-caption-text\">T\u00edtulo: Alta y baja autoestima.\nAutora: Marjaneh Vargas Barajas.\nT\u00e9cnica: Acr\u00edlico.\nA\u00f1o: 2023.<\/figcaption>\n\t\t\t\t\t\t\t\t\t\t<\/figure>\n\t\t\t\t\t\t\t\t\t<\/div>\n\t\t\t\t<\/div>\n\t\t\t\t<div class=\"elementor-element elementor-element-aff2fd3 elementor-widget elementor-widget-image\" data-id=\"aff2fd3\" data-element_type=\"widget\" data-e-type=\"widget\" data-widget_type=\"image.default\">\n\t\t\t\t<div class=\"elementor-widget-container\">\n\t\t\t\t\t\t\t\t\t\t\t\t<figure class=\"wp-caption\">\n\t\t\t\t\t\t\t\t\t\t<img loading=\"lazy\" decoding=\"async\" width=\"580\" height=\"417\" src=\"https:\/\/xn--elrincndemargi-qob.com\/wp-content\/uploads\/2022\/12\/Alta-o-baja-autoconfianza-1024x737.jpg\" class=\"attachment-large size-large wp-image-984\" alt=\"\" srcset=\"https:\/\/xn--elrincndemargi-qob.com\/wp-content\/uploads\/2022\/12\/Alta-o-baja-autoconfianza-1024x737.jpg 1024w, https:\/\/xn--elrincndemargi-qob.com\/wp-content\/uploads\/2022\/12\/Alta-o-baja-autoconfianza-300x216.jpg 300w, https:\/\/xn--elrincndemargi-qob.com\/wp-content\/uploads\/2022\/12\/Alta-o-baja-autoconfianza-768x553.jpg 768w, https:\/\/xn--elrincndemargi-qob.com\/wp-content\/uploads\/2022\/12\/Alta-o-baja-autoconfianza-1536x1105.jpg 1536w, https:\/\/xn--elrincndemargi-qob.com\/wp-content\/uploads\/2022\/12\/Alta-o-baja-autoconfianza-1200x863.jpg 1200w, https:\/\/xn--elrincndemargi-qob.com\/wp-content\/uploads\/2022\/12\/Alta-o-baja-autoconfianza.jpg 1700w\" sizes=\"(max-width: 580px) 100vw, 580px\" \/>\t\t\t\t\t\t\t\t\t\t\t<figcaption class=\"widget-image-caption wp-caption-text\">T\u00edtulo: Alta o baja autoconfianza.\nAutora: Marjaneh Vargas Barajas.\nT\u00e9cnica: Acr\u00edlico. \nA\u00f1o: 2022.<\/figcaption>\n\t\t\t\t\t\t\t\t\t\t<\/figure>\n\t\t\t\t\t\t\t\t\t<\/div>\n\t\t\t\t<\/div>\n\t\t\t\t<div class=\"elementor-element elementor-element-bc75165 elementor-widget elementor-widget-image\" data-id=\"bc75165\" data-element_type=\"widget\" data-e-type=\"widget\" data-widget_type=\"image.default\">\n\t\t\t\t<div class=\"elementor-widget-container\">\n\t\t\t\t\t\t\t\t\t\t\t\t<figure class=\"wp-caption\">\n\t\t\t\t\t\t\t\t\t\t<img loading=\"lazy\" decoding=\"async\" width=\"580\" height=\"596\" src=\"https:\/\/xn--elrincndemargi-qob.com\/wp-content\/uploads\/2023\/11\/Flor-de-buenos-dias-997x1024.jpg\" class=\"attachment-large size-large wp-image-1776\" alt=\"\" srcset=\"https:\/\/xn--elrincndemargi-qob.com\/wp-content\/uploads\/2023\/11\/Flor-de-buenos-dias-997x1024.jpg 997w, https:\/\/xn--elrincndemargi-qob.com\/wp-content\/uploads\/2023\/11\/Flor-de-buenos-dias-292x300.jpg 292w, https:\/\/xn--elrincndemargi-qob.com\/wp-content\/uploads\/2023\/11\/Flor-de-buenos-dias-768x789.jpg 768w, https:\/\/xn--elrincndemargi-qob.com\/wp-content\/uploads\/2023\/11\/Flor-de-buenos-dias-1496x1536.jpg 1496w, https:\/\/xn--elrincndemargi-qob.com\/wp-content\/uploads\/2023\/11\/Flor-de-buenos-dias-1200x1232.jpg 1200w, https:\/\/xn--elrincndemargi-qob.com\/wp-content\/uploads\/2023\/11\/Flor-de-buenos-dias.jpg 1700w\" sizes=\"(max-width: 580px) 100vw, 580px\" \/>\t\t\t\t\t\t\t\t\t\t\t<figcaption class=\"widget-image-caption wp-caption-text\">T\u00edtulo: Flor de buenos d\u00edas.\nAutora: Marjaneh Vargas Barajas.\nT\u00e9cnica: Acr\u00edlico.\nA\u00f1o: 2022. <\/figcaption>\n\t\t\t\t\t\t\t\t\t\t<\/figure>\n\t\t\t\t\t\t\t\t\t<\/div>\n\t\t\t\t<\/div>\n\t\t\t\t<div class=\"elementor-element elementor-element-980a706 elementor-widget elementor-widget-image\" data-id=\"980a706\" data-element_type=\"widget\" data-e-type=\"widget\" data-widget_type=\"image.default\">\n\t\t\t\t<div class=\"elementor-widget-container\">\n\t\t\t\t\t\t\t\t\t\t\t\t<figure class=\"wp-caption\">\n\t\t\t\t\t\t\t\t\t\t<img loading=\"lazy\" decoding=\"async\" width=\"580\" height=\"436\" src=\"https:\/\/xn--elrincndemargi-qob.com\/wp-content\/uploads\/2022\/11\/Amor-de-mi-para-mi-1024x770.jpg\" class=\"attachment-large size-large wp-image-892\" alt=\"\" srcset=\"https:\/\/xn--elrincndemargi-qob.com\/wp-content\/uploads\/2022\/11\/Amor-de-mi-para-mi-1024x770.jpg 1024w, https:\/\/xn--elrincndemargi-qob.com\/wp-content\/uploads\/2022\/11\/Amor-de-mi-para-mi-300x226.jpg 300w, https:\/\/xn--elrincndemargi-qob.com\/wp-content\/uploads\/2022\/11\/Amor-de-mi-para-mi-768x577.jpg 768w, https:\/\/xn--elrincndemargi-qob.com\/wp-content\/uploads\/2022\/11\/Amor-de-mi-para-mi-1536x1155.jpg 1536w, https:\/\/xn--elrincndemargi-qob.com\/wp-content\/uploads\/2022\/11\/Amor-de-mi-para-mi-1200x902.jpg 1200w, https:\/\/xn--elrincndemargi-qob.com\/wp-content\/uploads\/2022\/11\/Amor-de-mi-para-mi.jpg 1700w\" sizes=\"(max-width: 580px) 100vw, 580px\" \/>\t\t\t\t\t\t\t\t\t\t\t<figcaption class=\"widget-image-caption wp-caption-text\">T\u00edtulo: Amor de m\u00ed para m\u00ed.\nAutora: Marjaneh Vargas Barajas.\nT\u00e9cnica: Mixta.\nA\u00f1o: 2022.<\/figcaption>\n\t\t\t\t\t\t\t\t\t\t<\/figure>\n\t\t\t\t\t\t\t\t\t<\/div>\n\t\t\t\t<\/div>\n\t\t\t\t<div class=\"elementor-element elementor-element-6597449 elementor-widget elementor-widget-image\" data-id=\"6597449\" data-element_type=\"widget\" data-e-type=\"widget\" data-widget_type=\"image.default\">\n\t\t\t\t<div class=\"elementor-widget-container\">\n\t\t\t\t\t\t\t\t\t\t\t\t<figure class=\"wp-caption\">\n\t\t\t\t\t\t\t\t\t\t<img loading=\"lazy\" decoding=\"async\" width=\"580\" height=\"419\" src=\"https:\/\/xn--elrincndemargi-qob.com\/wp-content\/uploads\/2022\/11\/Pensamientos-positivos-contra-negativos-1024x739.jpg\" class=\"attachment-large size-large wp-image-845\" alt=\"\" srcset=\"https:\/\/xn--elrincndemargi-qob.com\/wp-content\/uploads\/2022\/11\/Pensamientos-positivos-contra-negativos-1024x739.jpg 1024w, https:\/\/xn--elrincndemargi-qob.com\/wp-content\/uploads\/2022\/11\/Pensamientos-positivos-contra-negativos-300x217.jpg 300w, https:\/\/xn--elrincndemargi-qob.com\/wp-content\/uploads\/2022\/11\/Pensamientos-positivos-contra-negativos-768x554.jpg 768w, https:\/\/xn--elrincndemargi-qob.com\/wp-content\/uploads\/2022\/11\/Pensamientos-positivos-contra-negativos-1536x1109.jpg 1536w, https:\/\/xn--elrincndemargi-qob.com\/wp-content\/uploads\/2022\/11\/Pensamientos-positivos-contra-negativos-1200x866.jpg 1200w, https:\/\/xn--elrincndemargi-qob.com\/wp-content\/uploads\/2022\/11\/Pensamientos-positivos-contra-negativos.jpg 1700w\" sizes=\"(max-width: 580px) 100vw, 580px\" \/>\t\t\t\t\t\t\t\t\t\t\t<figcaption class=\"widget-image-caption wp-caption-text\">T\u00edtulo: Pensamientos positivos contra negativos.\nAutora: Marjaneh Vargas Barajas.\nT\u00e9cnica: Acr\u00edlico.\nA\u00f1o: 2022.<\/figcaption>\n\t\t\t\t\t\t\t\t\t\t<\/figure>\n\t\t\t\t\t\t\t\t\t<\/div>\n\t\t\t\t<\/div>\n\t\t\t\t<div class=\"elementor-element elementor-element-399fbee elementor-widget elementor-widget-image\" data-id=\"399fbee\" data-element_type=\"widget\" data-e-type=\"widget\" data-widget_type=\"image.default\">\n\t\t\t\t<div class=\"elementor-widget-container\">\n\t\t\t\t\t\t\t\t\t\t\t\t<figure class=\"wp-caption\">\n\t\t\t\t\t\t\t\t\t\t<img loading=\"lazy\" decoding=\"async\" width=\"580\" height=\"816\" src=\"https:\/\/xn--elrincndemargi-qob.com\/wp-content\/uploads\/2022\/11\/Compararse-con-los-demas_1-728x1024.jpg\" class=\"attachment-large size-large wp-image-807\" alt=\"\" srcset=\"https:\/\/xn--elrincndemargi-qob.com\/wp-content\/uploads\/2022\/11\/Compararse-con-los-demas_1-728x1024.jpg 728w, https:\/\/xn--elrincndemargi-qob.com\/wp-content\/uploads\/2022\/11\/Compararse-con-los-demas_1-213x300.jpg 213w, https:\/\/xn--elrincndemargi-qob.com\/wp-content\/uploads\/2022\/11\/Compararse-con-los-demas_1-768x1081.jpg 768w, https:\/\/xn--elrincndemargi-qob.com\/wp-content\/uploads\/2022\/11\/Compararse-con-los-demas_1-1091x1536.jpg 1091w, https:\/\/xn--elrincndemargi-qob.com\/wp-content\/uploads\/2022\/11\/Compararse-con-los-demas_1-1455x2048.jpg 1455w, https:\/\/xn--elrincndemargi-qob.com\/wp-content\/uploads\/2022\/11\/Compararse-con-los-demas_1-1200x1689.jpg 1200w, https:\/\/xn--elrincndemargi-qob.com\/wp-content\/uploads\/2022\/11\/Compararse-con-los-demas_1.jpg 1563w\" sizes=\"(max-width: 580px) 100vw, 580px\" \/>\t\t\t\t\t\t\t\t\t\t\t<figcaption class=\"widget-image-caption wp-caption-text\">T\u00edtulo: Compar\u00e1ndome con los dem\u00e1s.\nAutora: Marjaneh Vargas Barajas.\nT\u00e9cnica: Acr\u00edlico.\nA\u00f1o: 2022.<\/figcaption>\n\t\t\t\t\t\t\t\t\t\t<\/figure>\n\t\t\t\t\t\t\t\t\t<\/div>\n\t\t\t\t<\/div>\n\t\t\t\t<div class=\"elementor-element elementor-element-2feea2b elementor-widget elementor-widget-image\" data-id=\"2feea2b\" data-element_type=\"widget\" data-e-type=\"widget\" data-widget_type=\"image.default\">\n\t\t\t\t<div class=\"elementor-widget-container\">\n\t\t\t\t\t\t\t\t\t\t\t\t<figure class=\"wp-caption\">\n\t\t\t\t\t\t\t\t\t\t<img loading=\"lazy\" decoding=\"async\" width=\"580\" height=\"868\" src=\"https:\/\/xn--elrincndemargi-qob.com\/wp-content\/uploads\/2022\/10\/Por-que-escuchamos-musica-triste-estando-tristes_1-1-684x1024.jpg\" class=\"attachment-large size-large wp-image-303\" alt=\"\" srcset=\"https:\/\/xn--elrincndemargi-qob.com\/wp-content\/uploads\/2022\/10\/Por-que-escuchamos-musica-triste-estando-tristes_1-1-684x1024.jpg 684w, https:\/\/xn--elrincndemargi-qob.com\/wp-content\/uploads\/2022\/10\/Por-que-escuchamos-musica-triste-estando-tristes_1-1-200x300.jpg 200w, https:\/\/xn--elrincndemargi-qob.com\/wp-content\/uploads\/2022\/10\/Por-que-escuchamos-musica-triste-estando-tristes_1-1-768x1150.jpg 768w, https:\/\/xn--elrincndemargi-qob.com\/wp-content\/uploads\/2022\/10\/Por-que-escuchamos-musica-triste-estando-tristes_1-1-1026x1536.jpg 1026w, https:\/\/xn--elrincndemargi-qob.com\/wp-content\/uploads\/2022\/10\/Por-que-escuchamos-musica-triste-estando-tristes_1-1-1368x2048.jpg 1368w, https:\/\/xn--elrincndemargi-qob.com\/wp-content\/uploads\/2022\/10\/Por-que-escuchamos-musica-triste-estando-tristes_1-1-1200x1797.jpg 1200w, https:\/\/xn--elrincndemargi-qob.com\/wp-content\/uploads\/2022\/10\/Por-que-escuchamos-musica-triste-estando-tristes_1-1.jpg 1469w\" sizes=\"(max-width: 580px) 100vw, 580px\" \/>\t\t\t\t\t\t\t\t\t\t\t<figcaption class=\"widget-image-caption wp-caption-text\">T\u00edtulo: Por qu\u00e9 escuchamos m\u00fasica triste estando tristes.\nAutora: Marjaneh Vargas Barajas.\nT\u00e9cnica: Acr\u00edlico.\nA\u00f1o: 2021.<\/figcaption>\n\t\t\t\t\t\t\t\t\t\t<\/figure>\n\t\t\t\t\t\t\t\t\t<\/div>\n\t\t\t\t<\/div>\n\t\t\t\t<div class=\"elementor-element elementor-element-7541cf5 elementor-widget elementor-widget-image\" data-id=\"7541cf5\" data-element_type=\"widget\" data-e-type=\"widget\" data-widget_type=\"image.default\">\n\t\t\t\t<div class=\"elementor-widget-container\">\n\t\t\t\t\t\t\t\t\t\t\t\t<figure class=\"wp-caption\">\n\t\t\t\t\t\t\t\t\t\t<img loading=\"lazy\" decoding=\"async\" width=\"580\" height=\"411\" src=\"https:\/\/xn--elrincndemargi-qob.com\/wp-content\/uploads\/2022\/10\/Perfeccionismo_1-1-1024x725.jpg\" class=\"attachment-large size-large wp-image-329\" alt=\"\" srcset=\"https:\/\/xn--elrincndemargi-qob.com\/wp-content\/uploads\/2022\/10\/Perfeccionismo_1-1-1024x725.jpg 1024w, https:\/\/xn--elrincndemargi-qob.com\/wp-content\/uploads\/2022\/10\/Perfeccionismo_1-1-300x212.jpg 300w, https:\/\/xn--elrincndemargi-qob.com\/wp-content\/uploads\/2022\/10\/Perfeccionismo_1-1-768x544.jpg 768w, https:\/\/xn--elrincndemargi-qob.com\/wp-content\/uploads\/2022\/10\/Perfeccionismo_1-1-1536x1088.jpg 1536w, https:\/\/xn--elrincndemargi-qob.com\/wp-content\/uploads\/2022\/10\/Perfeccionismo_1-1-1200x850.jpg 1200w, https:\/\/xn--elrincndemargi-qob.com\/wp-content\/uploads\/2022\/10\/Perfeccionismo_1-1.jpg 1700w\" sizes=\"(max-width: 580px) 100vw, 580px\" \/>\t\t\t\t\t\t\t\t\t\t\t<figcaption class=\"widget-image-caption wp-caption-text\">T\u00edtulo: Perfeccionismo.\nAutora: Marjaneh Vargas Barajas.\nT\u00e9cnica: Stencil con acr\u00edlico. \nA\u00f1o: 2021.<\/figcaption>\n\t\t\t\t\t\t\t\t\t\t<\/figure>\n\t\t\t\t\t\t\t\t\t<\/div>\n\t\t\t\t<\/div>\n\t\t\t\t<div class=\"elementor-element elementor-element-9de1c57 elementor-widget elementor-widget-image\" data-id=\"9de1c57\" data-element_type=\"widget\" data-e-type=\"widget\" data-widget_type=\"image.default\">\n\t\t\t\t<div class=\"elementor-widget-container\">\n\t\t\t\t\t\t\t\t\t\t\t\t<figure class=\"wp-caption\">\n\t\t\t\t\t\t\t\t\t\t<img loading=\"lazy\" decoding=\"async\" width=\"580\" height=\"447\" src=\"https:\/\/xn--elrincndemargi-qob.com\/wp-content\/uploads\/2022\/10\/Mi-cerebro-camaleon-1-1024x789.jpg\" class=\"attachment-large size-large wp-image-310\" alt=\"\" srcset=\"https:\/\/xn--elrincndemargi-qob.com\/wp-content\/uploads\/2022\/10\/Mi-cerebro-camaleon-1-1024x789.jpg 1024w, https:\/\/xn--elrincndemargi-qob.com\/wp-content\/uploads\/2022\/10\/Mi-cerebro-camaleon-1-300x231.jpg 300w, https:\/\/xn--elrincndemargi-qob.com\/wp-content\/uploads\/2022\/10\/Mi-cerebro-camaleon-1-768x592.jpg 768w, https:\/\/xn--elrincndemargi-qob.com\/wp-content\/uploads\/2022\/10\/Mi-cerebro-camaleon-1-1536x1184.jpg 1536w, https:\/\/xn--elrincndemargi-qob.com\/wp-content\/uploads\/2022\/10\/Mi-cerebro-camaleon-1-1200x925.jpg 1200w, https:\/\/xn--elrincndemargi-qob.com\/wp-content\/uploads\/2022\/10\/Mi-cerebro-camaleon-1.jpg 1700w\" sizes=\"(max-width: 580px) 100vw, 580px\" \/>\t\t\t\t\t\t\t\t\t\t\t<figcaption class=\"widget-image-caption wp-caption-text\">T\u00edtulo: Mi cerebro camale\u00f3n.\nAutora: Marjaneh Vargas Barajas.\nT\u00e9cnica: Stencil con acr\u00edlico. \nA\u00f1o: 2021.<\/figcaption>\n\t\t\t\t\t\t\t\t\t\t<\/figure>\n\t\t\t\t\t\t\t\t\t<\/div>\n\t\t\t\t<\/div>\n\t\t\t\t<div class=\"elementor-element elementor-element-c7c8830 elementor-widget elementor-widget-image\" data-id=\"c7c8830\" data-element_type=\"widget\" data-e-type=\"widget\" data-widget_type=\"image.default\">\n\t\t\t\t<div class=\"elementor-widget-container\">\n\t\t\t\t\t\t\t\t\t\t\t\t<figure class=\"wp-caption\">\n\t\t\t\t\t\t\t\t\t\t<img loading=\"lazy\" decoding=\"async\" width=\"580\" height=\"890\" src=\"https:\/\/xn--elrincndemargi-qob.com\/wp-content\/uploads\/2023\/11\/Portada-de-Aclimatacion-667x1024.jpg\" class=\"attachment-large size-large wp-image-1769\" alt=\"\" srcset=\"https:\/\/xn--elrincndemargi-qob.com\/wp-content\/uploads\/2023\/11\/Portada-de-Aclimatacion-667x1024.jpg 667w, https:\/\/xn--elrincndemargi-qob.com\/wp-content\/uploads\/2023\/11\/Portada-de-Aclimatacion-195x300.jpg 195w, https:\/\/xn--elrincndemargi-qob.com\/wp-content\/uploads\/2023\/11\/Portada-de-Aclimatacion-768x1180.jpg 768w, https:\/\/xn--elrincndemargi-qob.com\/wp-content\/uploads\/2023\/11\/Portada-de-Aclimatacion-1000x1536.jpg 1000w, https:\/\/xn--elrincndemargi-qob.com\/wp-content\/uploads\/2023\/11\/Portada-de-Aclimatacion-1333x2048.jpg 1333w, https:\/\/xn--elrincndemargi-qob.com\/wp-content\/uploads\/2023\/11\/Portada-de-Aclimatacion-1200x1844.jpg 1200w, https:\/\/xn--elrincndemargi-qob.com\/wp-content\/uploads\/2023\/11\/Portada-de-Aclimatacion.jpg 1432w\" sizes=\"(max-width: 580px) 100vw, 580px\" \/>\t\t\t\t\t\t\t\t\t\t\t<figcaption class=\"widget-image-caption wp-caption-text\">T\u00edtulo: Portada de Aclimataci\u00f3n.\nAutora: Marjaneh Vargas Barajas.\nT\u00e9cnica: Acr\u00edlico.\nA\u00f1o: 2021.<\/figcaption>\n\t\t\t\t\t\t\t\t\t\t<\/figure>\n\t\t\t\t\t\t\t\t\t<\/div>\n\t\t\t\t<\/div>\n\t\t\t\t<div class=\"elementor-element elementor-element-c93ac81 elementor-widget elementor-widget-image\" data-id=\"c93ac81\" data-element_type=\"widget\" data-e-type=\"widget\" data-widget_type=\"image.default\">\n\t\t\t\t<div class=\"elementor-widget-container\">\n\t\t\t\t\t\t\t\t\t\t\t\t<figure class=\"wp-caption\">\n\t\t\t\t\t\t\t\t\t\t<img loading=\"lazy\" decoding=\"async\" width=\"580\" height=\"387\" src=\"https:\/\/xn--elrincndemargi-qob.com\/wp-content\/uploads\/2023\/11\/Galaxia-joven-1024x683.jpg\" class=\"attachment-large size-large wp-image-1758\" alt=\"\" srcset=\"https:\/\/xn--elrincndemargi-qob.com\/wp-content\/uploads\/2023\/11\/Galaxia-joven-1024x683.jpg 1024w, https:\/\/xn--elrincndemargi-qob.com\/wp-content\/uploads\/2023\/11\/Galaxia-joven-300x200.jpg 300w, https:\/\/xn--elrincndemargi-qob.com\/wp-content\/uploads\/2023\/11\/Galaxia-joven-768x512.jpg 768w, https:\/\/xn--elrincndemargi-qob.com\/wp-content\/uploads\/2023\/11\/Galaxia-joven-1536x1024.jpg 1536w, https:\/\/xn--elrincndemargi-qob.com\/wp-content\/uploads\/2023\/11\/Galaxia-joven-2048x1366.jpg 2048w, https:\/\/xn--elrincndemargi-qob.com\/wp-content\/uploads\/2023\/11\/Galaxia-joven-1200x800.jpg 1200w, https:\/\/xn--elrincndemargi-qob.com\/wp-content\/uploads\/2023\/11\/Galaxia-joven-1980x1320.jpg 1980w\" sizes=\"(max-width: 580px) 100vw, 580px\" \/>\t\t\t\t\t\t\t\t\t\t\t<figcaption class=\"widget-image-caption wp-caption-text\">T\u00edtulo: Galaxia joven.\nAutora: Marjaneh Vargas Barajas. \nT\u00e9cnica: Acr\u00edlico. \nA\u00f1o: 2021.<\/figcaption>\n\t\t\t\t\t\t\t\t\t\t<\/figure>\n\t\t\t\t\t\t\t\t\t<\/div>\n\t\t\t\t<\/div>\n\t\t\t\t<div class=\"elementor-element elementor-element-e454820 elementor-widget elementor-widget-image\" data-id=\"e454820\" data-element_type=\"widget\" data-e-type=\"widget\" data-widget_type=\"image.default\">\n\t\t\t\t<div class=\"elementor-widget-container\">\n\t\t\t\t\t\t\t\t\t\t\t\t<figure class=\"wp-caption\">\n\t\t\t\t\t\t\t\t\t\t<img loading=\"lazy\" decoding=\"async\" width=\"580\" height=\"406\" src=\"https:\/\/xn--elrincndemargi-qob.com\/wp-content\/uploads\/2023\/11\/Galaxia-abstracta-1024x717.jpg\" class=\"attachment-large size-large wp-image-1759\" alt=\"\" srcset=\"https:\/\/xn--elrincndemargi-qob.com\/wp-content\/uploads\/2023\/11\/Galaxia-abstracta-1024x717.jpg 1024w, https:\/\/xn--elrincndemargi-qob.com\/wp-content\/uploads\/2023\/11\/Galaxia-abstracta-300x210.jpg 300w, https:\/\/xn--elrincndemargi-qob.com\/wp-content\/uploads\/2023\/11\/Galaxia-abstracta-768x538.jpg 768w, https:\/\/xn--elrincndemargi-qob.com\/wp-content\/uploads\/2023\/11\/Galaxia-abstracta-1536x1076.jpg 1536w, https:\/\/xn--elrincndemargi-qob.com\/wp-content\/uploads\/2023\/11\/Galaxia-abstracta-2048x1435.jpg 2048w, https:\/\/xn--elrincndemargi-qob.com\/wp-content\/uploads\/2023\/11\/Galaxia-abstracta-1200x841.jpg 1200w, https:\/\/xn--elrincndemargi-qob.com\/wp-content\/uploads\/2023\/11\/Galaxia-abstracta-1980x1387.jpg 1980w\" sizes=\"(max-width: 580px) 100vw, 580px\" \/>\t\t\t\t\t\t\t\t\t\t\t<figcaption class=\"widget-image-caption wp-caption-text\">T\u00edtulo: Galaxia abstracta.\nAutora: Marjaneh Vargas Barajas.\nT\u00e9cnica: Acr\u00edlico. \nA\u00f1o: 2021.<\/figcaption>\n\t\t\t\t\t\t\t\t\t\t<\/figure>\n\t\t\t\t\t\t\t\t\t<\/div>\n\t\t\t\t<\/div>\n\t\t\t\t<div class=\"elementor-element elementor-element-9e51d07 elementor-widget elementor-widget-image\" data-id=\"9e51d07\" data-element_type=\"widget\" data-e-type=\"widget\" data-widget_type=\"image.default\">\n\t\t\t\t<div class=\"elementor-widget-container\">\n\t\t\t\t\t\t\t\t\t\t\t\t<figure class=\"wp-caption\">\n\t\t\t\t\t\t\t\t\t\t<img loading=\"lazy\" decoding=\"async\" width=\"580\" height=\"460\" src=\"https:\/\/xn--elrincndemargi-qob.com\/wp-content\/uploads\/2022\/10\/La-sociedad-del-capitalismo-monocromatico_1-1024x813.jpg\" class=\"attachment-large size-large wp-image-43\" alt=\"\" srcset=\"https:\/\/xn--elrincndemargi-qob.com\/wp-content\/uploads\/2022\/10\/La-sociedad-del-capitalismo-monocromatico_1-1024x813.jpg 1024w, https:\/\/xn--elrincndemargi-qob.com\/wp-content\/uploads\/2022\/10\/La-sociedad-del-capitalismo-monocromatico_1-300x238.jpg 300w, https:\/\/xn--elrincndemargi-qob.com\/wp-content\/uploads\/2022\/10\/La-sociedad-del-capitalismo-monocromatico_1-768x610.jpg 768w, https:\/\/xn--elrincndemargi-qob.com\/wp-content\/uploads\/2022\/10\/La-sociedad-del-capitalismo-monocromatico_1-1536x1220.jpg 1536w, https:\/\/xn--elrincndemargi-qob.com\/wp-content\/uploads\/2022\/10\/La-sociedad-del-capitalismo-monocromatico_1-2048x1627.jpg 2048w\" sizes=\"(max-width: 580px) 100vw, 580px\" \/>\t\t\t\t\t\t\t\t\t\t\t<figcaption class=\"widget-image-caption wp-caption-text\">T\u00edtulo: La sociedad del capitalismo monocrom\u00e1tico. T\u00e9cnica: Acr\u00edlico.\nAutora: Marjaneh Vargas Barajas.\nA\u00f1o: 2020.<\/figcaption>\n\t\t\t\t\t\t\t\t\t\t<\/figure>\n\t\t\t\t\t\t\t\t\t<\/div>\n\t\t\t\t<\/div>\n\t\t\t\t<div class=\"elementor-element elementor-element-1921728 elementor-widget elementor-widget-image\" data-id=\"1921728\" data-element_type=\"widget\" data-e-type=\"widget\" data-widget_type=\"image.default\">\n\t\t\t\t<div class=\"elementor-widget-container\">\n\t\t\t\t\t\t\t\t\t\t\t\t<figure class=\"wp-caption\">\n\t\t\t\t\t\t\t\t\t\t<img loading=\"lazy\" decoding=\"async\" width=\"580\" height=\"798\" src=\"https:\/\/xn--elrincndemargi-qob.com\/wp-content\/uploads\/2022\/10\/Mi-historia-de-terror-744x1024.jpg\" class=\"attachment-large size-large wp-image-44\" alt=\"\" srcset=\"https:\/\/xn--elrincndemargi-qob.com\/wp-content\/uploads\/2022\/10\/Mi-historia-de-terror-744x1024.jpg 744w, https:\/\/xn--elrincndemargi-qob.com\/wp-content\/uploads\/2022\/10\/Mi-historia-de-terror-218x300.jpg 218w, https:\/\/xn--elrincndemargi-qob.com\/wp-content\/uploads\/2022\/10\/Mi-historia-de-terror-768x1057.jpg 768w, https:\/\/xn--elrincndemargi-qob.com\/wp-content\/uploads\/2022\/10\/Mi-historia-de-terror-1116x1536.jpg 1116w, https:\/\/xn--elrincndemargi-qob.com\/wp-content\/uploads\/2022\/10\/Mi-historia-de-terror-1489x2048.jpg 1489w, https:\/\/xn--elrincndemargi-qob.com\/wp-content\/uploads\/2022\/10\/Mi-historia-de-terror.jpg 1599w\" sizes=\"(max-width: 580px) 100vw, 580px\" \/>\t\t\t\t\t\t\t\t\t\t\t<figcaption class=\"widget-image-caption wp-caption-text\">T\u00edtulo: Mi historia de terror.\nT\u00e9cnica: Acr\u00edlico. Autora: Marjaneh Vargas Barajas.\nA\u00f1o: 2020.<\/figcaption>\n\t\t\t\t\t\t\t\t\t\t<\/figure>\n\t\t\t\t\t\t\t\t\t<\/div>\n\t\t\t\t<\/div>\n\t\t\t\t<div class=\"elementor-element elementor-element-9bae005 elementor-widget elementor-widget-image\" data-id=\"9bae005\" data-element_type=\"widget\" data-e-type=\"widget\" data-widget_type=\"image.default\">\n\t\t\t\t<div class=\"elementor-widget-container\">\n\t\t\t\t\t\t\t\t\t\t\t\t<figure class=\"wp-caption\">\n\t\t\t\t\t\t\t\t\t\t<img loading=\"lazy\" decoding=\"async\" width=\"580\" height=\"455\" src=\"https:\/\/xn--elrincndemargi-qob.com\/wp-content\/uploads\/2023\/11\/Adobe-Scan-30-ago.-2020-13_1-1024x804.jpg\" class=\"attachment-large size-large wp-image-1870\" alt=\"\" srcset=\"https:\/\/xn--elrincndemargi-qob.com\/wp-content\/uploads\/2023\/11\/Adobe-Scan-30-ago.-2020-13_1-1024x804.jpg 1024w, https:\/\/xn--elrincndemargi-qob.com\/wp-content\/uploads\/2023\/11\/Adobe-Scan-30-ago.-2020-13_1-300x236.jpg 300w, https:\/\/xn--elrincndemargi-qob.com\/wp-content\/uploads\/2023\/11\/Adobe-Scan-30-ago.-2020-13_1-768x603.jpg 768w, https:\/\/xn--elrincndemargi-qob.com\/wp-content\/uploads\/2023\/11\/Adobe-Scan-30-ago.-2020-13_1-1536x1206.jpg 1536w, https:\/\/xn--elrincndemargi-qob.com\/wp-content\/uploads\/2023\/11\/Adobe-Scan-30-ago.-2020-13_1-2048x1608.jpg 2048w, https:\/\/xn--elrincndemargi-qob.com\/wp-content\/uploads\/2023\/11\/Adobe-Scan-30-ago.-2020-13_1-1200x942.jpg 1200w, https:\/\/xn--elrincndemargi-qob.com\/wp-content\/uploads\/2023\/11\/Adobe-Scan-30-ago.-2020-13_1-1980x1555.jpg 1980w\" sizes=\"(max-width: 580px) 100vw, 580px\" \/>\t\t\t\t\t\t\t\t\t\t\t<figcaption class=\"widget-image-caption wp-caption-text\">T\u00edtulo: Estrellas invisibles para la tierra.\nAutora: Marjaneh Vargas Barajas. \nT\u00e9cnica: Mixta.\nA\u00f1o: 2016.<\/figcaption>\n\t\t\t\t\t\t\t\t\t\t<\/figure>\n\t\t\t\t\t\t\t\t\t<\/div>\n\t\t\t\t<\/div>\n\t\t\t\t<div class=\"elementor-element elementor-element-328a14b elementor-widget elementor-widget-image\" data-id=\"328a14b\" data-element_type=\"widget\" data-e-type=\"widget\" data-widget_type=\"image.default\">\n\t\t\t\t<div class=\"elementor-widget-container\">\n\t\t\t\t\t\t\t\t\t\t\t\t<figure class=\"wp-caption\">\n\t\t\t\t\t\t\t\t\t\t<img loading=\"lazy\" decoding=\"async\" width=\"580\" height=\"403\" src=\"https:\/\/xn--elrincndemargi-qob.com\/wp-content\/uploads\/2023\/11\/El-dragon-gigante-de-hielo-1024x712.jpg\" class=\"attachment-large size-large wp-image-1869\" alt=\"\" srcset=\"https:\/\/xn--elrincndemargi-qob.com\/wp-content\/uploads\/2023\/11\/El-dragon-gigante-de-hielo-1024x712.jpg 1024w, https:\/\/xn--elrincndemargi-qob.com\/wp-content\/uploads\/2023\/11\/El-dragon-gigante-de-hielo-300x209.jpg 300w, https:\/\/xn--elrincndemargi-qob.com\/wp-content\/uploads\/2023\/11\/El-dragon-gigante-de-hielo-768x534.jpg 768w, https:\/\/xn--elrincndemargi-qob.com\/wp-content\/uploads\/2023\/11\/El-dragon-gigante-de-hielo-1536x1068.jpg 1536w, https:\/\/xn--elrincndemargi-qob.com\/wp-content\/uploads\/2023\/11\/El-dragon-gigante-de-hielo-2048x1424.jpg 2048w, https:\/\/xn--elrincndemargi-qob.com\/wp-content\/uploads\/2023\/11\/El-dragon-gigante-de-hielo-1200x835.jpg 1200w, https:\/\/xn--elrincndemargi-qob.com\/wp-content\/uploads\/2023\/11\/El-dragon-gigante-de-hielo-1980x1377.jpg 1980w\" sizes=\"(max-width: 580px) 100vw, 580px\" \/>\t\t\t\t\t\t\t\t\t\t\t<figcaption class=\"widget-image-caption wp-caption-text\">T\u00edtulo: El drag\u00f3n gigante de hielo.\nAutora: Marjaneh Vargas Barajas.\nT\u00e9cnica: Acr\u00edlico.\nA\u00f1o: 2016.\n<\/figcaption>\n\t\t\t\t\t\t\t\t\t\t<\/figure>\n\t\t\t\t\t\t\t\t\t<\/div>\n\t\t\t\t<\/div>\n\t\t\t\t\t<\/div>\n\t\t<\/div>\n\t\t\t\t<div class=\"elementor-column elementor-col-50 elementor-top-column elementor-element elementor-element-f44ec14\" data-id=\"f44ec14\" data-element_type=\"column\" data-e-type=\"column\">\n\t\t\t<div class=\"elementor-widget-wrap elementor-element-populated\">\n\t\t\t\t\t\t<div class=\"elementor-element elementor-element-f1880db elementor-widget elementor-widget-image\" data-id=\"f1880db\" data-element_type=\"widget\" data-e-type=\"widget\" data-widget_type=\"image.default\">\n\t\t\t\t<div class=\"elementor-widget-container\">\n\t\t\t\t\t\t\t\t\t\t\t\t<figure class=\"wp-caption\">\n\t\t\t\t\t\t\t\t\t\t<img loading=\"lazy\" decoding=\"async\" width=\"580\" height=\"725\" src=\"https:\/\/xn--elrincndemargi-qob.com\/wp-content\/uploads\/2025\/07\/Supernova-en-colapso-819x1024.jpg\" class=\"attachment-large size-large wp-image-3008\" alt=\"\" srcset=\"https:\/\/xn--elrincndemargi-qob.com\/wp-content\/uploads\/2025\/07\/Supernova-en-colapso-819x1024.jpg 819w, https:\/\/xn--elrincndemargi-qob.com\/wp-content\/uploads\/2025\/07\/Supernova-en-colapso-240x300.jpg 240w, https:\/\/xn--elrincndemargi-qob.com\/wp-content\/uploads\/2025\/07\/Supernova-en-colapso-768x960.jpg 768w, https:\/\/xn--elrincndemargi-qob.com\/wp-content\/uploads\/2025\/07\/Supernova-en-colapso-1228x1536.jpg 1228w, https:\/\/xn--elrincndemargi-qob.com\/wp-content\/uploads\/2025\/07\/Supernova-en-colapso-1638x2048.jpg 1638w, https:\/\/xn--elrincndemargi-qob.com\/wp-content\/uploads\/2025\/07\/Supernova-en-colapso-1200x1500.jpg 1200w, https:\/\/xn--elrincndemargi-qob.com\/wp-content\/uploads\/2025\/07\/Supernova-en-colapso.jpg 1909w\" sizes=\"(max-width: 580px) 100vw, 580px\" \/>\t\t\t\t\t\t\t\t\t\t\t<figcaption class=\"widget-image-caption wp-caption-text\">T\u00edtulo: Supernova en Colapso.\nAutora: Marjaneh Vargas Barajas.\nT\u00e9cnica: Pintura al \u00f3leo. \nMedidas: 50 x 40 cm.\nA\u00f1o: 2024.\n<\/figcaption>\n\t\t\t\t\t\t\t\t\t\t<\/figure>\n\t\t\t\t\t\t\t\t\t<\/div>\n\t\t\t\t<\/div>\n\t\t\t\t<div class=\"elementor-element elementor-element-88e2d00 elementor-widget elementor-widget-image\" data-id=\"88e2d00\" data-element_type=\"widget\" data-e-type=\"widget\" data-widget_type=\"image.default\">\n\t\t\t\t<div class=\"elementor-widget-container\">\n\t\t\t\t\t\t\t\t\t\t\t\t<figure class=\"wp-caption\">\n\t\t\t\t\t\t\t\t\t\t<img loading=\"lazy\" decoding=\"async\" width=\"580\" height=\"563\" src=\"https:\/\/xn--elrincndemargi-qob.com\/wp-content\/uploads\/2024\/05\/Tu-sacrificio-me-lastima_compressed-1024x994.jpg\" class=\"attachment-large size-large wp-image-2575\" alt=\"\" srcset=\"https:\/\/xn--elrincndemargi-qob.com\/wp-content\/uploads\/2024\/05\/Tu-sacrificio-me-lastima_compressed-1024x994.jpg 1024w, https:\/\/xn--elrincndemargi-qob.com\/wp-content\/uploads\/2024\/05\/Tu-sacrificio-me-lastima_compressed-300x291.jpg 300w, https:\/\/xn--elrincndemargi-qob.com\/wp-content\/uploads\/2024\/05\/Tu-sacrificio-me-lastima_compressed-768x746.jpg 768w, https:\/\/xn--elrincndemargi-qob.com\/wp-content\/uploads\/2024\/05\/Tu-sacrificio-me-lastima_compressed-1536x1492.jpg 1536w, https:\/\/xn--elrincndemargi-qob.com\/wp-content\/uploads\/2024\/05\/Tu-sacrificio-me-lastima_compressed-2048x1989.jpg 2048w, https:\/\/xn--elrincndemargi-qob.com\/wp-content\/uploads\/2024\/05\/Tu-sacrificio-me-lastima_compressed-1200x1165.jpg 1200w, https:\/\/xn--elrincndemargi-qob.com\/wp-content\/uploads\/2024\/05\/Tu-sacrificio-me-lastima_compressed-1980x1923.jpg 1980w\" sizes=\"(max-width: 580px) 100vw, 580px\" \/>\t\t\t\t\t\t\t\t\t\t\t<figcaption class=\"widget-image-caption wp-caption-text\">T\u00edtulo: Tu sacrificio me lastima. \nAutora: Marjaneh Vargas Barajas.\nT\u00e9cnica: Acr\u00edlico.\nMedidas: 33.5 x 34 cm.\nA\u00f1o: 2024.<\/figcaption>\n\t\t\t\t\t\t\t\t\t\t<\/figure>\n\t\t\t\t\t\t\t\t\t<\/div>\n\t\t\t\t<\/div>\n\t\t\t\t<div class=\"elementor-element elementor-element-5004335 elementor-widget elementor-widget-image\" data-id=\"5004335\" data-element_type=\"widget\" data-e-type=\"widget\" data-widget_type=\"image.default\">\n\t\t\t\t<div class=\"elementor-widget-container\">\n\t\t\t\t\t\t\t\t\t\t\t\t<figure class=\"wp-caption\">\n\t\t\t\t\t\t\t\t\t\t<img loading=\"lazy\" decoding=\"async\" width=\"580\" height=\"713\" src=\"https:\/\/xn--elrincndemargi-qob.com\/wp-content\/uploads\/2023\/11\/Autorretrato-al-oleo-2023-833x1024.jpg\" class=\"attachment-large size-large wp-image-2168\" alt=\"\" srcset=\"https:\/\/xn--elrincndemargi-qob.com\/wp-content\/uploads\/2023\/11\/Autorretrato-al-oleo-2023-833x1024.jpg 833w, https:\/\/xn--elrincndemargi-qob.com\/wp-content\/uploads\/2023\/11\/Autorretrato-al-oleo-2023-244x300.jpg 244w, https:\/\/xn--elrincndemargi-qob.com\/wp-content\/uploads\/2023\/11\/Autorretrato-al-oleo-2023-768x944.jpg 768w, https:\/\/xn--elrincndemargi-qob.com\/wp-content\/uploads\/2023\/11\/Autorretrato-al-oleo-2023-1250x1536.jpg 1250w, https:\/\/xn--elrincndemargi-qob.com\/wp-content\/uploads\/2023\/11\/Autorretrato-al-oleo-2023-1666x2048.jpg 1666w, https:\/\/xn--elrincndemargi-qob.com\/wp-content\/uploads\/2023\/11\/Autorretrato-al-oleo-2023-1200x1475.jpg 1200w, https:\/\/xn--elrincndemargi-qob.com\/wp-content\/uploads\/2023\/11\/Autorretrato-al-oleo-2023-1980x2433.jpg 1980w\" sizes=\"(max-width: 580px) 100vw, 580px\" \/>\t\t\t\t\t\t\t\t\t\t\t<figcaption class=\"widget-image-caption wp-caption-text\">T\u00edtulo: Autorretrato.\nAutora: Marjaneh Vargas Barajas.\nT\u00e9cnica: \u00d3leo.\nA\u00f1o 2023.<\/figcaption>\n\t\t\t\t\t\t\t\t\t\t<\/figure>\n\t\t\t\t\t\t\t\t\t<\/div>\n\t\t\t\t<\/div>\n\t\t\t\t<div class=\"elementor-element elementor-element-9fead85 elementor-widget elementor-widget-image\" data-id=\"9fead85\" data-element_type=\"widget\" data-e-type=\"widget\" data-widget_type=\"image.default\">\n\t\t\t\t<div class=\"elementor-widget-container\">\n\t\t\t\t\t\t\t\t\t\t\t\t<figure class=\"wp-caption\">\n\t\t\t\t\t\t\t\t\t\t<img loading=\"lazy\" decoding=\"async\" width=\"580\" height=\"576\" src=\"https:\/\/xn--elrincndemargi-qob.com\/wp-content\/uploads\/2023\/11\/Te-amare-hasta-el-mas-alla-1024x1017.jpg\" class=\"attachment-large size-large wp-image-1767\" alt=\"\" srcset=\"https:\/\/xn--elrincndemargi-qob.com\/wp-content\/uploads\/2023\/11\/Te-amare-hasta-el-mas-alla-1024x1017.jpg 1024w, https:\/\/xn--elrincndemargi-qob.com\/wp-content\/uploads\/2023\/11\/Te-amare-hasta-el-mas-alla-300x298.jpg 300w, https:\/\/xn--elrincndemargi-qob.com\/wp-content\/uploads\/2023\/11\/Te-amare-hasta-el-mas-alla-150x150.jpg 150w, https:\/\/xn--elrincndemargi-qob.com\/wp-content\/uploads\/2023\/11\/Te-amare-hasta-el-mas-alla-768x763.jpg 768w, https:\/\/xn--elrincndemargi-qob.com\/wp-content\/uploads\/2023\/11\/Te-amare-hasta-el-mas-alla-1536x1525.jpg 1536w, https:\/\/xn--elrincndemargi-qob.com\/wp-content\/uploads\/2023\/11\/Te-amare-hasta-el-mas-alla-1200x1192.jpg 1200w, https:\/\/xn--elrincndemargi-qob.com\/wp-content\/uploads\/2023\/11\/Te-amare-hasta-el-mas-alla.jpg 1700w\" sizes=\"(max-width: 580px) 100vw, 580px\" \/>\t\t\t\t\t\t\t\t\t\t\t<figcaption class=\"widget-image-caption wp-caption-text\">T\u00edtulo: Te amar\u00e9 hasta el m\u00e1s all\u00e1.\nAutora: Marjaneh Vargas Barajas.\nT\u00e9cnica: Mixta.\nA\u00f1o: 2023.<\/figcaption>\n\t\t\t\t\t\t\t\t\t\t<\/figure>\n\t\t\t\t\t\t\t\t\t<\/div>\n\t\t\t\t<\/div>\n\t\t\t\t<div class=\"elementor-element elementor-element-b18f0c4 elementor-widget elementor-widget-image\" data-id=\"b18f0c4\" data-element_type=\"widget\" data-e-type=\"widget\" data-widget_type=\"image.default\">\n\t\t\t\t<div class=\"elementor-widget-container\">\n\t\t\t\t\t\t\t\t\t\t\t\t<figure class=\"wp-caption\">\n\t\t\t\t\t\t\t\t\t\t<img loading=\"lazy\" decoding=\"async\" width=\"580\" height=\"393\" src=\"https:\/\/xn--elrincndemargi-qob.com\/wp-content\/uploads\/2023\/11\/Galaxia-funebre-1024x694.jpg\" class=\"attachment-large size-large wp-image-1765\" alt=\"\" srcset=\"https:\/\/xn--elrincndemargi-qob.com\/wp-content\/uploads\/2023\/11\/Galaxia-funebre-1024x694.jpg 1024w, https:\/\/xn--elrincndemargi-qob.com\/wp-content\/uploads\/2023\/11\/Galaxia-funebre-300x203.jpg 300w, https:\/\/xn--elrincndemargi-qob.com\/wp-content\/uploads\/2023\/11\/Galaxia-funebre-768x520.jpg 768w, https:\/\/xn--elrincndemargi-qob.com\/wp-content\/uploads\/2023\/11\/Galaxia-funebre-1536x1040.jpg 1536w, https:\/\/xn--elrincndemargi-qob.com\/wp-content\/uploads\/2023\/11\/Galaxia-funebre-2048x1387.jpg 2048w, https:\/\/xn--elrincndemargi-qob.com\/wp-content\/uploads\/2023\/11\/Galaxia-funebre-1200x813.jpg 1200w, https:\/\/xn--elrincndemargi-qob.com\/wp-content\/uploads\/2023\/11\/Galaxia-funebre-1980x1341.jpg 1980w\" sizes=\"(max-width: 580px) 100vw, 580px\" \/>\t\t\t\t\t\t\t\t\t\t\t<figcaption class=\"widget-image-caption wp-caption-text\">T\u00edtulo: Galaxia f\u00fanebre.\nAutora: Marjaneh Vargas Barajas.\nT\u00e9cnica: \u00d3leo.\nMedidas: 24 x 35 cm.\nA\u00f1o: 2023.<\/figcaption>\n\t\t\t\t\t\t\t\t\t\t<\/figure>\n\t\t\t\t\t\t\t\t\t<\/div>\n\t\t\t\t<\/div>\n\t\t\t\t<div class=\"elementor-element elementor-element-542b625 elementor-widget elementor-widget-image\" data-id=\"542b625\" data-element_type=\"widget\" data-e-type=\"widget\" data-widget_type=\"image.default\">\n\t\t\t\t<div class=\"elementor-widget-container\">\n\t\t\t\t\t\t\t\t\t\t\t\t<figure class=\"wp-caption\">\n\t\t\t\t\t\t\t\t\t\t<img loading=\"lazy\" decoding=\"async\" width=\"580\" height=\"459\" src=\"https:\/\/xn--elrincndemargi-qob.com\/wp-content\/uploads\/2023\/11\/Libro-1024x810.jpg\" class=\"attachment-large size-large wp-image-1781\" alt=\"\" srcset=\"https:\/\/xn--elrincndemargi-qob.com\/wp-content\/uploads\/2023\/11\/Libro-1024x810.jpg 1024w, https:\/\/xn--elrincndemargi-qob.com\/wp-content\/uploads\/2023\/11\/Libro-300x237.jpg 300w, https:\/\/xn--elrincndemargi-qob.com\/wp-content\/uploads\/2023\/11\/Libro-768x607.jpg 768w, https:\/\/xn--elrincndemargi-qob.com\/wp-content\/uploads\/2023\/11\/Libro-1536x1214.jpg 1536w, https:\/\/xn--elrincndemargi-qob.com\/wp-content\/uploads\/2023\/11\/Libro-1200x949.jpg 1200w, https:\/\/xn--elrincndemargi-qob.com\/wp-content\/uploads\/2023\/11\/Libro.jpg 1700w\" sizes=\"(max-width: 580px) 100vw, 580px\" \/>\t\t\t\t\t\t\t\t\t\t\t<figcaption class=\"widget-image-caption wp-caption-text\">T\u00edtulo: Libro.\nAutora: Marjaneh Vargas Barajas.\nT\u00e9cnica: Acr\u00edlico. \nA\u00f1o: 2023.<\/figcaption>\n\t\t\t\t\t\t\t\t\t\t<\/figure>\n\t\t\t\t\t\t\t\t\t<\/div>\n\t\t\t\t<\/div>\n\t\t\t\t<div class=\"elementor-element elementor-element-4a689d6 elementor-widget elementor-widget-image\" data-id=\"4a689d6\" data-element_type=\"widget\" data-e-type=\"widget\" data-widget_type=\"image.default\">\n\t\t\t\t<div class=\"elementor-widget-container\">\n\t\t\t\t\t\t\t\t\t\t\t\t<figure class=\"wp-caption\">\n\t\t\t\t\t\t\t\t\t\t<img loading=\"lazy\" decoding=\"async\" width=\"580\" height=\"450\" src=\"https:\/\/xn--elrincndemargi-qob.com\/wp-content\/uploads\/2023\/01\/Como-aprender-a-escribir-diversos-generos-literarios-1024x794.jpg\" class=\"attachment-large size-large wp-image-1239\" alt=\"\" srcset=\"https:\/\/xn--elrincndemargi-qob.com\/wp-content\/uploads\/2023\/01\/Como-aprender-a-escribir-diversos-generos-literarios-1024x794.jpg 1024w, https:\/\/xn--elrincndemargi-qob.com\/wp-content\/uploads\/2023\/01\/Como-aprender-a-escribir-diversos-generos-literarios-300x233.jpg 300w, https:\/\/xn--elrincndemargi-qob.com\/wp-content\/uploads\/2023\/01\/Como-aprender-a-escribir-diversos-generos-literarios-768x595.jpg 768w, https:\/\/xn--elrincndemargi-qob.com\/wp-content\/uploads\/2023\/01\/Como-aprender-a-escribir-diversos-generos-literarios-1536x1191.jpg 1536w, https:\/\/xn--elrincndemargi-qob.com\/wp-content\/uploads\/2023\/01\/Como-aprender-a-escribir-diversos-generos-literarios-1200x930.jpg 1200w, https:\/\/xn--elrincndemargi-qob.com\/wp-content\/uploads\/2023\/01\/Como-aprender-a-escribir-diversos-generos-literarios.jpg 1700w\" sizes=\"(max-width: 580px) 100vw, 580px\" \/>\t\t\t\t\t\t\t\t\t\t\t<figcaption class=\"widget-image-caption wp-caption-text\">T\u00edtulo: Transici\u00f3n literaria.\nAutora: Marjaneh Vargas Barajas.\nT\u00e9cnica: Acr\u00edlico.\nA\u00f1o: 2023.<\/figcaption>\n\t\t\t\t\t\t\t\t\t\t<\/figure>\n\t\t\t\t\t\t\t\t\t<\/div>\n\t\t\t\t<\/div>\n\t\t\t\t<div class=\"elementor-element elementor-element-edf540a elementor-widget elementor-widget-image\" data-id=\"edf540a\" data-element_type=\"widget\" data-e-type=\"widget\" data-widget_type=\"image.default\">\n\t\t\t\t<div class=\"elementor-widget-container\">\n\t\t\t\t\t\t\t\t\t\t\t\t<figure class=\"wp-caption\">\n\t\t\t\t\t\t\t\t\t\t<img loading=\"lazy\" decoding=\"async\" width=\"580\" height=\"452\" src=\"https:\/\/xn--elrincndemargi-qob.com\/wp-content\/uploads\/2023\/01\/Perdonate-por-tus-equivocaciones-1024x798.jpg\" class=\"attachment-large size-large wp-image-1165\" alt=\"\" srcset=\"https:\/\/xn--elrincndemargi-qob.com\/wp-content\/uploads\/2023\/01\/Perdonate-por-tus-equivocaciones-1024x798.jpg 1024w, https:\/\/xn--elrincndemargi-qob.com\/wp-content\/uploads\/2023\/01\/Perdonate-por-tus-equivocaciones-300x234.jpg 300w, https:\/\/xn--elrincndemargi-qob.com\/wp-content\/uploads\/2023\/01\/Perdonate-por-tus-equivocaciones-768x598.jpg 768w, https:\/\/xn--elrincndemargi-qob.com\/wp-content\/uploads\/2023\/01\/Perdonate-por-tus-equivocaciones-1536x1196.jpg 1536w, https:\/\/xn--elrincndemargi-qob.com\/wp-content\/uploads\/2023\/01\/Perdonate-por-tus-equivocaciones-1200x935.jpg 1200w, https:\/\/xn--elrincndemargi-qob.com\/wp-content\/uploads\/2023\/01\/Perdonate-por-tus-equivocaciones.jpg 1700w\" sizes=\"(max-width: 580px) 100vw, 580px\" \/>\t\t\t\t\t\t\t\t\t\t\t<figcaption class=\"widget-image-caption wp-caption-text\">T\u00edtulo: Perd\u00f3n propio. Autora: Marjaneh Vargas Barajas.\nT\u00e9cnica: Acr\u00edlico. \nA\u00f1o: 2023.<\/figcaption>\n\t\t\t\t\t\t\t\t\t\t<\/figure>\n\t\t\t\t\t\t\t\t\t<\/div>\n\t\t\t\t<\/div>\n\t\t\t\t<div class=\"elementor-element elementor-element-51e2e57 elementor-widget elementor-widget-image\" data-id=\"51e2e57\" data-element_type=\"widget\" data-e-type=\"widget\" data-widget_type=\"image.default\">\n\t\t\t\t<div class=\"elementor-widget-container\">\n\t\t\t\t\t\t\t\t\t\t\t\t<figure class=\"wp-caption\">\n\t\t\t\t\t\t\t\t\t\t<img loading=\"lazy\" decoding=\"async\" width=\"580\" height=\"439\" src=\"https:\/\/xn--elrincndemargi-qob.com\/wp-content\/uploads\/2023\/01\/Soy-muy-impaciente-conmigo-mismo-\u00bfQue-deberia-de-hacer_-1024x775.jpg\" class=\"attachment-large size-large wp-image-1134\" alt=\"\" srcset=\"https:\/\/xn--elrincndemargi-qob.com\/wp-content\/uploads\/2023\/01\/Soy-muy-impaciente-conmigo-mismo-\u00bfQue-deberia-de-hacer_-1024x775.jpg 1024w, https:\/\/xn--elrincndemargi-qob.com\/wp-content\/uploads\/2023\/01\/Soy-muy-impaciente-conmigo-mismo-\u00bfQue-deberia-de-hacer_-300x227.jpg 300w, https:\/\/xn--elrincndemargi-qob.com\/wp-content\/uploads\/2023\/01\/Soy-muy-impaciente-conmigo-mismo-\u00bfQue-deberia-de-hacer_-768x581.jpg 768w, https:\/\/xn--elrincndemargi-qob.com\/wp-content\/uploads\/2023\/01\/Soy-muy-impaciente-conmigo-mismo-\u00bfQue-deberia-de-hacer_-1536x1162.jpg 1536w, https:\/\/xn--elrincndemargi-qob.com\/wp-content\/uploads\/2023\/01\/Soy-muy-impaciente-conmigo-mismo-\u00bfQue-deberia-de-hacer_-1200x908.jpg 1200w, https:\/\/xn--elrincndemargi-qob.com\/wp-content\/uploads\/2023\/01\/Soy-muy-impaciente-conmigo-mismo-\u00bfQue-deberia-de-hacer_.jpg 1700w\" sizes=\"(max-width: 580px) 100vw, 580px\" \/>\t\t\t\t\t\t\t\t\t\t\t<figcaption class=\"widget-image-caption wp-caption-text\">T\u00edtulo: Impaciencia. Autora: Marjaneh Vargas Barajas.\nT\u00e9cnica: Acr\u00edlico.\nA\u00f1o: 2023.<\/figcaption>\n\t\t\t\t\t\t\t\t\t\t<\/figure>\n\t\t\t\t\t\t\t\t\t<\/div>\n\t\t\t\t<\/div>\n\t\t\t\t<div class=\"elementor-element elementor-element-c1a2e0c elementor-widget elementor-widget-image\" data-id=\"c1a2e0c\" data-element_type=\"widget\" data-e-type=\"widget\" data-widget_type=\"image.default\">\n\t\t\t\t<div class=\"elementor-widget-container\">\n\t\t\t\t\t\t\t\t\t\t\t\t<figure class=\"wp-caption\">\n\t\t\t\t\t\t\t\t\t\t<img loading=\"lazy\" decoding=\"async\" width=\"580\" height=\"617\" src=\"https:\/\/xn--elrincndemargi-qob.com\/wp-content\/uploads\/2023\/11\/Patitos-recien-nacidos-963x1024.jpg\" class=\"attachment-large size-large wp-image-1777\" alt=\"\" srcset=\"https:\/\/xn--elrincndemargi-qob.com\/wp-content\/uploads\/2023\/11\/Patitos-recien-nacidos-963x1024.jpg 963w, https:\/\/xn--elrincndemargi-qob.com\/wp-content\/uploads\/2023\/11\/Patitos-recien-nacidos-282x300.jpg 282w, https:\/\/xn--elrincndemargi-qob.com\/wp-content\/uploads\/2023\/11\/Patitos-recien-nacidos-768x816.jpg 768w, https:\/\/xn--elrincndemargi-qob.com\/wp-content\/uploads\/2023\/11\/Patitos-recien-nacidos-1445x1536.jpg 1445w, https:\/\/xn--elrincndemargi-qob.com\/wp-content\/uploads\/2023\/11\/Patitos-recien-nacidos-1200x1276.jpg 1200w, https:\/\/xn--elrincndemargi-qob.com\/wp-content\/uploads\/2023\/11\/Patitos-recien-nacidos.jpg 1700w\" sizes=\"(max-width: 580px) 100vw, 580px\" \/>\t\t\t\t\t\t\t\t\t\t\t<figcaption class=\"widget-image-caption wp-caption-text\">T\u00edtulo: Patitos reci\u00e9n nacidos.\nAutora: Marjaneh Vargas Barajas.\nT\u00e9cnica: Acr\u00edlico.\nA\u00f1o 2022.<\/figcaption>\n\t\t\t\t\t\t\t\t\t\t<\/figure>\n\t\t\t\t\t\t\t\t\t<\/div>\n\t\t\t\t<\/div>\n\t\t\t\t<div class=\"elementor-element elementor-element-9a891ed elementor-widget elementor-widget-image\" data-id=\"9a891ed\" data-element_type=\"widget\" data-e-type=\"widget\" data-widget_type=\"image.default\">\n\t\t\t\t<div class=\"elementor-widget-container\">\n\t\t\t\t\t\t\t\t\t\t\t\t<figure class=\"wp-caption\">\n\t\t\t\t\t\t\t\t\t\t<img loading=\"lazy\" decoding=\"async\" width=\"580\" height=\"442\" src=\"https:\/\/xn--elrincndemargi-qob.com\/wp-content\/uploads\/2022\/11\/Pastillas-de-arte-1024x781.jpg\" class=\"attachment-large size-large wp-image-923\" alt=\"\" srcset=\"https:\/\/xn--elrincndemargi-qob.com\/wp-content\/uploads\/2022\/11\/Pastillas-de-arte-1024x781.jpg 1024w, https:\/\/xn--elrincndemargi-qob.com\/wp-content\/uploads\/2022\/11\/Pastillas-de-arte-300x229.jpg 300w, https:\/\/xn--elrincndemargi-qob.com\/wp-content\/uploads\/2022\/11\/Pastillas-de-arte-768x586.jpg 768w, https:\/\/xn--elrincndemargi-qob.com\/wp-content\/uploads\/2022\/11\/Pastillas-de-arte-1536x1172.jpg 1536w, https:\/\/xn--elrincndemargi-qob.com\/wp-content\/uploads\/2022\/11\/Pastillas-de-arte-1200x916.jpg 1200w, https:\/\/xn--elrincndemargi-qob.com\/wp-content\/uploads\/2022\/11\/Pastillas-de-arte.jpg 1700w\" sizes=\"(max-width: 580px) 100vw, 580px\" \/>\t\t\t\t\t\t\t\t\t\t\t<figcaption class=\"widget-image-caption wp-caption-text\">T\u00edtulo: Pastillas de arte.\nAutora: Marjaneh Vargas Barajas.\nT\u00e9cnica: Acr\u00edlico.\nA\u00f1o: 2022.<\/figcaption>\n\t\t\t\t\t\t\t\t\t\t<\/figure>\n\t\t\t\t\t\t\t\t\t<\/div>\n\t\t\t\t<\/div>\n\t\t\t\t<div class=\"elementor-element elementor-element-efe44df elementor-widget elementor-widget-image\" data-id=\"efe44df\" data-element_type=\"widget\" data-e-type=\"widget\" data-widget_type=\"image.default\">\n\t\t\t\t<div class=\"elementor-widget-container\">\n\t\t\t\t\t\t\t\t\t\t\t\t<figure class=\"wp-caption\">\n\t\t\t\t\t\t\t\t\t\t<img loading=\"lazy\" decoding=\"async\" width=\"580\" height=\"459\" src=\"https:\/\/xn--elrincndemargi-qob.com\/wp-content\/uploads\/2022\/11\/Tostada-de-mantequilla-estrellada-y-feliz-1-1024x810.jpg\" class=\"attachment-large size-large wp-image-889\" alt=\"\" srcset=\"https:\/\/xn--elrincndemargi-qob.com\/wp-content\/uploads\/2022\/11\/Tostada-de-mantequilla-estrellada-y-feliz-1-1024x810.jpg 1024w, https:\/\/xn--elrincndemargi-qob.com\/wp-content\/uploads\/2022\/11\/Tostada-de-mantequilla-estrellada-y-feliz-1-300x237.jpg 300w, https:\/\/xn--elrincndemargi-qob.com\/wp-content\/uploads\/2022\/11\/Tostada-de-mantequilla-estrellada-y-feliz-1-768x607.jpg 768w, https:\/\/xn--elrincndemargi-qob.com\/wp-content\/uploads\/2022\/11\/Tostada-de-mantequilla-estrellada-y-feliz-1-1536x1214.jpg 1536w, https:\/\/xn--elrincndemargi-qob.com\/wp-content\/uploads\/2022\/11\/Tostada-de-mantequilla-estrellada-y-feliz-1-1200x949.jpg 1200w, https:\/\/xn--elrincndemargi-qob.com\/wp-content\/uploads\/2022\/11\/Tostada-de-mantequilla-estrellada-y-feliz-1.jpg 1700w\" sizes=\"(max-width: 580px) 100vw, 580px\" \/>\t\t\t\t\t\t\t\t\t\t\t<figcaption class=\"widget-image-caption wp-caption-text\">T\u00edtulo: Tostada de mantequilla estrellada y feliz.\nAutora: Marjaneh Vargas Barajas.\nT\u00e9cnica: Acr\u00edlico. \nA\u00f1o: 2022.<\/figcaption>\n\t\t\t\t\t\t\t\t\t\t<\/figure>\n\t\t\t\t\t\t\t\t\t<\/div>\n\t\t\t\t<\/div>\n\t\t\t\t<div class=\"elementor-element elementor-element-60b5f05 elementor-widget elementor-widget-image\" data-id=\"60b5f05\" data-element_type=\"widget\" data-e-type=\"widget\" data-widget_type=\"image.default\">\n\t\t\t\t<div class=\"elementor-widget-container\">\n\t\t\t\t\t\t\t\t\t\t\t\t<figure class=\"wp-caption\">\n\t\t\t\t\t\t\t\t\t\t<img loading=\"lazy\" decoding=\"async\" width=\"580\" height=\"468\" src=\"https:\/\/xn--elrincndemargi-qob.com\/wp-content\/uploads\/2022\/11\/Cada-vez-que-alguien-se-suicida-1024x826.jpg\" class=\"attachment-large size-large wp-image-828\" alt=\"\" srcset=\"https:\/\/xn--elrincndemargi-qob.com\/wp-content\/uploads\/2022\/11\/Cada-vez-que-alguien-se-suicida-1024x826.jpg 1024w, https:\/\/xn--elrincndemargi-qob.com\/wp-content\/uploads\/2022\/11\/Cada-vez-que-alguien-se-suicida-300x242.jpg 300w, https:\/\/xn--elrincndemargi-qob.com\/wp-content\/uploads\/2022\/11\/Cada-vez-que-alguien-se-suicida-768x619.jpg 768w, https:\/\/xn--elrincndemargi-qob.com\/wp-content\/uploads\/2022\/11\/Cada-vez-que-alguien-se-suicida-1536x1239.jpg 1536w, https:\/\/xn--elrincndemargi-qob.com\/wp-content\/uploads\/2022\/11\/Cada-vez-que-alguien-se-suicida-1200x968.jpg 1200w, https:\/\/xn--elrincndemargi-qob.com\/wp-content\/uploads\/2022\/11\/Cada-vez-que-alguien-se-suicida.jpg 1700w\" sizes=\"(max-width: 580px) 100vw, 580px\" \/>\t\t\t\t\t\t\t\t\t\t\t<figcaption class=\"widget-image-caption wp-caption-text\">T\u00edtulo: Cada vez que alguien se suicida.\nAutora: Marjaneh Vargas Barajas.\nT\u00e9cnica: Acr\u00edlico.\nA\u00f1o: 2022.<\/figcaption>\n\t\t\t\t\t\t\t\t\t\t<\/figure>\n\t\t\t\t\t\t\t\t\t<\/div>\n\t\t\t\t<\/div>\n\t\t\t\t<div class=\"elementor-element elementor-element-9292319 elementor-widget elementor-widget-image\" data-id=\"9292319\" data-element_type=\"widget\" data-e-type=\"widget\" data-widget_type=\"image.default\">\n\t\t\t\t<div class=\"elementor-widget-container\">\n\t\t\t\t\t\t\t\t\t\t\t\t<figure class=\"wp-caption\">\n\t\t\t\t\t\t\t\t\t\t<img loading=\"lazy\" decoding=\"async\" width=\"580\" height=\"585\" src=\"https:\/\/xn--elrincndemargi-qob.com\/wp-content\/uploads\/2022\/11\/Ciencia-ficcion-1016x1024.jpg\" class=\"attachment-large size-large wp-image-755\" alt=\"\" srcset=\"https:\/\/xn--elrincndemargi-qob.com\/wp-content\/uploads\/2022\/11\/Ciencia-ficcion-1016x1024.jpg 1016w, https:\/\/xn--elrincndemargi-qob.com\/wp-content\/uploads\/2022\/11\/Ciencia-ficcion-298x300.jpg 298w, https:\/\/xn--elrincndemargi-qob.com\/wp-content\/uploads\/2022\/11\/Ciencia-ficcion-150x150.jpg 150w, https:\/\/xn--elrincndemargi-qob.com\/wp-content\/uploads\/2022\/11\/Ciencia-ficcion-768x774.jpg 768w, https:\/\/xn--elrincndemargi-qob.com\/wp-content\/uploads\/2022\/11\/Ciencia-ficcion-1524x1536.jpg 1524w, https:\/\/xn--elrincndemargi-qob.com\/wp-content\/uploads\/2022\/11\/Ciencia-ficcion-1200x1209.jpg 1200w, https:\/\/xn--elrincndemargi-qob.com\/wp-content\/uploads\/2022\/11\/Ciencia-ficcion.jpg 1700w\" sizes=\"(max-width: 580px) 100vw, 580px\" \/>\t\t\t\t\t\t\t\t\t\t\t<figcaption class=\"widget-image-caption wp-caption-text\">T\u00edtulo: Ciencia ficci\u00f3n.\nAutora: Marjaneh Vargas Barajas.\nT\u00e9cnica: Acr\u00edlico.\nA\u00f1o: 2022.<\/figcaption>\n\t\t\t\t\t\t\t\t\t\t<\/figure>\n\t\t\t\t\t\t\t\t\t<\/div>\n\t\t\t\t<\/div>\n\t\t\t\t<div class=\"elementor-element elementor-element-03a330d elementor-widget elementor-widget-image\" data-id=\"03a330d\" data-element_type=\"widget\" data-e-type=\"widget\" data-widget_type=\"image.default\">\n\t\t\t\t<div class=\"elementor-widget-container\">\n\t\t\t\t\t\t\t\t\t\t\t\t<figure class=\"wp-caption\">\n\t\t\t\t\t\t\t\t\t\t<img loading=\"lazy\" decoding=\"async\" width=\"580\" height=\"440\" src=\"https:\/\/xn--elrincndemargi-qob.com\/wp-content\/uploads\/2022\/10\/Perfeccionismo_1-1024x776.jpg\" class=\"attachment-large size-large wp-image-328\" alt=\"\" srcset=\"https:\/\/xn--elrincndemargi-qob.com\/wp-content\/uploads\/2022\/10\/Perfeccionismo_1-1024x776.jpg 1024w, https:\/\/xn--elrincndemargi-qob.com\/wp-content\/uploads\/2022\/10\/Perfeccionismo_1-300x227.jpg 300w, https:\/\/xn--elrincndemargi-qob.com\/wp-content\/uploads\/2022\/10\/Perfeccionismo_1-768x582.jpg 768w, https:\/\/xn--elrincndemargi-qob.com\/wp-content\/uploads\/2022\/10\/Perfeccionismo_1-1536x1165.jpg 1536w, https:\/\/xn--elrincndemargi-qob.com\/wp-content\/uploads\/2022\/10\/Perfeccionismo_1-1200x910.jpg 1200w, https:\/\/xn--elrincndemargi-qob.com\/wp-content\/uploads\/2022\/10\/Perfeccionismo_1.jpg 1700w\" sizes=\"(max-width: 580px) 100vw, 580px\" \/>\t\t\t\t\t\t\t\t\t\t\t<figcaption class=\"widget-image-caption wp-caption-text\">T\u00edtulo: Perfeccionismo.\nAutora: Marjaneh Vargas Barajas.\nT\u00e9cnica: Stencil con acr\u00edlico. \nA\u00f1o: 2021.<\/figcaption>\n\t\t\t\t\t\t\t\t\t\t<\/figure>\n\t\t\t\t\t\t\t\t\t<\/div>\n\t\t\t\t<\/div>\n\t\t\t\t<div class=\"elementor-element elementor-element-2939e48 elementor-widget elementor-widget-image\" data-id=\"2939e48\" data-element_type=\"widget\" data-e-type=\"widget\" data-widget_type=\"image.default\">\n\t\t\t\t<div class=\"elementor-widget-container\">\n\t\t\t\t\t\t\t\t\t\t\t\t<figure class=\"wp-caption\">\n\t\t\t\t\t\t\t\t\t\t<img loading=\"lazy\" decoding=\"async\" width=\"580\" height=\"440\" src=\"https:\/\/xn--elrincndemargi-qob.com\/wp-content\/uploads\/2022\/10\/Mi-cerebro-camaleon-1024x776.jpg\" class=\"attachment-large size-large wp-image-309\" alt=\"\" srcset=\"https:\/\/xn--elrincndemargi-qob.com\/wp-content\/uploads\/2022\/10\/Mi-cerebro-camaleon-1024x776.jpg 1024w, https:\/\/xn--elrincndemargi-qob.com\/wp-content\/uploads\/2022\/10\/Mi-cerebro-camaleon-300x227.jpg 300w, https:\/\/xn--elrincndemargi-qob.com\/wp-content\/uploads\/2022\/10\/Mi-cerebro-camaleon-768x582.jpg 768w, https:\/\/xn--elrincndemargi-qob.com\/wp-content\/uploads\/2022\/10\/Mi-cerebro-camaleon-1536x1165.jpg 1536w, https:\/\/xn--elrincndemargi-qob.com\/wp-content\/uploads\/2022\/10\/Mi-cerebro-camaleon-1200x910.jpg 1200w, https:\/\/xn--elrincndemargi-qob.com\/wp-content\/uploads\/2022\/10\/Mi-cerebro-camaleon.jpg 1700w\" sizes=\"(max-width: 580px) 100vw, 580px\" \/>\t\t\t\t\t\t\t\t\t\t\t<figcaption class=\"widget-image-caption wp-caption-text\">T\u00edtulo: Mi cerebro camale\u00f3n.\nAutora: Marjaneh Vargas Barajas.\nT\u00e9cnica: Stencil con acr\u00edlico. \nA\u00f1o: 2021.<\/figcaption>\n\t\t\t\t\t\t\t\t\t\t<\/figure>\n\t\t\t\t\t\t\t\t\t<\/div>\n\t\t\t\t<\/div>\n\t\t\t\t<div class=\"elementor-element elementor-element-bff965c elementor-widget elementor-widget-image\" data-id=\"bff965c\" data-element_type=\"widget\" data-e-type=\"widget\" data-widget_type=\"image.default\">\n\t\t\t\t<div class=\"elementor-widget-container\">\n\t\t\t\t\t\t\t\t\t\t\t\t<figure class=\"wp-caption\">\n\t\t\t\t\t\t\t\t\t\t<img loading=\"lazy\" decoding=\"async\" width=\"580\" height=\"846\" src=\"https:\/\/xn--elrincndemargi-qob.com\/wp-content\/uploads\/2023\/11\/Contraportada-de-Aclimatacion-702x1024.jpg\" class=\"attachment-large size-large wp-image-1772\" alt=\"\" srcset=\"https:\/\/xn--elrincndemargi-qob.com\/wp-content\/uploads\/2023\/11\/Contraportada-de-Aclimatacion-702x1024.jpg 702w, https:\/\/xn--elrincndemargi-qob.com\/wp-content\/uploads\/2023\/11\/Contraportada-de-Aclimatacion-206x300.jpg 206w, https:\/\/xn--elrincndemargi-qob.com\/wp-content\/uploads\/2023\/11\/Contraportada-de-Aclimatacion-768x1120.jpg 768w, https:\/\/xn--elrincndemargi-qob.com\/wp-content\/uploads\/2023\/11\/Contraportada-de-Aclimatacion-1054x1536.jpg 1054w, https:\/\/xn--elrincndemargi-qob.com\/wp-content\/uploads\/2023\/11\/Contraportada-de-Aclimatacion-1405x2048.jpg 1405w, https:\/\/xn--elrincndemargi-qob.com\/wp-content\/uploads\/2023\/11\/Contraportada-de-Aclimatacion-1200x1750.jpg 1200w, https:\/\/xn--elrincndemargi-qob.com\/wp-content\/uploads\/2023\/11\/Contraportada-de-Aclimatacion.jpg 1509w\" sizes=\"(max-width: 580px) 100vw, 580px\" \/>\t\t\t\t\t\t\t\t\t\t\t<figcaption class=\"widget-image-caption wp-caption-text\">T\u00edtulo: Contraportada de Aclimataci\u00f3n.\nAutora: Marjaneh Vargas Barajas.\nT\u00e9cnica: Acr\u00edlico.\nA\u00f1o: 2021.<\/figcaption>\n\t\t\t\t\t\t\t\t\t\t<\/figure>\n\t\t\t\t\t\t\t\t\t<\/div>\n\t\t\t\t<\/div>\n\t\t\t\t<div class=\"elementor-element elementor-element-02410b3 elementor-widget elementor-widget-image\" data-id=\"02410b3\" data-element_type=\"widget\" data-e-type=\"widget\" data-widget_type=\"image.default\">\n\t\t\t\t<div class=\"elementor-widget-container\">\n\t\t\t\t\t\t\t\t\t\t\t\t<figure class=\"wp-caption\">\n\t\t\t\t\t\t\t\t\t\t<img loading=\"lazy\" decoding=\"async\" width=\"580\" height=\"389\" src=\"https:\/\/xn--elrincndemargi-qob.com\/wp-content\/uploads\/2023\/11\/Galaxia-calida-1024x687.jpg\" class=\"attachment-large size-large wp-image-1757\" alt=\"\" srcset=\"https:\/\/xn--elrincndemargi-qob.com\/wp-content\/uploads\/2023\/11\/Galaxia-calida-1024x687.jpg 1024w, https:\/\/xn--elrincndemargi-qob.com\/wp-content\/uploads\/2023\/11\/Galaxia-calida-300x201.jpg 300w, https:\/\/xn--elrincndemargi-qob.com\/wp-content\/uploads\/2023\/11\/Galaxia-calida-768x515.jpg 768w, https:\/\/xn--elrincndemargi-qob.com\/wp-content\/uploads\/2023\/11\/Galaxia-calida-1536x1031.jpg 1536w, https:\/\/xn--elrincndemargi-qob.com\/wp-content\/uploads\/2023\/11\/Galaxia-calida-2048x1374.jpg 2048w, https:\/\/xn--elrincndemargi-qob.com\/wp-content\/uploads\/2023\/11\/Galaxia-calida-1200x805.jpg 1200w, https:\/\/xn--elrincndemargi-qob.com\/wp-content\/uploads\/2023\/11\/Galaxia-calida-1980x1328.jpg 1980w\" sizes=\"(max-width: 580px) 100vw, 580px\" \/>\t\t\t\t\t\t\t\t\t\t\t<figcaption class=\"widget-image-caption wp-caption-text\">T\u00edtulo: Galaxia c\u00e1lida.\nAutora: Marjaneh Vargas Barajas.\nT\u00e9cnica: Acr\u00edlico. \nA\u00f1o: 2021.<\/figcaption>\n\t\t\t\t\t\t\t\t\t\t<\/figure>\n\t\t\t\t\t\t\t\t\t<\/div>\n\t\t\t\t<\/div>\n\t\t\t\t<div class=\"elementor-element elementor-element-6d417ac elementor-widget elementor-widget-image\" data-id=\"6d417ac\" data-element_type=\"widget\" data-e-type=\"widget\" data-widget_type=\"image.default\">\n\t\t\t\t<div class=\"elementor-widget-container\">\n\t\t\t\t\t\t\t\t\t\t\t\t<figure class=\"wp-caption\">\n\t\t\t\t\t\t\t\t\t\t<img loading=\"lazy\" decoding=\"async\" width=\"580\" height=\"411\" src=\"https:\/\/xn--elrincndemargi-qob.com\/wp-content\/uploads\/2023\/11\/Retrato-de-Loki-1024x725.jpg\" class=\"attachment-large size-large wp-image-1768\" alt=\"\" srcset=\"https:\/\/xn--elrincndemargi-qob.com\/wp-content\/uploads\/2023\/11\/Retrato-de-Loki-1024x725.jpg 1024w, https:\/\/xn--elrincndemargi-qob.com\/wp-content\/uploads\/2023\/11\/Retrato-de-Loki-300x212.jpg 300w, https:\/\/xn--elrincndemargi-qob.com\/wp-content\/uploads\/2023\/11\/Retrato-de-Loki-768x544.jpg 768w, https:\/\/xn--elrincndemargi-qob.com\/wp-content\/uploads\/2023\/11\/Retrato-de-Loki-1536x1088.jpg 1536w, https:\/\/xn--elrincndemargi-qob.com\/wp-content\/uploads\/2023\/11\/Retrato-de-Loki-2048x1450.jpg 2048w, https:\/\/xn--elrincndemargi-qob.com\/wp-content\/uploads\/2023\/11\/Retrato-de-Loki-1200x850.jpg 1200w, https:\/\/xn--elrincndemargi-qob.com\/wp-content\/uploads\/2023\/11\/Retrato-de-Loki-1980x1402.jpg 1980w\" sizes=\"(max-width: 580px) 100vw, 580px\" \/>\t\t\t\t\t\t\t\t\t\t\t<figcaption class=\"widget-image-caption wp-caption-text\">T\u00edtulo:\nAutora: Marjaneh Vargas Barajas.\nT\u00e9cnica: Acr\u00edlico.\nA\u00f1o: 2021.<\/figcaption>\n\t\t\t\t\t\t\t\t\t\t<\/figure>\n\t\t\t\t\t\t\t\t\t<\/div>\n\t\t\t\t<\/div>\n\t\t\t\t<div class=\"elementor-element elementor-element-6f79a96 elementor-widget elementor-widget-image\" data-id=\"6f79a96\" data-element_type=\"widget\" data-e-type=\"widget\" data-widget_type=\"image.default\">\n\t\t\t\t<div class=\"elementor-widget-container\">\n\t\t\t\t\t\t\t\t\t\t\t\t<figure class=\"wp-caption\">\n\t\t\t\t\t\t\t\t\t\t<img loading=\"lazy\" decoding=\"async\" width=\"580\" height=\"415\" src=\"https:\/\/xn--elrincndemargi-qob.com\/wp-content\/uploads\/2023\/11\/Prediabetes-1024x732.jpg\" class=\"attachment-large size-large wp-image-1771\" alt=\"\" srcset=\"https:\/\/xn--elrincndemargi-qob.com\/wp-content\/uploads\/2023\/11\/Prediabetes-1024x732.jpg 1024w, https:\/\/xn--elrincndemargi-qob.com\/wp-content\/uploads\/2023\/11\/Prediabetes-300x214.jpg 300w, https:\/\/xn--elrincndemargi-qob.com\/wp-content\/uploads\/2023\/11\/Prediabetes-768x549.jpg 768w, https:\/\/xn--elrincndemargi-qob.com\/wp-content\/uploads\/2023\/11\/Prediabetes-1536x1098.jpg 1536w, https:\/\/xn--elrincndemargi-qob.com\/wp-content\/uploads\/2023\/11\/Prediabetes-2048x1463.jpg 2048w, https:\/\/xn--elrincndemargi-qob.com\/wp-content\/uploads\/2023\/11\/Prediabetes-1200x857.jpg 1200w, https:\/\/xn--elrincndemargi-qob.com\/wp-content\/uploads\/2023\/11\/Prediabetes-1980x1415.jpg 1980w\" sizes=\"(max-width: 580px) 100vw, 580px\" \/>\t\t\t\t\t\t\t\t\t\t\t<figcaption class=\"widget-image-caption wp-caption-text\">T\u00edtulo: Prediabetes.\nAutora: Marjaneh Vargas Barajas.\nT\u00e9cnica: Acr\u00edlico.\nA\u00f1o: 2021.<\/figcaption>\n\t\t\t\t\t\t\t\t\t\t<\/figure>\n\t\t\t\t\t\t\t\t\t<\/div>\n\t\t\t\t<\/div>\n\t\t\t\t<div class=\"elementor-element elementor-element-c32096c elementor-widget elementor-widget-image\" data-id=\"c32096c\" data-element_type=\"widget\" data-e-type=\"widget\" data-widget_type=\"image.default\">\n\t\t\t\t<div class=\"elementor-widget-container\">\n\t\t\t\t\t\t\t\t\t\t\t\t<figure class=\"wp-caption\">\n\t\t\t\t\t\t\t\t\t\t<img loading=\"lazy\" decoding=\"async\" width=\"580\" height=\"599\" src=\"https:\/\/xn--elrincndemargi-qob.com\/wp-content\/uploads\/2023\/11\/El-robot-de-la-jaula-dorada-992x1024.jpg\" class=\"attachment-large size-large wp-image-1770\" alt=\"\" srcset=\"https:\/\/xn--elrincndemargi-qob.com\/wp-content\/uploads\/2023\/11\/El-robot-de-la-jaula-dorada-992x1024.jpg 992w, https:\/\/xn--elrincndemargi-qob.com\/wp-content\/uploads\/2023\/11\/El-robot-de-la-jaula-dorada-291x300.jpg 291w, https:\/\/xn--elrincndemargi-qob.com\/wp-content\/uploads\/2023\/11\/El-robot-de-la-jaula-dorada-768x792.jpg 768w, https:\/\/xn--elrincndemargi-qob.com\/wp-content\/uploads\/2023\/11\/El-robot-de-la-jaula-dorada-1489x1536.jpg 1489w, https:\/\/xn--elrincndemargi-qob.com\/wp-content\/uploads\/2023\/11\/El-robot-de-la-jaula-dorada-1200x1238.jpg 1200w, https:\/\/xn--elrincndemargi-qob.com\/wp-content\/uploads\/2023\/11\/El-robot-de-la-jaula-dorada.jpg 1700w\" sizes=\"(max-width: 580px) 100vw, 580px\" \/>\t\t\t\t\t\t\t\t\t\t\t<figcaption class=\"widget-image-caption wp-caption-text\">T\u00edtulo: El robot de la jaula dorada.\nAutora: Marjaneh Vargas Barajas. \nT\u00e9cnica: Acr\u00edlico.\nA\u00f1o: 2020.<\/figcaption>\n\t\t\t\t\t\t\t\t\t\t<\/figure>\n\t\t\t\t\t\t\t\t\t<\/div>\n\t\t\t\t<\/div>\n\t\t\t\t<div class=\"elementor-element elementor-element-7c38806 elementor-widget elementor-widget-image\" data-id=\"7c38806\" data-element_type=\"widget\" data-e-type=\"widget\" data-widget_type=\"image.default\">\n\t\t\t\t<div class=\"elementor-widget-container\">\n\t\t\t\t\t\t\t\t\t\t\t\t<figure class=\"wp-caption\">\n\t\t\t\t\t\t\t\t\t\t<img loading=\"lazy\" decoding=\"async\" width=\"580\" height=\"794\" src=\"https:\/\/xn--elrincndemargi-qob.com\/wp-content\/uploads\/2023\/11\/Mi-hidrofobia-748x1024.jpg\" class=\"attachment-large size-large wp-image-1867\" alt=\"\" srcset=\"https:\/\/xn--elrincndemargi-qob.com\/wp-content\/uploads\/2023\/11\/Mi-hidrofobia-748x1024.jpg 748w, https:\/\/xn--elrincndemargi-qob.com\/wp-content\/uploads\/2023\/11\/Mi-hidrofobia-219x300.jpg 219w, https:\/\/xn--elrincndemargi-qob.com\/wp-content\/uploads\/2023\/11\/Mi-hidrofobia-768x1051.jpg 768w, https:\/\/xn--elrincndemargi-qob.com\/wp-content\/uploads\/2023\/11\/Mi-hidrofobia-1122x1536.jpg 1122w, https:\/\/xn--elrincndemargi-qob.com\/wp-content\/uploads\/2023\/11\/Mi-hidrofobia-1496x2048.jpg 1496w, https:\/\/xn--elrincndemargi-qob.com\/wp-content\/uploads\/2023\/11\/Mi-hidrofobia-1200x1643.jpg 1200w, https:\/\/xn--elrincndemargi-qob.com\/wp-content\/uploads\/2023\/11\/Mi-hidrofobia.jpg 1607w\" sizes=\"(max-width: 580px) 100vw, 580px\" \/>\t\t\t\t\t\t\t\t\t\t\t<figcaption class=\"widget-image-caption wp-caption-text\">T\u00edtulo: Mi hidrofobia.\nAutora: Marjaneh Vargas Barajas.\nT\u00e9cnica: Acr\u00edlico.\nA\u00f1o: 2020.<\/figcaption>\n\t\t\t\t\t\t\t\t\t\t<\/figure>\n\t\t\t\t\t\t\t\t\t<\/div>\n\t\t\t\t<\/div>\n\t\t\t\t<div class=\"elementor-element elementor-element-d9b4366 elementor-widget elementor-widget-image\" data-id=\"d9b4366\" data-element_type=\"widget\" data-e-type=\"widget\" data-widget_type=\"image.default\">\n\t\t\t\t<div class=\"elementor-widget-container\">\n\t\t\t\t\t\t\t\t\t\t\t\t<figure class=\"wp-caption\">\n\t\t\t\t\t\t\t\t\t\t<img loading=\"lazy\" decoding=\"async\" width=\"580\" height=\"429\" src=\"https:\/\/xn--elrincndemargi-qob.com\/wp-content\/uploads\/2023\/11\/Nostalgia-1024x758.jpg\" class=\"attachment-large size-large wp-image-1866\" alt=\"\" srcset=\"https:\/\/xn--elrincndemargi-qob.com\/wp-content\/uploads\/2023\/11\/Nostalgia-1024x758.jpg 1024w, https:\/\/xn--elrincndemargi-qob.com\/wp-content\/uploads\/2023\/11\/Nostalgia-300x222.jpg 300w, https:\/\/xn--elrincndemargi-qob.com\/wp-content\/uploads\/2023\/11\/Nostalgia-768x569.jpg 768w, https:\/\/xn--elrincndemargi-qob.com\/wp-content\/uploads\/2023\/11\/Nostalgia-1536x1137.jpg 1536w, https:\/\/xn--elrincndemargi-qob.com\/wp-content\/uploads\/2023\/11\/Nostalgia-2048x1516.jpg 2048w, https:\/\/xn--elrincndemargi-qob.com\/wp-content\/uploads\/2023\/11\/Nostalgia-1200x889.jpg 1200w, https:\/\/xn--elrincndemargi-qob.com\/wp-content\/uploads\/2023\/11\/Nostalgia-1980x1466.jpg 1980w\" sizes=\"(max-width: 580px) 100vw, 580px\" \/>\t\t\t\t\t\t\t\t\t\t\t<figcaption class=\"widget-image-caption wp-caption-text\">T\u00edtulo: Nostalgia.\nAutora: Marjaneh Vargas Barajas.\nT\u00e9cnica: Acr\u00edlico.\nA\u00f1o: 2020.<\/figcaption>\n\t\t\t\t\t\t\t\t\t\t<\/figure>\n\t\t\t\t\t\t\t\t\t<\/div>\n\t\t\t\t<\/div>\n\t\t\t\t<div class=\"elementor-element elementor-element-6e87a2a elementor-widget elementor-widget-image\" data-id=\"6e87a2a\" data-element_type=\"widget\" data-e-type=\"widget\" data-widget_type=\"image.default\">\n\t\t\t\t<div class=\"elementor-widget-container\">\n\t\t\t\t\t\t\t\t\t\t\t\t<figure class=\"wp-caption\">\n\t\t\t\t\t\t\t\t\t\t<img loading=\"lazy\" decoding=\"async\" width=\"580\" height=\"432\" src=\"https:\/\/xn--elrincndemargi-qob.com\/wp-content\/uploads\/2023\/11\/La-nina-que-decidio-servir-a-la-muerte-1024x762.jpg\" class=\"attachment-large size-large wp-image-1868\" alt=\"\" srcset=\"https:\/\/xn--elrincndemargi-qob.com\/wp-content\/uploads\/2023\/11\/La-nina-que-decidio-servir-a-la-muerte-1024x762.jpg 1024w, https:\/\/xn--elrincndemargi-qob.com\/wp-content\/uploads\/2023\/11\/La-nina-que-decidio-servir-a-la-muerte-300x223.jpg 300w, https:\/\/xn--elrincndemargi-qob.com\/wp-content\/uploads\/2023\/11\/La-nina-que-decidio-servir-a-la-muerte-768x572.jpg 768w, https:\/\/xn--elrincndemargi-qob.com\/wp-content\/uploads\/2023\/11\/La-nina-que-decidio-servir-a-la-muerte-1536x1143.jpg 1536w, https:\/\/xn--elrincndemargi-qob.com\/wp-content\/uploads\/2023\/11\/La-nina-que-decidio-servir-a-la-muerte-2048x1525.jpg 2048w, https:\/\/xn--elrincndemargi-qob.com\/wp-content\/uploads\/2023\/11\/La-nina-que-decidio-servir-a-la-muerte-1200x893.jpg 1200w, https:\/\/xn--elrincndemargi-qob.com\/wp-content\/uploads\/2023\/11\/La-nina-que-decidio-servir-a-la-muerte-1980x1474.jpg 1980w\" sizes=\"(max-width: 580px) 100vw, 580px\" \/>\t\t\t\t\t\t\t\t\t\t\t<figcaption class=\"widget-image-caption wp-caption-text\">T\u00edtulo: La ni\u00f1a que decidi\u00f3 servir a la muerte.\nAutora: Marjaneh Vargas Barajas.\nT\u00e9cnica: Acr\u00edlico.\nA\u00f1o: 2016.\n<\/figcaption>\n\t\t\t\t\t\t\t\t\t\t<\/figure>\n\t\t\t\t\t\t\t\t\t<\/div>\n\t\t\t\t<\/div>\n\t\t\t\t\t<\/div>\n\t\t<\/div>\n\t\t\t\t\t<\/div>\n\t\t<\/section>\n\t\t\t\t<section class=\"elementor-section elementor-top-section elementor-element elementor-element-018f43b elementor-section-boxed elementor-section-height-default elementor-section-height-default\" data-id=\"018f43b\" data-element_type=\"section\" data-e-type=\"section\">\n\t\t\t\t\t\t<div class=\"elementor-container elementor-column-gap-default\">\n\t\t\t\t\t<div class=\"elementor-column elementor-col-100 elementor-top-column elementor-element elementor-element-69aa6b9\" data-id=\"69aa6b9\" data-element_type=\"column\" data-e-type=\"column\">\n\t\t\t<div class=\"elementor-widget-wrap elementor-element-populated\">\n\t\t\t\t\t\t<div class=\"elementor-element elementor-element-49254a1 elementor-widget elementor-widget-text-editor\" data-id=\"49254a1\" data-element_type=\"widget\" data-e-type=\"widget\" data-widget_type=\"text-editor.default\">\n\t\t\t\t<div class=\"elementor-widget-container\">\n\t\t\t\t\t\t\t\t\t<h6>\u00a9 Marjaneh Vargas Barajas \u2014 Todos los derechos reservados. | <a href=\"https:\/\/xn--elrincndemargi-qob.com\/index.php\/derechos-de-autor\/\">Derechos de Autor<\/a><\/h6>\t\t\t\t\t\t\t\t<\/div>\n\t\t\t\t<\/div>\n\t\t\t\t\t<\/div>\n\t\t<\/div>\n\t\t\t\t\t<\/div>\n\t\t<\/section>\n\t\t\t\t<\/div>\n\t\t","protected":false},"excerpt":{"rendered":"<p>Aqu\u00ed podr\u00e1s encontrar todas mis pinturas, desde mi trabajo m\u00e1s reciente hasta el m\u00e1s antiguo. T\u00edtulo: Cu\u00e1sar con n\u00facleo de agujero negro. Autora: Marjaneh Vargas Barajas. T\u00e9cnica: Pintura al \u00f3leo. Medidas: 40 x 50 cm. A\u00f1o: 2025. T\u00edtulo: Teletransportaci\u00f3n a trav\u00e9s de agujeros negros. Autora: Marjaneh Vargas Barajas. T\u00e9cnica: Pintura al \u00f3leo. Medidas: 40 x [&hellip;]<\/p>\n","protected":false},"author":1,"featured_media":0,"parent":0,"menu_order":0,"comment_status":"closed","ping_status":"closed","template":"","meta":{"om_disable_all_campaigns":false,"_monsterinsights_skip_tracking":false,"_monsterinsights_sitenote_active":false,"_monsterinsights_sitenote_note":"","_monsterinsights_sitenote_category":0,"footnotes":""},"class_list":["post-1755","page","type-page","status-publish","hentry"],"aioseo_notices":[],"_links":{"self":[{"href":"https:\/\/xn--elrincndemargi-qob.com\/index.php\/wp-json\/wp\/v2\/pages\/1755","targetHints":{"allow":["GET"]}}],"collection":[{"href":"https:\/\/xn--elrincndemargi-qob.com\/index.php\/wp-json\/wp\/v2\/pages"}],"about":[{"href":"https:\/\/xn--elrincndemargi-qob.com\/index.php\/wp-json\/wp\/v2\/types\/page"}],"author":[{"embeddable":true,"href":"https:\/\/xn--elrincndemargi-qob.com\/index.php\/wp-json\/wp\/v2\/users\/1"}],"replies":[{"embeddable":true,"href":"https:\/\/xn--elrincndemargi-qob.com\/index.php\/wp-json\/wp\/v2\/comments?post=1755"}],"version-history":[{"count":49,"href":"https:\/\/xn--elrincndemargi-qob.com\/index.php\/wp-json\/wp\/v2\/pages\/1755\/revisions"}],"predecessor-version":[{"id":3013,"href":"https:\/\/xn--elrincndemargi-qob.com\/index.php\/wp-json\/wp\/v2\/pages\/1755\/revisions\/3013"}],"wp:attachment":[{"href":"https:\/\/xn--elrincndemargi-qob.com\/index.php\/wp-json\/wp\/v2\/media?parent=1755"}],"curies":[{"name":"wp","href":"https:\/\/api.w.org\/{rel}","templated":true}]}}