{"id":1750,"date":"2023-11-08T05:42:20","date_gmt":"2023-11-08T05:42:20","guid":{"rendered":"https:\/\/xn--elrincndemargi-qob.com\/?page_id=1750"},"modified":"2025-11-03T06:28:03","modified_gmt":"2025-11-03T06:28:03","slug":"mis-ilustraciones","status":"publish","type":"page","link":"https:\/\/xn--elrincndemargi-qob.com\/index.php\/mis-ilustraciones\/","title":{"rendered":"Mis ilustraciones"},"content":{"rendered":"\t\t<div data-elementor-type=\"wp-page\" data-elementor-id=\"1750\" class=\"elementor elementor-1750\">\n\t\t\t\t\t\t<section class=\"elementor-section elementor-top-section elementor-element elementor-element-05af067 elementor-section-boxed elementor-section-height-default elementor-section-height-default\" data-id=\"05af067\" data-element_type=\"section\" data-e-type=\"section\">\n\t\t\t\t\t\t<div class=\"elementor-container elementor-column-gap-default\">\n\t\t\t\t\t<div class=\"elementor-column elementor-col-100 elementor-top-column elementor-element elementor-element-26249a8\" data-id=\"26249a8\" data-element_type=\"column\" data-e-type=\"column\">\n\t\t\t<div class=\"elementor-widget-wrap elementor-element-populated\">\n\t\t\t\t\t\t<div class=\"elementor-element elementor-element-54be652 elementor-widget elementor-widget-heading\" data-id=\"54be652\" data-element_type=\"widget\" data-e-type=\"widget\" data-widget_type=\"heading.default\">\n\t\t\t\t<div class=\"elementor-widget-container\">\n\t\t\t\t\t<h2 class=\"elementor-heading-title elementor-size-large\">Aqu\u00ed podr\u00e1s encontrar mis ilustraciones digitales, desde lo m\u00e1s reciente hasta lo m\u00e1s antiguo:<\/h2>\t\t\t\t<\/div>\n\t\t\t\t<\/div>\n\t\t\t\t\t<\/div>\n\t\t<\/div>\n\t\t\t\t\t<\/div>\n\t\t<\/section>\n\t\t\t\t<section class=\"elementor-section elementor-top-section elementor-element elementor-element-c08f664 elementor-section-boxed elementor-section-height-default elementor-section-height-default\" data-id=\"c08f664\" data-element_type=\"section\" data-e-type=\"section\">\n\t\t\t\t\t\t<div class=\"elementor-container elementor-column-gap-default\">\n\t\t\t\t\t<div class=\"elementor-column elementor-col-50 elementor-top-column elementor-element elementor-element-2ba3de9\" data-id=\"2ba3de9\" data-element_type=\"column\" data-e-type=\"column\">\n\t\t\t<div class=\"elementor-widget-wrap elementor-element-populated\">\n\t\t\t\t\t\t<div class=\"elementor-element elementor-element-905ac15 elementor-widget elementor-widget-image\" data-id=\"905ac15\" data-element_type=\"widget\" data-e-type=\"widget\" data-widget_type=\"image.default\">\n\t\t\t\t<div class=\"elementor-widget-container\">\n\t\t\t\t\t\t\t\t\t\t\t\t<figure class=\"wp-caption\">\n\t\t\t\t\t\t\t\t\t\t<img fetchpriority=\"high\" decoding=\"async\" width=\"580\" height=\"448\" src=\"https:\/\/xn--elrincndemargi-qob.com\/wp-content\/uploads\/2024\/05\/Consulta-psiquiatrica-latinoamericana_Mesa-de-trabajo-1_Compressed-1024x791.jpg\" class=\"attachment-large size-large wp-image-2545\" alt=\"\" srcset=\"https:\/\/xn--elrincndemargi-qob.com\/wp-content\/uploads\/2024\/05\/Consulta-psiquiatrica-latinoamericana_Mesa-de-trabajo-1_Compressed-1024x791.jpg 1024w, https:\/\/xn--elrincndemargi-qob.com\/wp-content\/uploads\/2024\/05\/Consulta-psiquiatrica-latinoamericana_Mesa-de-trabajo-1_Compressed-300x232.jpg 300w, https:\/\/xn--elrincndemargi-qob.com\/wp-content\/uploads\/2024\/05\/Consulta-psiquiatrica-latinoamericana_Mesa-de-trabajo-1_Compressed-768x593.jpg 768w, https:\/\/xn--elrincndemargi-qob.com\/wp-content\/uploads\/2024\/05\/Consulta-psiquiatrica-latinoamericana_Mesa-de-trabajo-1_Compressed-1536x1187.jpg 1536w, https:\/\/xn--elrincndemargi-qob.com\/wp-content\/uploads\/2024\/05\/Consulta-psiquiatrica-latinoamericana_Mesa-de-trabajo-1_Compressed-2048x1583.jpg 2048w, https:\/\/xn--elrincndemargi-qob.com\/wp-content\/uploads\/2024\/05\/Consulta-psiquiatrica-latinoamericana_Mesa-de-trabajo-1_Compressed-1200x927.jpg 1200w, https:\/\/xn--elrincndemargi-qob.com\/wp-content\/uploads\/2024\/05\/Consulta-psiquiatrica-latinoamericana_Mesa-de-trabajo-1_Compressed-1980x1530.jpg 1980w\" sizes=\"(max-width: 580px) 100vw, 580px\" \/>\t\t\t\t\t\t\t\t\t\t\t<figcaption class=\"widget-image-caption wp-caption-text\">T\u00edtulo: Consulta psiqui\u00e1trica latinoamericana. \nAutora: Marjaneh Vargas Barajas.\nT\u00e9cnica: Fotograf\u00eda intervenida con ilustraci\u00f3n.\nMedidas: 3,300 x 2550 px.\nA\u00f1o: 2024.  \n<\/figcaption>\n\t\t\t\t\t\t\t\t\t\t<\/figure>\n\t\t\t\t\t\t\t\t\t<\/div>\n\t\t\t\t<\/div>\n\t\t\t\t<div class=\"elementor-element elementor-element-8688e86 elementor-widget elementor-widget-image\" data-id=\"8688e86\" data-element_type=\"widget\" data-e-type=\"widget\" data-widget_type=\"image.default\">\n\t\t\t\t<div class=\"elementor-widget-container\">\n\t\t\t\t\t\t\t\t\t\t\t\t<figure class=\"wp-caption\">\n\t\t\t\t\t\t\t\t\t\t<img decoding=\"async\" width=\"580\" height=\"448\" src=\"https:\/\/xn--elrincndemargi-qob.com\/wp-content\/uploads\/2024\/05\/Presa-del-desabasto_Mesa-de-trabajo-1_compressed-1024x791.jpg\" class=\"attachment-large size-large wp-image-2543\" alt=\"\" srcset=\"https:\/\/xn--elrincndemargi-qob.com\/wp-content\/uploads\/2024\/05\/Presa-del-desabasto_Mesa-de-trabajo-1_compressed-1024x791.jpg 1024w, https:\/\/xn--elrincndemargi-qob.com\/wp-content\/uploads\/2024\/05\/Presa-del-desabasto_Mesa-de-trabajo-1_compressed-300x232.jpg 300w, https:\/\/xn--elrincndemargi-qob.com\/wp-content\/uploads\/2024\/05\/Presa-del-desabasto_Mesa-de-trabajo-1_compressed-768x593.jpg 768w, https:\/\/xn--elrincndemargi-qob.com\/wp-content\/uploads\/2024\/05\/Presa-del-desabasto_Mesa-de-trabajo-1_compressed-1536x1187.jpg 1536w, https:\/\/xn--elrincndemargi-qob.com\/wp-content\/uploads\/2024\/05\/Presa-del-desabasto_Mesa-de-trabajo-1_compressed-2048x1583.jpg 2048w, https:\/\/xn--elrincndemargi-qob.com\/wp-content\/uploads\/2024\/05\/Presa-del-desabasto_Mesa-de-trabajo-1_compressed-1200x927.jpg 1200w, https:\/\/xn--elrincndemargi-qob.com\/wp-content\/uploads\/2024\/05\/Presa-del-desabasto_Mesa-de-trabajo-1_compressed-1980x1530.jpg 1980w\" sizes=\"(max-width: 580px) 100vw, 580px\" \/>\t\t\t\t\t\t\t\t\t\t\t<figcaption class=\"widget-image-caption wp-caption-text\">T\u00edtulo: Presa del desabasto. \nAutora: Marjaneh Vargas Barajas.\nT\u00e9cnica: Fotograf\u00eda intervenida con ilustraci\u00f3n. \nMedidas: 3,300 x 2550 px. \nA\u00f1o: 2024. \n<\/figcaption>\n\t\t\t\t\t\t\t\t\t\t<\/figure>\n\t\t\t\t\t\t\t\t\t<\/div>\n\t\t\t\t<\/div>\n\t\t\t\t<div class=\"elementor-element elementor-element-39075e4 elementor-widget elementor-widget-image\" data-id=\"39075e4\" data-element_type=\"widget\" data-e-type=\"widget\" data-widget_type=\"image.default\">\n\t\t\t\t<div class=\"elementor-widget-container\">\n\t\t\t\t\t\t\t\t\t\t\t\t<figure class=\"wp-caption\">\n\t\t\t\t\t\t\t\t\t\t<img decoding=\"async\" width=\"580\" height=\"487\" src=\"https:\/\/xn--elrincndemargi-qob.com\/wp-content\/uploads\/2023\/11\/Lagrimas-de-sol_Mesa-de-trabajo-1_Compressed-1024x859.jpg\" class=\"attachment-large size-large wp-image-1940\" alt=\"\" srcset=\"https:\/\/xn--elrincndemargi-qob.com\/wp-content\/uploads\/2023\/11\/Lagrimas-de-sol_Mesa-de-trabajo-1_Compressed-1024x859.jpg 1024w, https:\/\/xn--elrincndemargi-qob.com\/wp-content\/uploads\/2023\/11\/Lagrimas-de-sol_Mesa-de-trabajo-1_Compressed-300x252.jpg 300w, https:\/\/xn--elrincndemargi-qob.com\/wp-content\/uploads\/2023\/11\/Lagrimas-de-sol_Mesa-de-trabajo-1_Compressed-768x644.jpg 768w, https:\/\/xn--elrincndemargi-qob.com\/wp-content\/uploads\/2023\/11\/Lagrimas-de-sol_Mesa-de-trabajo-1_Compressed-1536x1288.jpg 1536w, https:\/\/xn--elrincndemargi-qob.com\/wp-content\/uploads\/2023\/11\/Lagrimas-de-sol_Mesa-de-trabajo-1_Compressed-2048x1717.jpg 2048w, https:\/\/xn--elrincndemargi-qob.com\/wp-content\/uploads\/2023\/11\/Lagrimas-de-sol_Mesa-de-trabajo-1_Compressed-1200x1006.jpg 1200w, https:\/\/xn--elrincndemargi-qob.com\/wp-content\/uploads\/2023\/11\/Lagrimas-de-sol_Mesa-de-trabajo-1_Compressed-1980x1660.jpg 1980w\" sizes=\"(max-width: 580px) 100vw, 580px\" \/>\t\t\t\t\t\t\t\t\t\t\t<figcaption class=\"widget-image-caption wp-caption-text\">T\u00edtulo: L\u00e1grimas de sol.\nAutora: Marjaneh Vargas Barajas.\nT\u00e9cnica: Ilustraci\u00f3n.\nA\u00f1o: 2023.\n<\/figcaption>\n\t\t\t\t\t\t\t\t\t\t<\/figure>\n\t\t\t\t\t\t\t\t\t<\/div>\n\t\t\t\t<\/div>\n\t\t\t\t<div class=\"elementor-element elementor-element-f8aee2f elementor-widget elementor-widget-image\" data-id=\"f8aee2f\" data-element_type=\"widget\" data-e-type=\"widget\" data-widget_type=\"image.default\">\n\t\t\t\t<div class=\"elementor-widget-container\">\n\t\t\t\t\t\t\t\t\t\t\t\t<figure class=\"wp-caption\">\n\t\t\t\t\t\t\t\t\t\t<img loading=\"lazy\" decoding=\"async\" width=\"580\" height=\"487\" src=\"https:\/\/xn--elrincndemargi-qob.com\/wp-content\/uploads\/2023\/11\/Fantasmas-en-torno-a-una-vela_Compressed-1024x859.jpg\" class=\"attachment-large size-large wp-image-1935\" alt=\"\" srcset=\"https:\/\/xn--elrincndemargi-qob.com\/wp-content\/uploads\/2023\/11\/Fantasmas-en-torno-a-una-vela_Compressed-1024x859.jpg 1024w, https:\/\/xn--elrincndemargi-qob.com\/wp-content\/uploads\/2023\/11\/Fantasmas-en-torno-a-una-vela_Compressed-300x252.jpg 300w, https:\/\/xn--elrincndemargi-qob.com\/wp-content\/uploads\/2023\/11\/Fantasmas-en-torno-a-una-vela_Compressed-768x644.jpg 768w, https:\/\/xn--elrincndemargi-qob.com\/wp-content\/uploads\/2023\/11\/Fantasmas-en-torno-a-una-vela_Compressed-1536x1288.jpg 1536w, https:\/\/xn--elrincndemargi-qob.com\/wp-content\/uploads\/2023\/11\/Fantasmas-en-torno-a-una-vela_Compressed-2048x1717.jpg 2048w, https:\/\/xn--elrincndemargi-qob.com\/wp-content\/uploads\/2023\/11\/Fantasmas-en-torno-a-una-vela_Compressed-1200x1006.jpg 1200w, https:\/\/xn--elrincndemargi-qob.com\/wp-content\/uploads\/2023\/11\/Fantasmas-en-torno-a-una-vela_Compressed-1980x1660.jpg 1980w\" sizes=\"(max-width: 580px) 100vw, 580px\" \/>\t\t\t\t\t\t\t\t\t\t\t<figcaption class=\"widget-image-caption wp-caption-text\">T\u00edtulo: Fantasmas en torno a una vela.\nAutora: Marjaneh Vargas Barajas. \nT\u00e9cnica: Fotograf\u00eda intervenida con ilustraci\u00f3n.\nA\u00f1o: 2023.<\/figcaption>\n\t\t\t\t\t\t\t\t\t\t<\/figure>\n\t\t\t\t\t\t\t\t\t<\/div>\n\t\t\t\t<\/div>\n\t\t\t\t<div class=\"elementor-element elementor-element-897a7ed elementor-widget elementor-widget-image\" data-id=\"897a7ed\" data-element_type=\"widget\" data-e-type=\"widget\" data-widget_type=\"image.default\">\n\t\t\t\t<div class=\"elementor-widget-container\">\n\t\t\t\t\t\t\t\t\t\t\t\t<figure class=\"wp-caption\">\n\t\t\t\t\t\t\t\t\t\t<img loading=\"lazy\" decoding=\"async\" width=\"580\" height=\"448\" src=\"https:\/\/xn--elrincndemargi-qob.com\/wp-content\/uploads\/2023\/11\/Dos-galaxias-enlazandose_Compressed-1024x791.jpg\" class=\"attachment-large size-large wp-image-1931\" alt=\"\" srcset=\"https:\/\/xn--elrincndemargi-qob.com\/wp-content\/uploads\/2023\/11\/Dos-galaxias-enlazandose_Compressed-1024x791.jpg 1024w, https:\/\/xn--elrincndemargi-qob.com\/wp-content\/uploads\/2023\/11\/Dos-galaxias-enlazandose_Compressed-300x232.jpg 300w, https:\/\/xn--elrincndemargi-qob.com\/wp-content\/uploads\/2023\/11\/Dos-galaxias-enlazandose_Compressed-768x593.jpg 768w, https:\/\/xn--elrincndemargi-qob.com\/wp-content\/uploads\/2023\/11\/Dos-galaxias-enlazandose_Compressed-1536x1187.jpg 1536w, https:\/\/xn--elrincndemargi-qob.com\/wp-content\/uploads\/2023\/11\/Dos-galaxias-enlazandose_Compressed-2048x1583.jpg 2048w, https:\/\/xn--elrincndemargi-qob.com\/wp-content\/uploads\/2023\/11\/Dos-galaxias-enlazandose_Compressed-1200x927.jpg 1200w, https:\/\/xn--elrincndemargi-qob.com\/wp-content\/uploads\/2023\/11\/Dos-galaxias-enlazandose_Compressed-1980x1530.jpg 1980w\" sizes=\"(max-width: 580px) 100vw, 580px\" \/>\t\t\t\t\t\t\t\t\t\t\t<figcaption class=\"widget-image-caption wp-caption-text\">T\u00edtulo: Dos galaxias enlaz\u00e1ndose.\nAutora: Marjaneh Vargas Barajas.\nT\u00e9cnica: Ilustraci\u00f3n.\nA\u00f1o: 2023.\n\n\n<\/figcaption>\n\t\t\t\t\t\t\t\t\t\t<\/figure>\n\t\t\t\t\t\t\t\t\t<\/div>\n\t\t\t\t<\/div>\n\t\t\t\t<div class=\"elementor-element elementor-element-dcc7821 elementor-widget elementor-widget-image\" data-id=\"dcc7821\" data-element_type=\"widget\" data-e-type=\"widget\" data-widget_type=\"image.default\">\n\t\t\t\t<div class=\"elementor-widget-container\">\n\t\t\t\t\t\t\t\t\t\t\t\t<figure class=\"wp-caption\">\n\t\t\t\t\t\t\t\t\t\t<img loading=\"lazy\" decoding=\"async\" width=\"580\" height=\"751\" src=\"https:\/\/xn--elrincndemargi-qob.com\/wp-content\/uploads\/2023\/11\/Robot_Compressed.jpg\" class=\"attachment-large size-large wp-image-1884\" alt=\"\" srcset=\"https:\/\/xn--elrincndemargi-qob.com\/wp-content\/uploads\/2023\/11\/Robot_Compressed.jpg 612w, https:\/\/xn--elrincndemargi-qob.com\/wp-content\/uploads\/2023\/11\/Robot_Compressed-232x300.jpg 232w\" sizes=\"(max-width: 580px) 100vw, 580px\" \/>\t\t\t\t\t\t\t\t\t\t\t<figcaption class=\"widget-image-caption wp-caption-text\">T\u00edtulo: Robot enamorado.\nAutora: Marjaneh Vargas Barajas.\nT\u00e9cnica: Ilustraci\u00f3n.\nA\u00f1o: 2023. <\/figcaption>\n\t\t\t\t\t\t\t\t\t\t<\/figure>\n\t\t\t\t\t\t\t\t\t<\/div>\n\t\t\t\t<\/div>\n\t\t\t\t<div class=\"elementor-element elementor-element-add8686 elementor-widget elementor-widget-image\" data-id=\"add8686\" data-element_type=\"widget\" data-e-type=\"widget\" data-widget_type=\"image.default\">\n\t\t\t\t<div class=\"elementor-widget-container\">\n\t\t\t\t\t\t\t\t\t\t\t\t<figure class=\"wp-caption\">\n\t\t\t\t\t\t\t\t\t\t<img loading=\"lazy\" decoding=\"async\" width=\"580\" height=\"327\" src=\"https:\/\/xn--elrincndemargi-qob.com\/wp-content\/uploads\/2023\/11\/Explotare-con-ruido_Intervenida-con-ilustracion-1024x577.jpg\" class=\"attachment-large size-large wp-image-2173\" alt=\"\" srcset=\"https:\/\/xn--elrincndemargi-qob.com\/wp-content\/uploads\/2023\/11\/Explotare-con-ruido_Intervenida-con-ilustracion-1024x577.jpg 1024w, https:\/\/xn--elrincndemargi-qob.com\/wp-content\/uploads\/2023\/11\/Explotare-con-ruido_Intervenida-con-ilustracion-300x169.jpg 300w, https:\/\/xn--elrincndemargi-qob.com\/wp-content\/uploads\/2023\/11\/Explotare-con-ruido_Intervenida-con-ilustracion-768x433.jpg 768w, https:\/\/xn--elrincndemargi-qob.com\/wp-content\/uploads\/2023\/11\/Explotare-con-ruido_Intervenida-con-ilustracion-1536x865.jpg 1536w, https:\/\/xn--elrincndemargi-qob.com\/wp-content\/uploads\/2023\/11\/Explotare-con-ruido_Intervenida-con-ilustracion-1200x676.jpg 1200w, https:\/\/xn--elrincndemargi-qob.com\/wp-content\/uploads\/2023\/11\/Explotare-con-ruido_Intervenida-con-ilustracion.jpg 1640w\" sizes=\"(max-width: 580px) 100vw, 580px\" \/>\t\t\t\t\t\t\t\t\t\t\t<figcaption class=\"widget-image-caption wp-caption-text\">T\u00edtulo: \u00bfExplotar\u00e9 con ruido?\nAutora: Marjaneh Vargas Barajas.\nT\u00e9cnica. Fotograf\u00eda intervenida con ilustraci\u00f3n.\nA\u00f1o: 2023. <\/figcaption>\n\t\t\t\t\t\t\t\t\t\t<\/figure>\n\t\t\t\t\t\t\t\t\t<\/div>\n\t\t\t\t<\/div>\n\t\t\t\t<div class=\"elementor-element elementor-element-45a67c4 elementor-widget elementor-widget-image\" data-id=\"45a67c4\" data-element_type=\"widget\" data-e-type=\"widget\" data-widget_type=\"image.default\">\n\t\t\t\t<div class=\"elementor-widget-container\">\n\t\t\t\t\t\t\t\t\t\t\t\t<figure class=\"wp-caption\">\n\t\t\t\t\t\t\t\t\t\t<img loading=\"lazy\" decoding=\"async\" width=\"580\" height=\"327\" src=\"https:\/\/xn--elrincndemargi-qob.com\/wp-content\/uploads\/2023\/11\/Regalo-o-broma_Intervenida-con-ilustracion-1024x577.jpg\" class=\"attachment-large size-large wp-image-2175\" alt=\"\" srcset=\"https:\/\/xn--elrincndemargi-qob.com\/wp-content\/uploads\/2023\/11\/Regalo-o-broma_Intervenida-con-ilustracion-1024x577.jpg 1024w, https:\/\/xn--elrincndemargi-qob.com\/wp-content\/uploads\/2023\/11\/Regalo-o-broma_Intervenida-con-ilustracion-300x169.jpg 300w, https:\/\/xn--elrincndemargi-qob.com\/wp-content\/uploads\/2023\/11\/Regalo-o-broma_Intervenida-con-ilustracion-768x433.jpg 768w, https:\/\/xn--elrincndemargi-qob.com\/wp-content\/uploads\/2023\/11\/Regalo-o-broma_Intervenida-con-ilustracion-1536x865.jpg 1536w, https:\/\/xn--elrincndemargi-qob.com\/wp-content\/uploads\/2023\/11\/Regalo-o-broma_Intervenida-con-ilustracion-1200x676.jpg 1200w, https:\/\/xn--elrincndemargi-qob.com\/wp-content\/uploads\/2023\/11\/Regalo-o-broma_Intervenida-con-ilustracion.jpg 1640w\" sizes=\"(max-width: 580px) 100vw, 580px\" \/>\t\t\t\t\t\t\t\t\t\t\t<figcaption class=\"widget-image-caption wp-caption-text\">T\u00edtulo: \u00bfRegalo o broma?\nAutora: Marjaneh Vargas Barajas.\nT\u00e9cnica. Fotograf\u00eda intervenida con ilustraci\u00f3n.\nA\u00f1o: 2023. <\/figcaption>\n\t\t\t\t\t\t\t\t\t\t<\/figure>\n\t\t\t\t\t\t\t\t\t<\/div>\n\t\t\t\t<\/div>\n\t\t\t\t<div class=\"elementor-element elementor-element-d2844ef elementor-widget elementor-widget-image\" data-id=\"d2844ef\" data-element_type=\"widget\" data-e-type=\"widget\" data-widget_type=\"image.default\">\n\t\t\t\t<div class=\"elementor-widget-container\">\n\t\t\t\t\t\t\t\t\t\t\t\t<figure class=\"wp-caption\">\n\t\t\t\t\t\t\t\t\t\t<img loading=\"lazy\" decoding=\"async\" width=\"580\" height=\"448\" src=\"https:\/\/xn--elrincndemargi-qob.com\/wp-content\/uploads\/2023\/11\/No-le-veo-lo-terrorista_Compressed.jpg\" class=\"attachment-large size-large wp-image-1878\" alt=\"\" srcset=\"https:\/\/xn--elrincndemargi-qob.com\/wp-content\/uploads\/2023\/11\/No-le-veo-lo-terrorista_Compressed.jpg 792w, https:\/\/xn--elrincndemargi-qob.com\/wp-content\/uploads\/2023\/11\/No-le-veo-lo-terrorista_Compressed-300x232.jpg 300w, https:\/\/xn--elrincndemargi-qob.com\/wp-content\/uploads\/2023\/11\/No-le-veo-lo-terrorista_Compressed-768x593.jpg 768w\" sizes=\"(max-width: 580px) 100vw, 580px\" \/>\t\t\t\t\t\t\t\t\t\t\t<figcaption class=\"widget-image-caption wp-caption-text\">T\u00edtulo: No le veo lo terrorista.\nAutora: Marjaneh Vargas Barajas.\nT\u00e9cnica: Ilustraci\u00f3n.\nA\u00f1o: 2023.<\/figcaption>\n\t\t\t\t\t\t\t\t\t\t<\/figure>\n\t\t\t\t\t\t\t\t\t<\/div>\n\t\t\t\t<\/div>\n\t\t\t\t<div class=\"elementor-element elementor-element-57c761b elementor-widget elementor-widget-image\" data-id=\"57c761b\" data-element_type=\"widget\" data-e-type=\"widget\" data-widget_type=\"image.default\">\n\t\t\t\t<div class=\"elementor-widget-container\">\n\t\t\t\t\t\t\t\t\t\t\t\t<figure class=\"wp-caption\">\n\t\t\t\t\t\t\t\t\t\t<img loading=\"lazy\" decoding=\"async\" width=\"580\" height=\"899\" src=\"https:\/\/xn--elrincndemargi-qob.com\/wp-content\/uploads\/2023\/11\/Entre-el-paraiso-y-el-abismo_Compressed-661x1024.jpg\" class=\"attachment-large size-large wp-image-1918\" alt=\"\" srcset=\"https:\/\/xn--elrincndemargi-qob.com\/wp-content\/uploads\/2023\/11\/Entre-el-paraiso-y-el-abismo_Compressed-661x1024.jpg 661w, https:\/\/xn--elrincndemargi-qob.com\/wp-content\/uploads\/2023\/11\/Entre-el-paraiso-y-el-abismo_Compressed-194x300.jpg 194w, https:\/\/xn--elrincndemargi-qob.com\/wp-content\/uploads\/2023\/11\/Entre-el-paraiso-y-el-abismo_Compressed-768x1189.jpg 768w, https:\/\/xn--elrincndemargi-qob.com\/wp-content\/uploads\/2023\/11\/Entre-el-paraiso-y-el-abismo_Compressed-992x1536.jpg 992w, https:\/\/xn--elrincndemargi-qob.com\/wp-content\/uploads\/2023\/11\/Entre-el-paraiso-y-el-abismo_Compressed-1323x2048.jpg 1323w, https:\/\/xn--elrincndemargi-qob.com\/wp-content\/uploads\/2023\/11\/Entre-el-paraiso-y-el-abismo_Compressed-1200x1858.jpg 1200w, https:\/\/xn--elrincndemargi-qob.com\/wp-content\/uploads\/2023\/11\/Entre-el-paraiso-y-el-abismo_Compressed-1980x3066.jpg 1980w, https:\/\/xn--elrincndemargi-qob.com\/wp-content\/uploads\/2023\/11\/Entre-el-paraiso-y-el-abismo_Compressed-scaled.jpg 1653w\" sizes=\"(max-width: 580px) 100vw, 580px\" \/>\t\t\t\t\t\t\t\t\t\t\t<figcaption class=\"widget-image-caption wp-caption-text\">T\u00edtulo: Entre el para\u00edso y el abismo.\nAutora: Marjaneh Vargas Barajas.\nT\u00e9cnica: Ilustraci\u00f3n.\nA\u00f1o: 2023.\n\n<\/figcaption>\n\t\t\t\t\t\t\t\t\t\t<\/figure>\n\t\t\t\t\t\t\t\t\t<\/div>\n\t\t\t\t<\/div>\n\t\t\t\t<div class=\"elementor-element elementor-element-00df016 elementor-widget elementor-widget-image\" data-id=\"00df016\" data-element_type=\"widget\" data-e-type=\"widget\" data-widget_type=\"image.default\">\n\t\t\t\t<div class=\"elementor-widget-container\">\n\t\t\t\t\t\t\t\t\t\t\t\t<figure class=\"wp-caption\">\n\t\t\t\t\t\t\t\t\t\t<img loading=\"lazy\" decoding=\"async\" width=\"580\" height=\"448\" src=\"https:\/\/xn--elrincndemargi-qob.com\/wp-content\/uploads\/2023\/11\/Flor-galactica_Compressed-1024x791.jpg\" class=\"attachment-large size-large wp-image-1917\" alt=\"\" srcset=\"https:\/\/xn--elrincndemargi-qob.com\/wp-content\/uploads\/2023\/11\/Flor-galactica_Compressed-1024x791.jpg 1024w, https:\/\/xn--elrincndemargi-qob.com\/wp-content\/uploads\/2023\/11\/Flor-galactica_Compressed-300x232.jpg 300w, https:\/\/xn--elrincndemargi-qob.com\/wp-content\/uploads\/2023\/11\/Flor-galactica_Compressed-768x593.jpg 768w, https:\/\/xn--elrincndemargi-qob.com\/wp-content\/uploads\/2023\/11\/Flor-galactica_Compressed-1536x1187.jpg 1536w, https:\/\/xn--elrincndemargi-qob.com\/wp-content\/uploads\/2023\/11\/Flor-galactica_Compressed-2048x1583.jpg 2048w, https:\/\/xn--elrincndemargi-qob.com\/wp-content\/uploads\/2023\/11\/Flor-galactica_Compressed-1200x927.jpg 1200w, https:\/\/xn--elrincndemargi-qob.com\/wp-content\/uploads\/2023\/11\/Flor-galactica_Compressed-1980x1530.jpg 1980w\" sizes=\"(max-width: 580px) 100vw, 580px\" \/>\t\t\t\t\t\t\t\t\t\t\t<figcaption class=\"widget-image-caption wp-caption-text\">T\u00edtulo: Flor gal\u00e1ctica.\nAutora: Marjaneh Vargas Barajas.\nT\u00e9cnica: Ilustraci\u00f3n.\nA\u00f1o: 2023.\n<\/figcaption>\n\t\t\t\t\t\t\t\t\t\t<\/figure>\n\t\t\t\t\t\t\t\t\t<\/div>\n\t\t\t\t<\/div>\n\t\t\t\t<div class=\"elementor-element elementor-element-1f7aa49 elementor-widget elementor-widget-image\" data-id=\"1f7aa49\" data-element_type=\"widget\" data-e-type=\"widget\" data-widget_type=\"image.default\">\n\t\t\t\t<div class=\"elementor-widget-container\">\n\t\t\t\t\t\t\t\t\t\t\t\t<figure class=\"wp-caption\">\n\t\t\t\t\t\t\t\t\t\t<img loading=\"lazy\" decoding=\"async\" width=\"580\" height=\"451\" src=\"https:\/\/xn--elrincndemargi-qob.com\/wp-content\/uploads\/2023\/11\/Baile-gravitacional_Ilustracion_Compressed.jpg\" class=\"attachment-large size-large wp-image-1900\" alt=\"\" srcset=\"https:\/\/xn--elrincndemargi-qob.com\/wp-content\/uploads\/2023\/11\/Baile-gravitacional_Ilustracion_Compressed.jpg 810w, https:\/\/xn--elrincndemargi-qob.com\/wp-content\/uploads\/2023\/11\/Baile-gravitacional_Ilustracion_Compressed-300x233.jpg 300w, https:\/\/xn--elrincndemargi-qob.com\/wp-content\/uploads\/2023\/11\/Baile-gravitacional_Ilustracion_Compressed-768x597.jpg 768w\" sizes=\"(max-width: 580px) 100vw, 580px\" \/>\t\t\t\t\t\t\t\t\t\t\t<figcaption class=\"widget-image-caption wp-caption-text\">T\u00edtulo: Baile gravitacional.\nAutora: Marjaneh Vargas Barajas.\nT\u00e9cnica: Ilustraci\u00f3n.\nA\u00f1o: 2023.<\/figcaption>\n\t\t\t\t\t\t\t\t\t\t<\/figure>\n\t\t\t\t\t\t\t\t\t<\/div>\n\t\t\t\t<\/div>\n\t\t\t\t<div class=\"elementor-element elementor-element-ae7ad3b elementor-widget elementor-widget-image\" data-id=\"ae7ad3b\" data-element_type=\"widget\" data-e-type=\"widget\" data-widget_type=\"image.default\">\n\t\t\t\t<div class=\"elementor-widget-container\">\n\t\t\t\t\t\t\t\t\t\t\t\t<figure class=\"wp-caption\">\n\t\t\t\t\t\t\t\t\t\t<img loading=\"lazy\" decoding=\"async\" width=\"580\" height=\"751\" src=\"https:\/\/xn--elrincndemargi-qob.com\/wp-content\/uploads\/2023\/11\/Portada_El-manual-del-suicida_Volumen-1_Compressed2-791x1024.jpg\" class=\"attachment-large size-large wp-image-1912\" alt=\"\" srcset=\"https:\/\/xn--elrincndemargi-qob.com\/wp-content\/uploads\/2023\/11\/Portada_El-manual-del-suicida_Volumen-1_Compressed2-791x1024.jpg 791w, https:\/\/xn--elrincndemargi-qob.com\/wp-content\/uploads\/2023\/11\/Portada_El-manual-del-suicida_Volumen-1_Compressed2-232x300.jpg 232w, https:\/\/xn--elrincndemargi-qob.com\/wp-content\/uploads\/2023\/11\/Portada_El-manual-del-suicida_Volumen-1_Compressed2-768x994.jpg 768w, https:\/\/xn--elrincndemargi-qob.com\/wp-content\/uploads\/2023\/11\/Portada_El-manual-del-suicida_Volumen-1_Compressed2-1187x1536.jpg 1187w, https:\/\/xn--elrincndemargi-qob.com\/wp-content\/uploads\/2023\/11\/Portada_El-manual-del-suicida_Volumen-1_Compressed2-1583x2048.jpg 1583w, https:\/\/xn--elrincndemargi-qob.com\/wp-content\/uploads\/2023\/11\/Portada_El-manual-del-suicida_Volumen-1_Compressed2-1200x1553.jpg 1200w, https:\/\/xn--elrincndemargi-qob.com\/wp-content\/uploads\/2023\/11\/Portada_El-manual-del-suicida_Volumen-1_Compressed2-1980x2562.jpg 1980w, https:\/\/xn--elrincndemargi-qob.com\/wp-content\/uploads\/2023\/11\/Portada_El-manual-del-suicida_Volumen-1_Compressed2-scaled.jpg 1978w\" sizes=\"(max-width: 580px) 100vw, 580px\" \/>\t\t\t\t\t\t\t\t\t\t\t<figcaption class=\"widget-image-caption wp-caption-text\">T\u00edtulo: Portada del Manual del suicida, Volumen 1.\nAutora: Marjaneh Vargas Barajas.\nT\u00e9cnica: Mixta.\nA\u00f1o: 2023.<\/figcaption>\n\t\t\t\t\t\t\t\t\t\t<\/figure>\n\t\t\t\t\t\t\t\t\t<\/div>\n\t\t\t\t<\/div>\n\t\t\t\t<div class=\"elementor-element elementor-element-45f21ba elementor-widget elementor-widget-image\" data-id=\"45f21ba\" data-element_type=\"widget\" data-e-type=\"widget\" data-widget_type=\"image.default\">\n\t\t\t\t<div class=\"elementor-widget-container\">\n\t\t\t\t\t\t\t\t\t\t\t\t<figure class=\"wp-caption\">\n\t\t\t\t\t\t\t\t\t\t<img loading=\"lazy\" decoding=\"async\" width=\"580\" height=\"448\" src=\"https:\/\/xn--elrincndemargi-qob.com\/wp-content\/uploads\/2023\/11\/Sigue-siendo-medicina_Compressed.jpg\" class=\"attachment-large size-large wp-image-1895\" alt=\"\" srcset=\"https:\/\/xn--elrincndemargi-qob.com\/wp-content\/uploads\/2023\/11\/Sigue-siendo-medicina_Compressed.jpg 792w, https:\/\/xn--elrincndemargi-qob.com\/wp-content\/uploads\/2023\/11\/Sigue-siendo-medicina_Compressed-300x232.jpg 300w, https:\/\/xn--elrincndemargi-qob.com\/wp-content\/uploads\/2023\/11\/Sigue-siendo-medicina_Compressed-768x593.jpg 768w\" sizes=\"(max-width: 580px) 100vw, 580px\" \/>\t\t\t\t\t\t\t\t\t\t\t<figcaption class=\"widget-image-caption wp-caption-text\">T\u00edtulo: Sigue siendo medicina.\nAutora: Marjaneh Vargas Barajas.\nT\u00e9cnica: Ilustraci\u00f3n.\nA\u00f1o: 2023.<\/figcaption>\n\t\t\t\t\t\t\t\t\t\t<\/figure>\n\t\t\t\t\t\t\t\t\t<\/div>\n\t\t\t\t<\/div>\n\t\t\t\t<div class=\"elementor-element elementor-element-710ae16 elementor-widget elementor-widget-image\" data-id=\"710ae16\" data-element_type=\"widget\" data-e-type=\"widget\" data-widget_type=\"image.default\">\n\t\t\t\t<div class=\"elementor-widget-container\">\n\t\t\t\t\t\t\t\t\t\t\t\t<figure class=\"wp-caption\">\n\t\t\t\t\t\t\t\t\t\t<img loading=\"lazy\" decoding=\"async\" width=\"580\" height=\"751\" src=\"https:\/\/xn--elrincndemargi-qob.com\/wp-content\/uploads\/2023\/11\/Theres-no-Wonderland-in-the-Afterlife_Compressed.jpg\" class=\"attachment-large size-large wp-image-1893\" alt=\"\" srcset=\"https:\/\/xn--elrincndemargi-qob.com\/wp-content\/uploads\/2023\/11\/Theres-no-Wonderland-in-the-Afterlife_Compressed.jpg 612w, https:\/\/xn--elrincndemargi-qob.com\/wp-content\/uploads\/2023\/11\/Theres-no-Wonderland-in-the-Afterlife_Compressed-232x300.jpg 232w\" sizes=\"(max-width: 580px) 100vw, 580px\" \/>\t\t\t\t\t\t\t\t\t\t\t<figcaption class=\"widget-image-caption wp-caption-text\">T\u00edtulo: There's no Wonderland in the Afterlife.\nAutora: Marjaneh Vargas Barajas.\nT\u00e9cnica: Ilustraci\u00f3n.\nA\u00f1o: 2023.<\/figcaption>\n\t\t\t\t\t\t\t\t\t\t<\/figure>\n\t\t\t\t\t\t\t\t\t<\/div>\n\t\t\t\t<\/div>\n\t\t\t\t<div class=\"elementor-element elementor-element-c6a8bbd elementor-widget elementor-widget-image\" data-id=\"c6a8bbd\" data-element_type=\"widget\" data-e-type=\"widget\" data-widget_type=\"image.default\">\n\t\t\t\t<div class=\"elementor-widget-container\">\n\t\t\t\t\t\t\t\t\t\t\t\t<figure class=\"wp-caption\">\n\t\t\t\t\t\t\t\t\t\t<img loading=\"lazy\" decoding=\"async\" width=\"580\" height=\"751\" src=\"https:\/\/xn--elrincndemargi-qob.com\/wp-content\/uploads\/2023\/11\/Kiara_Compressed.jpg\" class=\"attachment-large size-large wp-image-1905\" alt=\"\" srcset=\"https:\/\/xn--elrincndemargi-qob.com\/wp-content\/uploads\/2023\/11\/Kiara_Compressed.jpg 612w, https:\/\/xn--elrincndemargi-qob.com\/wp-content\/uploads\/2023\/11\/Kiara_Compressed-232x300.jpg 232w\" sizes=\"(max-width: 580px) 100vw, 580px\" \/>\t\t\t\t\t\t\t\t\t\t\t<figcaption class=\"widget-image-caption wp-caption-text\">T\u00edtulo: Kiara.\nAutora: Marjaneh Vargas Barajas.\nT\u00e9cnica: Ilustraci\u00f3n.\nA\u00f1o: 2023.\n<\/figcaption>\n\t\t\t\t\t\t\t\t\t\t<\/figure>\n\t\t\t\t\t\t\t\t\t<\/div>\n\t\t\t\t<\/div>\n\t\t\t\t<div class=\"elementor-element elementor-element-2001a6b elementor-widget elementor-widget-image\" data-id=\"2001a6b\" data-element_type=\"widget\" data-e-type=\"widget\" data-widget_type=\"image.default\">\n\t\t\t\t<div class=\"elementor-widget-container\">\n\t\t\t\t\t\t\t\t\t\t\t\t<figure class=\"wp-caption\">\n\t\t\t\t\t\t\t\t\t\t<img loading=\"lazy\" decoding=\"async\" width=\"580\" height=\"760\" src=\"https:\/\/xn--elrincndemargi-qob.com\/wp-content\/uploads\/2022\/11\/Automutilacion-781x1024.png\" class=\"attachment-large size-large wp-image-778\" alt=\"\" srcset=\"https:\/\/xn--elrincndemargi-qob.com\/wp-content\/uploads\/2022\/11\/Automutilacion-781x1024.png 781w, https:\/\/xn--elrincndemargi-qob.com\/wp-content\/uploads\/2022\/11\/Automutilacion-229x300.png 229w, https:\/\/xn--elrincndemargi-qob.com\/wp-content\/uploads\/2022\/11\/Automutilacion-768x1008.png 768w, https:\/\/xn--elrincndemargi-qob.com\/wp-content\/uploads\/2022\/11\/Automutilacion-1171x1536.png 1171w, https:\/\/xn--elrincndemargi-qob.com\/wp-content\/uploads\/2022\/11\/Automutilacion-1561x2048.png 1561w, https:\/\/xn--elrincndemargi-qob.com\/wp-content\/uploads\/2022\/11\/Automutilacion-1200x1574.png 1200w, https:\/\/xn--elrincndemargi-qob.com\/wp-content\/uploads\/2022\/11\/Automutilacion.png 1677w\" sizes=\"(max-width: 580px) 100vw, 580px\" \/>\t\t\t\t\t\t\t\t\t\t\t<figcaption class=\"widget-image-caption wp-caption-text\">T\u00edtulo: Automutilaci\u00f3n.\nAutora: Marjaneh Vargas Barajas.\nT\u00e9cnica: Ilustraci\u00f3n.\nA\u00f1o: 2022.<\/figcaption>\n\t\t\t\t\t\t\t\t\t\t<\/figure>\n\t\t\t\t\t\t\t\t\t<\/div>\n\t\t\t\t<\/div>\n\t\t\t\t\t<\/div>\n\t\t<\/div>\n\t\t\t\t<div class=\"elementor-column elementor-col-50 elementor-top-column elementor-element elementor-element-b8ad643\" data-id=\"b8ad643\" data-element_type=\"column\" data-e-type=\"column\">\n\t\t\t<div class=\"elementor-widget-wrap elementor-element-populated\">\n\t\t\t\t\t\t<div class=\"elementor-element elementor-element-dfc0b83 elementor-widget elementor-widget-image\" data-id=\"dfc0b83\" data-element_type=\"widget\" data-e-type=\"widget\" data-widget_type=\"image.default\">\n\t\t\t\t<div class=\"elementor-widget-container\">\n\t\t\t\t\t\t\t\t\t\t\t\t<figure class=\"wp-caption\">\n\t\t\t\t\t\t\t\t\t\t<img loading=\"lazy\" decoding=\"async\" width=\"580\" height=\"448\" src=\"https:\/\/xn--elrincndemargi-qob.com\/wp-content\/uploads\/2025\/11\/Homenaje-a-Kiara-por-dia-de-muertos_Compressed.jpg\" class=\"attachment-large size-large wp-image-3077\" alt=\"\" srcset=\"https:\/\/xn--elrincndemargi-qob.com\/wp-content\/uploads\/2025\/11\/Homenaje-a-Kiara-por-dia-de-muertos_Compressed.jpg 792w, https:\/\/xn--elrincndemargi-qob.com\/wp-content\/uploads\/2025\/11\/Homenaje-a-Kiara-por-dia-de-muertos_Compressed-300x232.jpg 300w, https:\/\/xn--elrincndemargi-qob.com\/wp-content\/uploads\/2025\/11\/Homenaje-a-Kiara-por-dia-de-muertos_Compressed-768x593.jpg 768w\" sizes=\"(max-width: 580px) 100vw, 580px\" \/>\t\t\t\t\t\t\t\t\t\t\t<figcaption class=\"widget-image-caption wp-caption-text\">T\u00edtulo: Homenaje a Kiara por d\u00eda de muertos. \nAutora: Marjaneh Vargas Barajas.\nT\u00e9cnica: Ilustraci\u00f3n digital.\nMedidas: 3300 px x 2550 px. \nA\u00f1o: 2025.\n<\/figcaption>\n\t\t\t\t\t\t\t\t\t\t<\/figure>\n\t\t\t\t\t\t\t\t\t<\/div>\n\t\t\t\t<\/div>\n\t\t\t\t<div class=\"elementor-element elementor-element-330e4dd elementor-widget elementor-widget-image\" data-id=\"330e4dd\" data-element_type=\"widget\" data-e-type=\"widget\" data-widget_type=\"image.default\">\n\t\t\t\t<div class=\"elementor-widget-container\">\n\t\t\t\t\t\t\t\t\t\t\t\t<figure class=\"wp-caption\">\n\t\t\t\t\t\t\t\t\t\t<img loading=\"lazy\" decoding=\"async\" width=\"580\" height=\"751\" src=\"https:\/\/xn--elrincndemargi-qob.com\/wp-content\/uploads\/2024\/05\/Arte-para-mi-depresion_Logotipo-terminado.jpg\" class=\"attachment-large size-large wp-image-2239\" alt=\"\" srcset=\"https:\/\/xn--elrincndemargi-qob.com\/wp-content\/uploads\/2024\/05\/Arte-para-mi-depresion_Logotipo-terminado.jpg 612w, https:\/\/xn--elrincndemargi-qob.com\/wp-content\/uploads\/2024\/05\/Arte-para-mi-depresion_Logotipo-terminado-232x300.jpg 232w\" sizes=\"(max-width: 580px) 100vw, 580px\" \/>\t\t\t\t\t\t\t\t\t\t\t<figcaption class=\"widget-image-caption wp-caption-text\">T\u00edtulo: Arte para mi depresi\u00f3n.\nAutora: Marjaneh Vargas Barajas.\nT\u00e9cnica: Pintura intervenida con ilustraci\u00f3n.\nDimensiones: 612 x 792 px.\nA\u00f1o: 2024.<\/figcaption>\n\t\t\t\t\t\t\t\t\t\t<\/figure>\n\t\t\t\t\t\t\t\t\t<\/div>\n\t\t\t\t<\/div>\n\t\t\t\t<div class=\"elementor-element elementor-element-e64577d elementor-widget elementor-widget-image\" data-id=\"e64577d\" data-element_type=\"widget\" data-e-type=\"widget\" data-widget_type=\"image.default\">\n\t\t\t\t<div class=\"elementor-widget-container\">\n\t\t\t\t\t\t\t\t\t\t\t\t<figure class=\"wp-caption\">\n\t\t\t\t\t\t\t\t\t\t<img loading=\"lazy\" decoding=\"async\" width=\"580\" height=\"326\" src=\"https:\/\/xn--elrincndemargi-qob.com\/wp-content\/uploads\/2024\/05\/Depresivo-anonimo-latinoamericano_compressed_3-1024x576.jpg\" class=\"attachment-large size-large wp-image-2547\" alt=\"\" srcset=\"https:\/\/xn--elrincndemargi-qob.com\/wp-content\/uploads\/2024\/05\/Depresivo-anonimo-latinoamericano_compressed_3-1024x576.jpg 1024w, https:\/\/xn--elrincndemargi-qob.com\/wp-content\/uploads\/2024\/05\/Depresivo-anonimo-latinoamericano_compressed_3-300x169.jpg 300w, https:\/\/xn--elrincndemargi-qob.com\/wp-content\/uploads\/2024\/05\/Depresivo-anonimo-latinoamericano_compressed_3-768x432.jpg 768w, https:\/\/xn--elrincndemargi-qob.com\/wp-content\/uploads\/2024\/05\/Depresivo-anonimo-latinoamericano_compressed_3-1536x864.jpg 1536w, https:\/\/xn--elrincndemargi-qob.com\/wp-content\/uploads\/2024\/05\/Depresivo-anonimo-latinoamericano_compressed_3-2048x1152.jpg 2048w, https:\/\/xn--elrincndemargi-qob.com\/wp-content\/uploads\/2024\/05\/Depresivo-anonimo-latinoamericano_compressed_3-1200x675.jpg 1200w, https:\/\/xn--elrincndemargi-qob.com\/wp-content\/uploads\/2024\/05\/Depresivo-anonimo-latinoamericano_compressed_3-1980x1114.jpg 1980w\" sizes=\"(max-width: 580px) 100vw, 580px\" \/>\t\t\t\t\t\t\t\t\t\t\t<figcaption class=\"widget-image-caption wp-caption-text\">T\u00edtulo: Depresivo an\u00f3nimo latinoamericano. \nAutora: Marjaneh Vargas Barajas.\nT\u00e9cnica: Fotograf\u00eda intervenida con ilustraci\u00f3n.\nMedidas: 16667 x 9375 px.\nA\u00f1o: 2024. \n<\/figcaption>\n\t\t\t\t\t\t\t\t\t\t<\/figure>\n\t\t\t\t\t\t\t\t\t<\/div>\n\t\t\t\t<\/div>\n\t\t\t\t<div class=\"elementor-element elementor-element-f8a563e elementor-widget elementor-widget-image\" data-id=\"f8a563e\" data-element_type=\"widget\" data-e-type=\"widget\" data-widget_type=\"image.default\">\n\t\t\t\t<div class=\"elementor-widget-container\">\n\t\t\t\t\t\t\t\t\t\t\t\t<figure class=\"wp-caption\">\n\t\t\t\t\t\t\t\t\t\t<img loading=\"lazy\" decoding=\"async\" width=\"580\" height=\"487\" src=\"https:\/\/xn--elrincndemargi-qob.com\/wp-content\/uploads\/2023\/11\/Dia-de-muertos_Compressed-1024x859.jpg\" class=\"attachment-large size-large wp-image-1936\" alt=\"\" srcset=\"https:\/\/xn--elrincndemargi-qob.com\/wp-content\/uploads\/2023\/11\/Dia-de-muertos_Compressed-1024x859.jpg 1024w, https:\/\/xn--elrincndemargi-qob.com\/wp-content\/uploads\/2023\/11\/Dia-de-muertos_Compressed-300x252.jpg 300w, https:\/\/xn--elrincndemargi-qob.com\/wp-content\/uploads\/2023\/11\/Dia-de-muertos_Compressed-768x644.jpg 768w, https:\/\/xn--elrincndemargi-qob.com\/wp-content\/uploads\/2023\/11\/Dia-de-muertos_Compressed-1536x1288.jpg 1536w, https:\/\/xn--elrincndemargi-qob.com\/wp-content\/uploads\/2023\/11\/Dia-de-muertos_Compressed-2048x1717.jpg 2048w, https:\/\/xn--elrincndemargi-qob.com\/wp-content\/uploads\/2023\/11\/Dia-de-muertos_Compressed-1200x1006.jpg 1200w, https:\/\/xn--elrincndemargi-qob.com\/wp-content\/uploads\/2023\/11\/Dia-de-muertos_Compressed-1980x1660.jpg 1980w\" sizes=\"(max-width: 580px) 100vw, 580px\" \/>\t\t\t\t\t\t\t\t\t\t\t<figcaption class=\"widget-image-caption wp-caption-text\">T\u00edtulo: D\u00eda de muertos. \nAutora: Marjaneh Vargas Barajas. \nT\u00e9cnica: Fotograf\u00eda intervenida con ilustraci\u00f3n.\nA\u00f1o: 2023.\n<\/figcaption>\n\t\t\t\t\t\t\t\t\t\t<\/figure>\n\t\t\t\t\t\t\t\t\t<\/div>\n\t\t\t\t<\/div>\n\t\t\t\t<div class=\"elementor-element elementor-element-6885124 elementor-widget elementor-widget-image\" data-id=\"6885124\" data-element_type=\"widget\" data-e-type=\"widget\" data-widget_type=\"image.default\">\n\t\t\t\t<div class=\"elementor-widget-container\">\n\t\t\t\t\t\t\t\t\t\t\t\t<figure class=\"wp-caption\">\n\t\t\t\t\t\t\t\t\t\t<img loading=\"lazy\" decoding=\"async\" width=\"580\" height=\"580\" src=\"https:\/\/xn--elrincndemargi-qob.com\/wp-content\/uploads\/2023\/11\/Compressed_Platillo-volador-yendo-hacia-un-agujero-negro_Mesa-de-trabajo-1-1024x1024.jpg\" class=\"attachment-large size-large wp-image-1883\" alt=\"\" srcset=\"https:\/\/xn--elrincndemargi-qob.com\/wp-content\/uploads\/2023\/11\/Compressed_Platillo-volador-yendo-hacia-un-agujero-negro_Mesa-de-trabajo-1-1024x1024.jpg 1024w, https:\/\/xn--elrincndemargi-qob.com\/wp-content\/uploads\/2023\/11\/Compressed_Platillo-volador-yendo-hacia-un-agujero-negro_Mesa-de-trabajo-1-300x300.jpg 300w, https:\/\/xn--elrincndemargi-qob.com\/wp-content\/uploads\/2023\/11\/Compressed_Platillo-volador-yendo-hacia-un-agujero-negro_Mesa-de-trabajo-1-150x150.jpg 150w, https:\/\/xn--elrincndemargi-qob.com\/wp-content\/uploads\/2023\/11\/Compressed_Platillo-volador-yendo-hacia-un-agujero-negro_Mesa-de-trabajo-1-768x768.jpg 768w, https:\/\/xn--elrincndemargi-qob.com\/wp-content\/uploads\/2023\/11\/Compressed_Platillo-volador-yendo-hacia-un-agujero-negro_Mesa-de-trabajo-1-1536x1536.jpg 1536w, https:\/\/xn--elrincndemargi-qob.com\/wp-content\/uploads\/2023\/11\/Compressed_Platillo-volador-yendo-hacia-un-agujero-negro_Mesa-de-trabajo-1-2048x2048.jpg 2048w, https:\/\/xn--elrincndemargi-qob.com\/wp-content\/uploads\/2023\/11\/Compressed_Platillo-volador-yendo-hacia-un-agujero-negro_Mesa-de-trabajo-1-1200x1200.jpg 1200w, https:\/\/xn--elrincndemargi-qob.com\/wp-content\/uploads\/2023\/11\/Compressed_Platillo-volador-yendo-hacia-un-agujero-negro_Mesa-de-trabajo-1-1980x1980.jpg 1980w\" sizes=\"(max-width: 580px) 100vw, 580px\" \/>\t\t\t\t\t\t\t\t\t\t\t<figcaption class=\"widget-image-caption wp-caption-text\">T\u00edtulo: Platillo volador yendo hacia un agujero negro.\nAutora: Marjaneh Vargas Barajas.\nT\u00e9cnica: Ilustraci\u00f3n\nA\u00f1o: 2023.<\/figcaption>\n\t\t\t\t\t\t\t\t\t\t<\/figure>\n\t\t\t\t\t\t\t\t\t<\/div>\n\t\t\t\t<\/div>\n\t\t\t\t<div class=\"elementor-element elementor-element-5bf90f2 elementor-widget elementor-widget-image\" data-id=\"5bf90f2\" data-element_type=\"widget\" data-e-type=\"widget\" data-widget_type=\"image.default\">\n\t\t\t\t<div class=\"elementor-widget-container\">\n\t\t\t\t\t\t\t\t\t\t\t\t<figure class=\"wp-caption\">\n\t\t\t\t\t\t\t\t\t\t<img loading=\"lazy\" decoding=\"async\" width=\"580\" height=\"580\" src=\"https:\/\/xn--elrincndemargi-qob.com\/wp-content\/uploads\/2023\/11\/Ilustracion-de-pinas-en-la-playa_Mesa-de-trabajo-1_Compressed-1024x1024.jpg\" class=\"attachment-large size-large wp-image-1961\" alt=\"\" srcset=\"https:\/\/xn--elrincndemargi-qob.com\/wp-content\/uploads\/2023\/11\/Ilustracion-de-pinas-en-la-playa_Mesa-de-trabajo-1_Compressed-1024x1024.jpg 1024w, https:\/\/xn--elrincndemargi-qob.com\/wp-content\/uploads\/2023\/11\/Ilustracion-de-pinas-en-la-playa_Mesa-de-trabajo-1_Compressed-300x300.jpg 300w\" sizes=\"(max-width: 580px) 100vw, 580px\" \/>\t\t\t\t\t\t\t\t\t\t\t<figcaption class=\"widget-image-caption wp-caption-text\">T\u00edtulo: Pi\u00f1as enamoradas en la playa.\nAutora: Marjaneh Vargas Barajas.\nT\u00e9cnica: Ilustraci\u00f3n.\nA\u00f1o: 2023.<\/figcaption>\n\t\t\t\t\t\t\t\t\t\t<\/figure>\n\t\t\t\t\t\t\t\t\t<\/div>\n\t\t\t\t<\/div>\n\t\t\t\t<div class=\"elementor-element elementor-element-94c6ba0 elementor-widget elementor-widget-image\" data-id=\"94c6ba0\" data-element_type=\"widget\" data-e-type=\"widget\" data-widget_type=\"image.default\">\n\t\t\t\t<div class=\"elementor-widget-container\">\n\t\t\t\t\t\t\t\t\t\t\t\t<figure class=\"wp-caption\">\n\t\t\t\t\t\t\t\t\t\t<img loading=\"lazy\" decoding=\"async\" width=\"580\" height=\"327\" src=\"https:\/\/xn--elrincndemargi-qob.com\/wp-content\/uploads\/2023\/11\/Un-globo-que-nunca-llego-al-cielo_Intervenida-con-ilustracion-1024x577.jpg\" class=\"attachment-large size-large wp-image-2176\" alt=\"\" srcset=\"https:\/\/xn--elrincndemargi-qob.com\/wp-content\/uploads\/2023\/11\/Un-globo-que-nunca-llego-al-cielo_Intervenida-con-ilustracion-1024x577.jpg 1024w, https:\/\/xn--elrincndemargi-qob.com\/wp-content\/uploads\/2023\/11\/Un-globo-que-nunca-llego-al-cielo_Intervenida-con-ilustracion-300x169.jpg 300w, https:\/\/xn--elrincndemargi-qob.com\/wp-content\/uploads\/2023\/11\/Un-globo-que-nunca-llego-al-cielo_Intervenida-con-ilustracion-768x433.jpg 768w, https:\/\/xn--elrincndemargi-qob.com\/wp-content\/uploads\/2023\/11\/Un-globo-que-nunca-llego-al-cielo_Intervenida-con-ilustracion-1536x865.jpg 1536w, https:\/\/xn--elrincndemargi-qob.com\/wp-content\/uploads\/2023\/11\/Un-globo-que-nunca-llego-al-cielo_Intervenida-con-ilustracion-1200x676.jpg 1200w, https:\/\/xn--elrincndemargi-qob.com\/wp-content\/uploads\/2023\/11\/Un-globo-que-nunca-llego-al-cielo_Intervenida-con-ilustracion.jpg 1640w\" sizes=\"(max-width: 580px) 100vw, 580px\" \/>\t\t\t\t\t\t\t\t\t\t\t<figcaption class=\"widget-image-caption wp-caption-text\">T\u00edtulo: Un globo que nunca lleg\u00f3 al cielo.\nAutora: Marjaneh Vargas Barajas.\nT\u00e9cnica. Fotograf\u00eda intervenida con ilustraci\u00f3n.\nA\u00f1o: 2023. \n<\/figcaption>\n\t\t\t\t\t\t\t\t\t\t<\/figure>\n\t\t\t\t\t\t\t\t\t<\/div>\n\t\t\t\t<\/div>\n\t\t\t\t<div class=\"elementor-element elementor-element-80e0f79 elementor-widget elementor-widget-image\" data-id=\"80e0f79\" data-element_type=\"widget\" data-e-type=\"widget\" data-widget_type=\"image.default\">\n\t\t\t\t<div class=\"elementor-widget-container\">\n\t\t\t\t\t\t\t\t\t\t\t\t<figure class=\"wp-caption\">\n\t\t\t\t\t\t\t\t\t\t<img loading=\"lazy\" decoding=\"async\" width=\"580\" height=\"448\" src=\"https:\/\/xn--elrincndemargi-qob.com\/wp-content\/uploads\/2023\/11\/Los-musulmanes-segun-los-medios_Compressed.jpg\" class=\"attachment-large size-large wp-image-1882\" alt=\"\" srcset=\"https:\/\/xn--elrincndemargi-qob.com\/wp-content\/uploads\/2023\/11\/Los-musulmanes-segun-los-medios_Compressed.jpg 792w, https:\/\/xn--elrincndemargi-qob.com\/wp-content\/uploads\/2023\/11\/Los-musulmanes-segun-los-medios_Compressed-300x232.jpg 300w, https:\/\/xn--elrincndemargi-qob.com\/wp-content\/uploads\/2023\/11\/Los-musulmanes-segun-los-medios_Compressed-768x593.jpg 768w\" sizes=\"(max-width: 580px) 100vw, 580px\" \/>\t\t\t\t\t\t\t\t\t\t\t<figcaption class=\"widget-image-caption wp-caption-text\">T\u00edtulo: Los musulmanes seg\u00fan los medios.\nAutora: Marjaneh Vargas Barajas.\nT\u00e9cnica: Ilustraci\u00f3n.\nA\u00f1o: 2023.<\/figcaption>\n\t\t\t\t\t\t\t\t\t\t<\/figure>\n\t\t\t\t\t\t\t\t\t<\/div>\n\t\t\t\t<\/div>\n\t\t\t\t<div class=\"elementor-element elementor-element-6efc69b elementor-widget elementor-widget-image\" data-id=\"6efc69b\" data-element_type=\"widget\" data-e-type=\"widget\" data-widget_type=\"image.default\">\n\t\t\t\t<div class=\"elementor-widget-container\">\n\t\t\t\t\t\t\t\t\t\t\t\t<figure class=\"wp-caption\">\n\t\t\t\t\t\t\t\t\t\t<img loading=\"lazy\" decoding=\"async\" width=\"580\" height=\"448\" src=\"https:\/\/xn--elrincndemargi-qob.com\/wp-content\/uploads\/2023\/11\/No-estoy-oprimida_Compressed.jpg\" class=\"attachment-large size-large wp-image-1881\" alt=\"\" srcset=\"https:\/\/xn--elrincndemargi-qob.com\/wp-content\/uploads\/2023\/11\/No-estoy-oprimida_Compressed.jpg 792w, https:\/\/xn--elrincndemargi-qob.com\/wp-content\/uploads\/2023\/11\/No-estoy-oprimida_Compressed-300x232.jpg 300w, https:\/\/xn--elrincndemargi-qob.com\/wp-content\/uploads\/2023\/11\/No-estoy-oprimida_Compressed-768x593.jpg 768w\" sizes=\"(max-width: 580px) 100vw, 580px\" \/>\t\t\t\t\t\t\t\t\t\t\t<figcaption class=\"widget-image-caption wp-caption-text\">T\u00edtulo: No estoy oprimida.\nAutora: Marjaneh Vargas Barajas.\nT\u00e9cnica: Ilustraci\u00f3n.\nA\u00f1o: 2023.<\/figcaption>\n\t\t\t\t\t\t\t\t\t\t<\/figure>\n\t\t\t\t\t\t\t\t\t<\/div>\n\t\t\t\t<\/div>\n\t\t\t\t<div class=\"elementor-element elementor-element-857bb0a elementor-widget elementor-widget-image\" data-id=\"857bb0a\" data-element_type=\"widget\" data-e-type=\"widget\" data-widget_type=\"image.default\">\n\t\t\t\t<div class=\"elementor-widget-container\">\n\t\t\t\t\t\t\t\t\t\t\t\t<figure class=\"wp-caption\">\n\t\t\t\t\t\t\t\t\t\t<img loading=\"lazy\" decoding=\"async\" width=\"425\" height=\"283\" src=\"https:\/\/xn--elrincndemargi-qob.com\/wp-content\/uploads\/2023\/11\/Postal-autopromocional_Compressed.jpg\" class=\"attachment-large size-large wp-image-1880\" alt=\"\" srcset=\"https:\/\/xn--elrincndemargi-qob.com\/wp-content\/uploads\/2023\/11\/Postal-autopromocional_Compressed.jpg 425w, https:\/\/xn--elrincndemargi-qob.com\/wp-content\/uploads\/2023\/11\/Postal-autopromocional_Compressed-300x200.jpg 300w\" sizes=\"(max-width: 425px) 100vw, 425px\" \/>\t\t\t\t\t\t\t\t\t\t\t<figcaption class=\"widget-image-caption wp-caption-text\">T\u00edtulo: Autodestrucci\u00f3n. \nAutora: Marjaneh Vargas Barajas.\nT\u00e9cnica: Ilustraci\u00f3n.\nA\u00f1o: 2023.<\/figcaption>\n\t\t\t\t\t\t\t\t\t\t<\/figure>\n\t\t\t\t\t\t\t\t\t<\/div>\n\t\t\t\t<\/div>\n\t\t\t\t<div class=\"elementor-element elementor-element-521b3e5 elementor-widget elementor-widget-image\" data-id=\"521b3e5\" data-element_type=\"widget\" data-e-type=\"widget\" data-widget_type=\"image.default\">\n\t\t\t\t<div class=\"elementor-widget-container\">\n\t\t\t\t\t\t\t\t\t\t\t\t<figure class=\"wp-caption\">\n\t\t\t\t\t\t\t\t\t\t<img loading=\"lazy\" decoding=\"async\" width=\"423\" height=\"424\" src=\"https:\/\/xn--elrincndemargi-qob.com\/wp-content\/uploads\/2023\/11\/Ilustracion-discografica_-Compressed.jpg\" class=\"attachment-large size-large wp-image-1879\" alt=\"\" srcset=\"https:\/\/xn--elrincndemargi-qob.com\/wp-content\/uploads\/2023\/11\/Ilustracion-discografica_-Compressed.jpg 423w, https:\/\/xn--elrincndemargi-qob.com\/wp-content\/uploads\/2023\/11\/Ilustracion-discografica_-Compressed-300x300.jpg 300w, https:\/\/xn--elrincndemargi-qob.com\/wp-content\/uploads\/2023\/11\/Ilustracion-discografica_-Compressed-150x150.jpg 150w\" sizes=\"(max-width: 423px) 100vw, 423px\" \/>\t\t\t\t\t\t\t\t\t\t\t<figcaption class=\"widget-image-caption wp-caption-text\">T\u00edtulo: Annhilated love, fanart.\nAutora: Marjaneh Vargas Barajas.\nT\u00e9cnica: Ilustraci\u00f3n.\nA\u00f1o: 2023.<\/figcaption>\n\t\t\t\t\t\t\t\t\t\t<\/figure>\n\t\t\t\t\t\t\t\t\t<\/div>\n\t\t\t\t<\/div>\n\t\t\t\t<div class=\"elementor-element elementor-element-ca120cc elementor-widget elementor-widget-image\" data-id=\"ca120cc\" data-element_type=\"widget\" data-e-type=\"widget\" data-widget_type=\"image.default\">\n\t\t\t\t<div class=\"elementor-widget-container\">\n\t\t\t\t\t\t\t\t\t\t\t\t<figure class=\"wp-caption\">\n\t\t\t\t\t\t\t\t\t\t<img loading=\"lazy\" decoding=\"async\" width=\"580\" height=\"453\" src=\"https:\/\/xn--elrincndemargi-qob.com\/wp-content\/uploads\/2023\/11\/Mis-alucinaciones-auditivas-1024x800.jpg\" class=\"attachment-large size-large wp-image-1913\" alt=\"\" srcset=\"https:\/\/xn--elrincndemargi-qob.com\/wp-content\/uploads\/2023\/11\/Mis-alucinaciones-auditivas-1024x800.jpg 1024w, https:\/\/xn--elrincndemargi-qob.com\/wp-content\/uploads\/2023\/11\/Mis-alucinaciones-auditivas-300x234.jpg 300w, https:\/\/xn--elrincndemargi-qob.com\/wp-content\/uploads\/2023\/11\/Mis-alucinaciones-auditivas-768x600.jpg 768w, https:\/\/xn--elrincndemargi-qob.com\/wp-content\/uploads\/2023\/11\/Mis-alucinaciones-auditivas-1536x1200.jpg 1536w, https:\/\/xn--elrincndemargi-qob.com\/wp-content\/uploads\/2023\/11\/Mis-alucinaciones-auditivas-2048x1600.jpg 2048w, https:\/\/xn--elrincndemargi-qob.com\/wp-content\/uploads\/2023\/11\/Mis-alucinaciones-auditivas-1200x937.jpg 1200w, https:\/\/xn--elrincndemargi-qob.com\/wp-content\/uploads\/2023\/11\/Mis-alucinaciones-auditivas-1980x1547.jpg 1980w\" sizes=\"(max-width: 580px) 100vw, 580px\" \/>\t\t\t\t\t\t\t\t\t\t\t<figcaption class=\"widget-image-caption wp-caption-text\">T\u00edtulo: Mis alucinaciones auditivas.\nAutora: Marjaneh Vargas Barajas.\nT\u00e9cnica: Ilustraci\u00f3n.\nA\u00f1o: 2023.<\/figcaption>\n\t\t\t\t\t\t\t\t\t\t<\/figure>\n\t\t\t\t\t\t\t\t\t<\/div>\n\t\t\t\t<\/div>\n\t\t\t\t<div class=\"elementor-element elementor-element-f43cee3 elementor-widget elementor-widget-image\" data-id=\"f43cee3\" data-element_type=\"widget\" data-e-type=\"widget\" data-widget_type=\"image.default\">\n\t\t\t\t<div class=\"elementor-widget-container\">\n\t\t\t\t\t\t\t\t\t\t\t\t<figure class=\"wp-caption\">\n\t\t\t\t\t\t\t\t\t\t<img loading=\"lazy\" decoding=\"async\" width=\"580\" height=\"448\" src=\"https:\/\/xn--elrincndemargi-qob.com\/wp-content\/uploads\/2023\/11\/No-sufras-en-silencio_Compressed.jpg\" class=\"attachment-large size-large wp-image-1896\" alt=\"\" srcset=\"https:\/\/xn--elrincndemargi-qob.com\/wp-content\/uploads\/2023\/11\/No-sufras-en-silencio_Compressed.jpg 792w, https:\/\/xn--elrincndemargi-qob.com\/wp-content\/uploads\/2023\/11\/No-sufras-en-silencio_Compressed-300x232.jpg 300w, https:\/\/xn--elrincndemargi-qob.com\/wp-content\/uploads\/2023\/11\/No-sufras-en-silencio_Compressed-768x593.jpg 768w\" sizes=\"(max-width: 580px) 100vw, 580px\" \/>\t\t\t\t\t\t\t\t\t\t\t<figcaption class=\"widget-image-caption wp-caption-text\">T\u00edtulo: No sufras en silencio.\nAutora: Marjaneh Vargas Barajas.\nT\u00e9cnica: Ilustraci\u00f3n.\nA\u00f1o: 2023.<\/figcaption>\n\t\t\t\t\t\t\t\t\t\t<\/figure>\n\t\t\t\t\t\t\t\t\t<\/div>\n\t\t\t\t<\/div>\n\t\t\t\t<div class=\"elementor-element elementor-element-9f18665 elementor-widget elementor-widget-image\" data-id=\"9f18665\" data-element_type=\"widget\" data-e-type=\"widget\" data-widget_type=\"image.default\">\n\t\t\t\t<div class=\"elementor-widget-container\">\n\t\t\t\t\t\t\t\t\t\t\t\t<figure class=\"wp-caption\">\n\t\t\t\t\t\t\t\t\t\t<img loading=\"lazy\" decoding=\"async\" width=\"580\" height=\"751\" src=\"https:\/\/xn--elrincndemargi-qob.com\/wp-content\/uploads\/2023\/11\/Psiquiatria_Compressed.jpg\" class=\"attachment-large size-large wp-image-1894\" alt=\"\" srcset=\"https:\/\/xn--elrincndemargi-qob.com\/wp-content\/uploads\/2023\/11\/Psiquiatria_Compressed.jpg 612w, https:\/\/xn--elrincndemargi-qob.com\/wp-content\/uploads\/2023\/11\/Psiquiatria_Compressed-232x300.jpg 232w\" sizes=\"(max-width: 580px) 100vw, 580px\" \/>\t\t\t\t\t\t\t\t\t\t\t<figcaption class=\"widget-image-caption wp-caption-text\">T\u00edtulo: Psiquiatr\u00eda.\nAutora: Marjaneh Vargas Barajas.\nT\u00e9cnica: Ilustraci\u00f3n.\nA\u00f1o: 2023.<\/figcaption>\n\t\t\t\t\t\t\t\t\t\t<\/figure>\n\t\t\t\t\t\t\t\t\t<\/div>\n\t\t\t\t<\/div>\n\t\t\t\t<div class=\"elementor-element elementor-element-daaf2a4 elementor-widget elementor-widget-image\" data-id=\"daaf2a4\" data-element_type=\"widget\" data-e-type=\"widget\" data-widget_type=\"image.default\">\n\t\t\t\t<div class=\"elementor-widget-container\">\n\t\t\t\t\t\t\t\t\t\t\t\t<figure class=\"wp-caption\">\n\t\t\t\t\t\t\t\t\t\t<img loading=\"lazy\" decoding=\"async\" width=\"580\" height=\"454\" src=\"https:\/\/xn--elrincndemargi-qob.com\/wp-content\/uploads\/2023\/11\/El-espejismo-del-suicidio_Compressed2-1024x802.jpg\" class=\"attachment-large size-large wp-image-1892\" alt=\"\" srcset=\"https:\/\/xn--elrincndemargi-qob.com\/wp-content\/uploads\/2023\/11\/El-espejismo-del-suicidio_Compressed2-1024x802.jpg 1024w, https:\/\/xn--elrincndemargi-qob.com\/wp-content\/uploads\/2023\/11\/El-espejismo-del-suicidio_Compressed2-300x235.jpg 300w, https:\/\/xn--elrincndemargi-qob.com\/wp-content\/uploads\/2023\/11\/El-espejismo-del-suicidio_Compressed2-768x602.jpg 768w, https:\/\/xn--elrincndemargi-qob.com\/wp-content\/uploads\/2023\/11\/El-espejismo-del-suicidio_Compressed2-1536x1203.jpg 1536w, https:\/\/xn--elrincndemargi-qob.com\/wp-content\/uploads\/2023\/11\/El-espejismo-del-suicidio_Compressed2-2048x1604.jpg 2048w, https:\/\/xn--elrincndemargi-qob.com\/wp-content\/uploads\/2023\/11\/El-espejismo-del-suicidio_Compressed2-1200x940.jpg 1200w, https:\/\/xn--elrincndemargi-qob.com\/wp-content\/uploads\/2023\/11\/El-espejismo-del-suicidio_Compressed2-1980x1551.jpg 1980w\" sizes=\"(max-width: 580px) 100vw, 580px\" \/>\t\t\t\t\t\t\t\t\t\t\t<figcaption class=\"widget-image-caption wp-caption-text\">T\u00edtulo: El espejismo del suicidio.\nAutora: Marjaneh Vargas Barajas.\nT\u00e9cnica: Ilustraci\u00f3n.\nA\u00f1o: 2023.<\/figcaption>\n\t\t\t\t\t\t\t\t\t\t<\/figure>\n\t\t\t\t\t\t\t\t\t<\/div>\n\t\t\t\t<\/div>\n\t\t\t\t<div class=\"elementor-element elementor-element-edc24c7 elementor-widget elementor-widget-image\" data-id=\"edc24c7\" data-element_type=\"widget\" data-e-type=\"widget\" data-widget_type=\"image.default\">\n\t\t\t\t<div class=\"elementor-widget-container\">\n\t\t\t\t\t\t\t\t\t\t\t\t<figure class=\"wp-caption\">\n\t\t\t\t\t\t\t\t\t\t<img loading=\"lazy\" decoding=\"async\" width=\"580\" height=\"773\" src=\"https:\/\/xn--elrincndemargi-qob.com\/wp-content\/uploads\/2022\/11\/Cerebro-con-ansiedad_1.jpg\" class=\"attachment-large size-large wp-image-945\" alt=\"\" srcset=\"https:\/\/xn--elrincndemargi-qob.com\/wp-content\/uploads\/2022\/11\/Cerebro-con-ansiedad_1.jpg 768w, https:\/\/xn--elrincndemargi-qob.com\/wp-content\/uploads\/2022\/11\/Cerebro-con-ansiedad_1-225x300.jpg 225w\" sizes=\"(max-width: 580px) 100vw, 580px\" \/>\t\t\t\t\t\t\t\t\t\t\t<figcaption class=\"widget-image-caption wp-caption-text\">T\u00edtulo: Cerebro con ansiedad.\nAutora: Marjaneh Vargas Barajas.\nT\u00e9cnica: Ilustraci\u00f3n.\nA\u00f1o: 2022.<\/figcaption>\n\t\t\t\t\t\t\t\t\t\t<\/figure>\n\t\t\t\t\t\t\t\t\t<\/div>\n\t\t\t\t<\/div>\n\t\t\t\t\t<\/div>\n\t\t<\/div>\n\t\t\t\t\t<\/div>\n\t\t<\/section>\n\t\t\t\t<section class=\"elementor-section elementor-top-section elementor-element elementor-element-eedb673 elementor-section-boxed elementor-section-height-default elementor-section-height-default\" data-id=\"eedb673\" data-element_type=\"section\" data-e-type=\"section\">\n\t\t\t\t\t\t<div class=\"elementor-container elementor-column-gap-default\">\n\t\t\t\t\t<div class=\"elementor-column elementor-col-100 elementor-top-column elementor-element elementor-element-c6dd030\" data-id=\"c6dd030\" data-element_type=\"column\" data-e-type=\"column\">\n\t\t\t<div class=\"elementor-widget-wrap elementor-element-populated\">\n\t\t\t\t\t\t<div class=\"elementor-element elementor-element-1e5b1d4 elementor-widget elementor-widget-text-editor\" data-id=\"1e5b1d4\" data-element_type=\"widget\" data-e-type=\"widget\" data-widget_type=\"text-editor.default\">\n\t\t\t\t<div class=\"elementor-widget-container\">\n\t\t\t\t\t\t\t\t\t<h6>\u00a9 Marjaneh Vargas Barajas \u2014 Todos los derechos reservados. | <a href=\"https:\/\/xn--elrincndemargi-qob.com\/index.php\/derechos-de-autor\/\">Derechos de Autor<\/a><\/h6>\t\t\t\t\t\t\t\t<\/div>\n\t\t\t\t<\/div>\n\t\t\t\t\t<\/div>\n\t\t<\/div>\n\t\t\t\t\t<\/div>\n\t\t<\/section>\n\t\t\t\t<\/div>\n\t\t","protected":false},"excerpt":{"rendered":"<p>Aqu\u00ed podr\u00e1s encontrar mis ilustraciones digitales, desde lo m\u00e1s reciente hasta lo m\u00e1s antiguo: T\u00edtulo: Consulta psiqui\u00e1trica latinoamericana. Autora: Marjaneh Vargas Barajas. T\u00e9cnica: Fotograf\u00eda intervenida con ilustraci\u00f3n. Medidas: 3,300 x 2550 px. A\u00f1o: 2024. T\u00edtulo: Presa del desabasto. Autora: Marjaneh Vargas Barajas. T\u00e9cnica: Fotograf\u00eda intervenida con ilustraci\u00f3n. Medidas: 3,300 x 2550 px. A\u00f1o: 2024. T\u00edtulo: [&hellip;]<\/p>\n","protected":false},"author":1,"featured_media":0,"parent":0,"menu_order":0,"comment_status":"closed","ping_status":"closed","template":"","meta":{"om_disable_all_campaigns":false,"_monsterinsights_skip_tracking":false,"_monsterinsights_sitenote_active":false,"_monsterinsights_sitenote_note":"","_monsterinsights_sitenote_category":0,"footnotes":""},"class_list":["post-1750","page","type-page","status-publish","hentry"],"aioseo_notices":[],"_links":{"self":[{"href":"https:\/\/xn--elrincndemargi-qob.com\/index.php\/wp-json\/wp\/v2\/pages\/1750","targetHints":{"allow":["GET"]}}],"collection":[{"href":"https:\/\/xn--elrincndemargi-qob.com\/index.php\/wp-json\/wp\/v2\/pages"}],"about":[{"href":"https:\/\/xn--elrincndemargi-qob.com\/index.php\/wp-json\/wp\/v2\/types\/page"}],"author":[{"embeddable":true,"href":"https:\/\/xn--elrincndemargi-qob.com\/index.php\/wp-json\/wp\/v2\/users\/1"}],"replies":[{"embeddable":true,"href":"https:\/\/xn--elrincndemargi-qob.com\/index.php\/wp-json\/wp\/v2\/comments?post=1750"}],"version-history":[{"count":91,"href":"https:\/\/xn--elrincndemargi-qob.com\/index.php\/wp-json\/wp\/v2\/pages\/1750\/revisions"}],"predecessor-version":[{"id":3080,"href":"https:\/\/xn--elrincndemargi-qob.com\/index.php\/wp-json\/wp\/v2\/pages\/1750\/revisions\/3080"}],"wp:attachment":[{"href":"https:\/\/xn--elrincndemargi-qob.com\/index.php\/wp-json\/wp\/v2\/media?parent=1750"}],"curies":[{"name":"wp","href":"https:\/\/api.w.org\/{rel}","templated":true}]}}