{"id":123,"date":"2022-10-30T01:51:20","date_gmt":"2022-10-30T01:51:20","guid":{"rendered":"https:\/\/xn--elrincndemargi-qob.com\/?page_id=123"},"modified":"2023-10-22T20:19:10","modified_gmt":"2023-10-22T20:19:10","slug":"la-sociedad-del-capitalismo-monocromatico","status":"publish","type":"page","link":"https:\/\/xn--elrincndemargi-qob.com\/index.php\/la-sociedad-del-capitalismo-monocromatico\/","title":{"rendered":"La sociedad del capitalismo monocrom\u00e1tico"},"content":{"rendered":"\t\t<div data-elementor-type=\"wp-page\" data-elementor-id=\"123\" class=\"elementor elementor-123\">\n\t\t\t\t\t\t<section class=\"elementor-section elementor-top-section elementor-element elementor-element-b7f44b7 elementor-section-boxed elementor-section-height-default elementor-section-height-default\" data-id=\"b7f44b7\" data-element_type=\"section\" data-e-type=\"section\">\n\t\t\t\t\t\t<div class=\"elementor-container elementor-column-gap-default\">\n\t\t\t\t\t<div class=\"elementor-column elementor-col-100 elementor-top-column elementor-element elementor-element-875c29c\" data-id=\"875c29c\" data-element_type=\"column\" data-e-type=\"column\">\n\t\t\t<div class=\"elementor-widget-wrap elementor-element-populated\">\n\t\t\t\t\t\t<div class=\"elementor-element elementor-element-afc2862 elementor-widget elementor-widget-text-editor\" data-id=\"afc2862\" data-element_type=\"widget\" data-e-type=\"widget\" data-widget_type=\"text-editor.default\">\n\t\t\t\t<div class=\"elementor-widget-container\">\n\t\t\t\t\t\t\t\t\t<p><span style=\"font-weight: 400;\">\u00bfQu\u00e9 pasar\u00eda si pensamos en los seres humanos como colores de una bandera, y nuestras interacciones humanas fueran como los colores complementarios de una pintura? El presente ensayo trata cuestiones de sexualidad humana por medio de una analog\u00eda sobre el valor de los individuos.<\/span><\/p><p><span style=\"font-weight: 400;\">Fue publicado por la revista Collhibr\u00ed.<\/span><\/p>\t\t\t\t\t\t\t\t<\/div>\n\t\t\t\t<\/div>\n\t\t\t\t\t<\/div>\n\t\t<\/div>\n\t\t\t\t\t<\/div>\n\t\t<\/section>\n\t\t\t\t<section class=\"elementor-section elementor-top-section elementor-element elementor-element-be9af7c elementor-section-boxed elementor-section-height-default elementor-section-height-default\" data-id=\"be9af7c\" data-element_type=\"section\" data-e-type=\"section\">\n\t\t\t\t\t\t<div class=\"elementor-container elementor-column-gap-default\">\n\t\t\t\t\t<div class=\"elementor-column elementor-col-100 elementor-top-column elementor-element elementor-element-621e730\" data-id=\"621e730\" data-element_type=\"column\" data-e-type=\"column\">\n\t\t\t<div class=\"elementor-widget-wrap elementor-element-populated\">\n\t\t\t\t\t\t<div class=\"elementor-element elementor-element-710ffd7 elementor-widget elementor-widget-heading\" data-id=\"710ffd7\" data-element_type=\"widget\" data-e-type=\"widget\" data-widget_type=\"heading.default\">\n\t\t\t\t<div class=\"elementor-widget-container\">\n\t\t\t\t\t<h2 class=\"elementor-heading-title elementor-size-default\">La sociedad del capitalismo monocrom\u00e1tico: <\/h2>\t\t\t\t<\/div>\n\t\t\t\t<\/div>\n\t\t\t\t\t<\/div>\n\t\t<\/div>\n\t\t\t\t\t<\/div>\n\t\t<\/section>\n\t\t\t\t<section class=\"elementor-section elementor-top-section elementor-element elementor-element-16ee7dd elementor-section-boxed elementor-section-height-default elementor-section-height-default\" data-id=\"16ee7dd\" data-element_type=\"section\" data-e-type=\"section\">\n\t\t\t\t\t\t<div class=\"elementor-container elementor-column-gap-default\">\n\t\t\t\t\t<div class=\"elementor-column elementor-col-100 elementor-top-column elementor-element elementor-element-cb77033\" data-id=\"cb77033\" data-element_type=\"column\" data-e-type=\"column\">\n\t\t\t<div class=\"elementor-widget-wrap elementor-element-populated\">\n\t\t\t\t\t\t<div class=\"elementor-element elementor-element-5cb3c54 elementor-widget elementor-widget-text-editor\" data-id=\"5cb3c54\" data-element_type=\"widget\" data-e-type=\"widget\" data-widget_type=\"text-editor.default\">\n\t\t\t\t<div class=\"elementor-widget-container\">\n\t\t\t\t\t\t\t\t\t<p><span style=\"font-weight: 400;\">El mundo se parece a un c\u00edrculo crom\u00e1tico: cada ser vivo o acontecimiento en \u00e9l es \u00fanico, igual que cada color y matiz, lo cual genera que cuando dos de ellos se encuentren enfrentados su contraste sea como los colores opuestos del c\u00edrculo. Y es que la oposici\u00f3n se encuentra desde las ideas que escuchamos a diario, pues nuestras diferentes perspectivas han hecho que como humanos difiramos en todo: Mientras que los activistas de los derechos humanos dicen que \u201ctodos somos iguales\u201d la ciencia dice que no porque nadie comparte con otro las mismas huellas dactilares.\u00a0<\/span><\/p><p><span style=\"font-weight: 400;\">As\u00ed solo nos queda es seguir combinando los colores del c\u00edrculo para pintar el lienzo de nuestra realidad, resign\u00e1ndonos al eterno debate y al desconocimiento de la verdad, sin embargo eso no significa que no pueda haber armon\u00eda en nuestra obra. As\u00ed que la cuesti\u00f3n es \u00bfEstamos creando esa armon\u00eda?\u00a0<\/span><\/p><p><span style=\"font-weight: 400;\">Por un lado en cuestiones de econom\u00eda mundial nos encontramos ante colores monocrom\u00e1ticos (es decir, el mismo color con variaciones de tonalidad), ya que la mayor\u00eda de pa\u00edses eligieron al capitalismo: un sistema basado en la ideolog\u00eda que parte de los derechos de libre competencia dentro del \u00e1rea laboral, en donde los individuos y organizaciones emprenden proyectos que generan un capital directamente proporcional a los resultados positivos o negativos de estos. De aqu\u00ed parten la propiedad privada y la principal desventaja del sistema: su movilidad social reflejada en un sistema de clases sociales que genera los tonos claros y oscuros del estado econ\u00f3mico dentro de la poblaci\u00f3n y entre los diferentes pa\u00edses.\u00a0<\/span><\/p><p><span style=\"font-weight: 400;\">Lo anterior se puede ver reflejado en la idea de Karl Kraus: <\/span><i><span style=\"font-weight: 400;\">La ley b\u00e1sica del capitalismo es t\u00fa o yo, no t\u00fa y yo.<\/span><\/i><span style=\"font-weight: 400;\"> Dicho capitalismo tambi\u00e9n se contagi\u00f3 a la estructura de la sociedad, pues como personas somos colores opuestos entre nosotros, que al estar pintados dentro del mismo c\u00edrculo se enfrentan y conducen a una fr\u00eda superficialidad y estereotipos, y as\u00ed se origina la violencia que causa desigualdad y discriminaci\u00f3n.<\/span><\/p><p><span style=\"font-weight: 400;\">Esto se comprueba cuando se trata de convivencia, y es que durante esta cuarentena las personas al no tener m\u00e1s remedio que quedarse en casa se muestran ante sus familiares como un color, el cual definir\u00e1 su aceptaci\u00f3n en ella, y si resulta ser uno opuesto y no uno monocrom\u00e1tico de la heterosexualidad como el resto de la familia, entonces la armon\u00eda se pierde.\u00a0<\/span><\/p><p><span style=\"font-weight: 400;\">Seg\u00fan Alex Our\u00e9, Director Ejecutivo de la organizaci\u00f3n <\/span><i><span style=\"font-weight: 400;\">It Gets Better<\/span><\/i><span style=\"font-weight: 400;\"> en M\u00e9xico: \u201cHemos recibido durante el distanciamiento social alrededor de quince denuncias a nivel nacional por parte de la comunidad, mismas que exponen que han sido corridos de sus casas, o han decidido salirse por actos discriminatorios por parte de sus familias; as\u00ed como personas que viven con VIH, y por la pandemia han perdido sus trabajos, no pueden solventar sus medicamentos\u201d.\u00a0<\/span><\/p><p><span style=\"font-weight: 400;\">Y es que ni\u00f1os y adolescentes de la comunidad LGBTI son los m\u00e1s vulnerables, ya que al exponer su identidad de g\u00e9nero durante el confinamiento se desencadena el maltrato con violencia correctiva que escala desde lo psicol\u00f3gico hasta lo f\u00edsico. Seg\u00fan La Encuesta Nacional sobre Discriminaci\u00f3n por Motivos de Orientaci\u00f3n Sexual e Identidad de G\u00e9nero (ENDOSIG) del Conapred (consejo nacional para prevenir la discriminaci\u00f3n) y la CNDH (comisi\u00f3n nacional de derechos humanos): el 52,6% de los padres rechazan la orientaci\u00f3n sexual y la identidad de g\u00e9nero de sus hijos.<\/span><\/p><p><span style=\"font-weight: 400;\">Por otra parte en el estudio las otras complicaciones del Covid-19: discriminaci\u00f3n por orientaci\u00f3n sexual e identidad de g\u00e9nero en el entorno familiar elaborado por la Facultad de Medicina de la Universidad Aut\u00f3noma de M\u00e9xico (UNAM) se expuso que el confinamiento en el hogar para la comunidad LGBTQ implic\u00f3 regresar a la discriminaci\u00f3n y a la violencia por parte de sus familiares. Juan Carlos Mendoza, profesor del departamento de salud p\u00fablica de la facultad cuando habl\u00f3 acerca del cierre de escuelas y centros de trabajo expres\u00f3:\u00a0<\/span><\/p><p><span style=\"font-weight: 400;\">En estos espacios algunas personas LGBTQ pueden expresar libremente su orientaci\u00f3n sexual o identidad de g\u00e9nero, lo que no pod\u00eda suceder en los hogares porque se expondr\u00edan a sufrir violencia o discriminaci\u00f3n. Esto implic\u00f3 un obligado regreso al cl\u00f3set. Pensemos, por ejemplo, en j\u00f3venes LGBTQ que estudian la universidad en ciudades con entornos de mayor aceptaci\u00f3n a la diversidad sexual y que tuvieron que regresar a sus ciudades donde hay mayor rechazo.\u00a0<\/span><\/p><p><span style=\"font-weight: 400;\">Se mencion\u00f3 adem\u00e1s que el contexto familiar violento contra los LGBTQ significa tambi\u00e9n menos posibilidades de entrar a alg\u00fan espacio de diversidad sexual o de tener los recursos para poder denunciar en caso de necesitarlo.\u00a0<\/span><\/p><p><span style=\"font-weight: 400;\">Dicho rechazo en casos extremos conlleva a la expulsi\u00f3n del hogar y al terminar viviendo en la calle, sin poder pedir ayuda y menos denunciar ante las autoridades, cuando ya de por s\u00ed Our\u00e9 mencion\u00f3 que \u201c<\/span><span style=\"font-weight: 400;\">Es alarmante que no denuncien por miedo a delatar a uno de sus familiares, desafortunadamente no saben que existen instituciones que apoyan durante esta emergencia, y siempre de la mano de organismos gubernamentales\u201d. <\/span><span style=\"font-weight: 400;\">Por no mencionar que la situaci\u00f3n de calle para la comunidad LGBTI implica vulnerabilidad a los cr\u00edmenes de odio, los cuales han incrementado considerablemente a lo largo del \u00faltimo sexenio:<\/span><\/p><p><span style=\"font-weight: 400;\">Seg\u00fan datos de la organizaci\u00f3n mexicana <\/span><i><span style=\"font-weight: 400;\">Letra S<\/span><\/i><span style=\"font-weight: 400;\"> hubo 117 homicidios en el 2019: 65 v\u00edctimas fueron mujeres transg\u00e9neros y transexuales; 36 hombres homosexuales, 9 lesbofeminicidios, una mujer y un hombre bisexuales, dos personas muxes, y un hombre trans con expresi\u00f3n masculina. 9 de las 117 v\u00edctimas eran activistas LGBTI, 6 eran figuras p\u00fablicas y dos migrantes centroamericanas.\u00a0<\/span><\/p><p><span style=\"font-weight: 400;\">Our\u00e9 tambi\u00e9n mencion\u00f3 que: <\/span><span style=\"font-weight: 400;\">\u201cEs interesante los datos que han informado, porque hay que ver que en realidad las autoridades ya est\u00e1n registrando con exactitud los casos de cr\u00edmenes de odio a comparaci\u00f3n del sexenio pasado, hay que hacer un llamado a la Secretar\u00eda de Gobernaci\u00f3n, para que ponga en agenda la situaci\u00f3n por la que est\u00e1 pasando M\u00e9xico\u201d.\u00a0<\/span><\/p><p><span style=\"font-weight: 400;\">El Consejo Nacional para Prevenir la Discriminaci\u00f3n (Conapred) coment\u00f3 que \u201cEl consejo tiene la preocupaci\u00f3n de que las personas de la diversidad enfrenten dificultades agudas para subsistir, especialmente la comunidad trans, siendo el sector con m\u00e1s vulnerabilidad y exclusi\u00f3n social y menor acceso a un \u00e1mbito laboral formal, pues sus bajos ingresos la ha llevado a vivir en calle\u201d.\u00a0<\/span><\/p><p><span style=\"font-weight: 400;\">Pero \u00bfCu\u00e1les son las motivaciones para las familias al momento de rechazar a un integrante por ser LGBTI? Esta actitud es un fen\u00f3meno hereditario: ya que la familia es el primer n\u00facleo de influencia sobre una persona, es esta la que define si dicha persona se conduce hacia el camino de la homofobia o al de la tolerancia, por lo tanto nos estamos enfrentando a una homofobia cultural donde se conservan ideas y conductas erradas acerca de la sexualidad, tales como: \u201cNo eres homosexual, s\u00f3lo est\u00e1s confundido\u201d, o \u201cDebes ser heterosexual para ser un hombre de verdad\u201d. Adem\u00e1s los adultos suelen confundir: validar ante sus hijos ciertas orientaciones con introducirlos a alguna, cuando de hecho s\u00f3lo les ense\u00f1a tolerancia; y en caso de que no sean heterosexuales (lo cual no ser\u00eda debido a los padres), les facilita la auto-aceptaci\u00f3n, ya que crecieron vi\u00e9ndolo normal.\u00a0<\/span><\/p><p><span style=\"font-weight: 400;\">Y ya que estamos hablando de cultura, la familia al reproducir esta falta de tolerancia en otros, proyecta la homofobia cultural no s\u00f3lo hacia futuros miembros de la familia, si no a cualquiera fuera del entorno del hogar, como la escuela. Seg\u00fan el Sistema Nacional de Protecci\u00f3n de Ni\u00f1as, Ni\u00f1os y Adolescentes (SIPINNA) en M\u00e9xico el 61% de estudiantes lesbianas, gays y bisexuales se\u00f1alaron acoso homof\u00f3bico en la escuela, y un 92% sufri\u00f3 insultos por su orientaci\u00f3n sexual y de apariencia f\u00edsica al desencajar de los estereotipos de g\u00e9nero. \u201cUna forma de violencia es la homofobia que se caracteriza por el desprecio, rechazo, estigmatizaci\u00f3n o discriminaci\u00f3n ante conductas y actitudes consideradas como homosexuales. Una persona homof\u00f3bica siente enojo, odio, impotencia o angustia cuando observa en los hombres comportamientos considerados femeninos en hombres y masculinos en mujeres\u201d apunt\u00f3 SIPINNA.\u00a0<\/span><\/p><p><span style=\"font-weight: 400;\">Por otra parte La Encuesta Nacional de Bullying Homof\u00f3bico indic\u00f3 que la mayor\u00eda de las v\u00edctimas sufren depresi\u00f3n, evitan ir a la escuela, tienen pensamientos suicidas, bajo rendimiento escolar, y piden cambiarse de escuela. De acuerdo con SIPINNA la situaci\u00f3n de la violencia en el pa\u00eds es grave, por lo que llam\u00f3 a fomentar la tolerancia, ya que es un derecho humano vivir la ni\u00f1ez y adolescencia plenamente y sin violencia.\u00a0<\/span><\/p><p><span style=\"font-weight: 400;\">Una posible causa de este rechazo es que el acosador tiene m\u00e1s reforzada su <\/span><i><span style=\"font-weight: 400;\">identidad grupal<\/span><\/i><span style=\"font-weight: 400;\"> (su necesidad de identificaci\u00f3n con un grupo), que su <\/span><i><span style=\"font-weight: 400;\">identidad individual,<\/span><\/i><span style=\"font-weight: 400;\"> lo que provoca que cuando el grupo en cuesti\u00f3n no acepte la diversidad, el individuo siga a la mayor\u00eda, rechazando al diferente. Otra posibilidad es un homosexual reprimido, seg\u00fan el profesor Netta Weinstein de la universidad de Essex (Inglaterra), quien realiz\u00f3 un estudio con investigadores de la Universidad de Rochester y la Universidad de California en Santa B\u00e1rbara, en 2012: \u201cLos individuos que se definen como heterosexuales pero que en los test psicol\u00f3gicos demuestran una fuerte atracci\u00f3n hacia el mismo sexo, pueden sentirse\u00a0amenazados por los gays y las lesbianas\u00a0porque los homosexuales le recuerdan a algunas tendencias personales que tienen, pero que tratan de evitar\u201d.\u00a0<\/span><\/p><p><span style=\"font-weight: 400;\">Uno pensar\u00eda que las formas del bullying se acaban cuando uno crece, pero no: esta violencia se queda hasta la adultez, cuando las personas al necesitar subsistir buscan trabajo e intentan venderse como cubetas de pintura, <\/span><span style=\"font-weight: 400;\">\u00bfY por qu\u00e9 me refiero a los individuos generadores de capital como mercanc\u00eda en vez de productores de tal mercanc\u00eda? Pues nuestra moderna sociedad del capitalismo monocrom\u00e1tico asign\u00f3 una etiqueta a cada cubeta, con el nombre del color que definir\u00e1 su valor en el mercado de los contratistas. Y en este mercado una etiqueta que marca el color de la homosexualidad significa que la calidad del pigmento es mala.\u00a0<\/span><\/p><p><span style=\"font-weight: 400;\">Seg\u00fan los datos de Endosig, que tom\u00f3 en cuenta a m\u00e1s de 10 mil personas mayores de 16 a\u00f1os: 58% considera que sus derechos no son respetados, 83% que se enfrentan a tratos hostiles; tres de cada cinco personas fueron discriminadas por al menos un motivo en el \u00faltimo a\u00f1o, entre los que destacan: aspecto f\u00edsico y forma de hablar.<\/span><\/p><p><span style=\"font-weight: 400;\">Por su parte el Diagn\u00f3stico Nacional sobre Discriminaci\u00f3n hacia personas LGBTI realizado por la Comisi\u00f3n Ejecutiva de Atenci\u00f3n a V\u00edctimas (CEAV) y la Fundaci\u00f3n Arco\u00edris realizado entre 2015 y 2018 en 32 entidades federativas del pa\u00eds se detect\u00f3 que: seis de cada diez personas consideran que su sexualidad les dificulta ser contratados; 25% de los que lo lograron no recib\u00edan un buen trato, 43% (tambi\u00e9n en el trabajo) sufr\u00edan de violencia y acoso, y un 78% que se retrasaron profesionalmente por exclusi\u00f3n. Adem\u00e1s las principales agresiones que sufren son: los homosexuales de no ser contratados, las lesbianas de ser violadas o acosadas; y los gays de ser agredidos f\u00edsicamente. Cabe destacar que el 60% de los encuestados eran j\u00f3venes entre 18 y 29 a\u00f1os.\u00a0\u00a0<\/span><\/p><p><span style=\"font-weight: 400;\">A los LGBTI tambi\u00e9n les piden requisitos de trabajo que atentan contra sus libertades laborales: a 33% les preguntaron su estado civil; a 4% su identidad de g\u00e9nero, a 6% su orientaci\u00f3n sexual; (las lesbianas representan el 62% de estas dos \u00faltimas cuestiones, y los homosexuales un 52%); a 18% les pidieron pruebas psicol\u00f3gicas; al 8% pruebas de VIH (las mujeres trans representan el 48% en esta \u00faltima cuesti\u00f3n, y los bisexuales un 44%); y al 5% pruebas de embarazo.<\/span><\/p><p><span style=\"font-weight: 400;\">Seg\u00fan el estudio: <\/span><span style=\"font-weight: 400;\">\u201cEsta discriminaci\u00f3n, adem\u00e1s de afectar emocionalmente, es un factor que limita e inhibe el acceso de la poblaci\u00f3n LGTBI al \u00e1mbito laboral institucional, e influye para que desarrollen actividades por su cuenta u otras de car\u00e1cter de trabajo informal, que encaminar\u00e1n trayectorias y condiciones de vida futuras. En el mismo sentido, es muy posible que tambi\u00e9n las instituciones y\/o empresas, pierdan al rechazar por homofobia, a personas con capacidades y perfiles id\u00f3neos para puestos espec\u00edficos de trabajo\u201d.\u00a0<\/span><\/p><p><span style=\"font-weight: 400;\">Casa, escuela, trabajo, calle\u2026 \u00bfAcaso hay alg\u00fan lugar en la Tierra donde los colores LGBTI puedan salir en la pintura de la humanidad sin que los intenten borrar? \u00bfPor qu\u00e9 vivir en un mundo de puros colores monocrom\u00e1ticos, si tambi\u00e9n hay colores opuestos en este c\u00edrculo? Los colores opuestos tambi\u00e9n reciben el nombre de <\/span><i><span style=\"font-weight: 400;\">complementarios<\/span><\/i><span style=\"font-weight: 400;\">, pues en una pintura ayudan a crear variaciones tonales, reducir saturaciones, crear tonalidades neutras, o resaltar colores, adem\u00e1s de generar contrastes armoniosos, y matices llamativos sin caer en lo visualmente desagradable.\u00a0<\/span><\/p><p><span style=\"font-weight: 400;\">La comunidad LGBTI representa todo eso: cada color que lo conforma en un ser humano con mucho que aportar a todos los entornos en que se encuentre, si tan solo se les permite estar dentro del lienzo. Si la <\/span><i><span style=\"font-weight: 400;\">ley<\/span><\/i> <i><span style=\"font-weight: 400;\">b\u00e1sica del capitalismo es t\u00fa o yo, no t\u00fa y yo<\/span><\/i><span style=\"font-weight: 400;\">, entonces dejemos de copiarla en nuestra sociedad y volv\u00e1mosla una cuesti\u00f3n de <\/span><i><span style=\"font-weight: 400;\">t\u00fa y yo.\u00a0<\/span><\/i><\/p><p><span style=\"font-weight: 400;\">Ya es momento de evolucionar de esta monocrom\u00eda intolerante a los contrastes y darle su lugar a todos los colores que integran nuestro c\u00edrculo crom\u00e1tico. Danny Kaye dijo: \u201cLa vida es un lienzo en blanco, y debes lanzar sobre \u00e9l toda la pintura que puedas\u201d. As\u00ed que reconozcamos que como humanidad somos muchos colores<\/span><span style=\"font-weight: 400;\">, y todos deben ser integrados si queremos arreglar el cuadro del caos y la violencia en el que terminamos, para pasar a pintar un cuadro policrom\u00e1tico mediante el cual obtener una armon\u00eda que no se trate de <\/span><i><span style=\"font-weight: 400;\">t\u00fa o yo,<\/span><\/i><span style=\"font-weight: 400;\"> sino de <\/span><i><span style=\"font-weight: 400;\">t\u00fa y yo.\u00a0<\/span><\/i><\/p>\t\t\t\t\t\t\t\t<\/div>\n\t\t\t\t<\/div>\n\t\t\t\t\t<\/div>\n\t\t<\/div>\n\t\t\t\t\t<\/div>\n\t\t<\/section>\n\t\t\t\t<section class=\"elementor-section elementor-top-section elementor-element elementor-element-234dbdd elementor-section-boxed elementor-section-height-default elementor-section-height-default\" data-id=\"234dbdd\" data-element_type=\"section\" data-e-type=\"section\">\n\t\t\t\t\t\t<div class=\"elementor-container elementor-column-gap-default\">\n\t\t\t\t\t<div class=\"elementor-column elementor-col-100 elementor-top-column elementor-element elementor-element-bbb14dd\" data-id=\"bbb14dd\" data-element_type=\"column\" data-e-type=\"column\">\n\t\t\t<div class=\"elementor-widget-wrap elementor-element-populated\">\n\t\t\t\t\t\t<div class=\"elementor-element elementor-element-620736f elementor-widget elementor-widget-text-editor\" data-id=\"620736f\" data-element_type=\"widget\" data-e-type=\"widget\" data-widget_type=\"text-editor.default\">\n\t\t\t\t<div class=\"elementor-widget-container\">\n\t\t\t\t\t\t\t\t\t<p><b>Referencias<\/b><\/p><p><span style=\"font-weight: 400;\">Aprende a pintar con oleo. (s.f). Colores Complementarios de Primarios, Secundarios y Terciarios. <\/span><i><span style=\"font-weight: 400;\">comopintarcuadrosconoleo.<\/span><\/i><span style=\"font-weight: 400;\"> Recuperado de https:\/\/comopintarcuadrosconoleo.com\/colores-complementarios-pintura-oleo<\/span><\/p><p><span style=\"font-weight: 400;\">Arturo Torres. (s.f). Los 4 tipos de homofobia, y c\u00f3mo reconocerlos. <\/span><i><span style=\"font-weight: 400;\">psicologiaymente.<\/span><\/i><span style=\"font-weight: 400;\">\u00a0 Recuperado de: https:\/\/psicologiaymente.com\/social\/tipos-de-homofobia<\/span><\/p><p><span style=\"font-weight: 400;\">Carlos Lara. (29 de Septiembre de 2019). Prevalece el acoso homof\u00f3bico en las escuelas: Sipinna. <\/span><i><span style=\"font-weight: 400;\">elsoldemexico.<\/span><\/i><span style=\"font-weight: 400;\"> Recuperado de https:\/\/www.elsoldemexico.com.mx\/mexico\/sociedad\/prevalece-el-acoso-homofobico-en-las-escuelas-sipinna-4245478.html<\/span><\/p><p><span style=\"font-weight: 400;\">C\u00e9sar Garc\u00eda. Nilsa Hern\u00e1ndez. (17\/05\/2020). Comunidad LGBT sufre violencia y discriminaci\u00f3n\u2026 en casa. <\/span><i><span style=\"font-weight: 400;\">milenio.<\/span><\/i><span style=\"font-weight: 400;\"> Recuperado de <\/span><span style=\"font-weight: 400;\">https:\/\/www.milenio.com\/politica\/comunidad\/covid-19-comunidad-lgbt-sufre-violencia-discriminacion-casa<\/span><\/p><p><span style=\"font-weight: 400;\">Cl\u00ednicas Origen. (s.f). La familia, clave en la educaci\u00f3n por la tolerancia sexual. <\/span><i><span style=\"font-weight: 400;\">psicologiaymente.<\/span><\/i><span style=\"font-weight: 400;\">\u00a0 Recuperado de:<\/span> <span style=\"font-weight: 400;\">https:\/\/psicologiaymente.com\/desarrollo\/familia-clave-educacion-tolerancia-sexual<\/span><\/p><p><span style=\"font-weight: 400;\">Conapred. (17 de diciembre del 2018). 2018 &#8211; 120. 58 POR CIENTO DE LAS PERSONAS LGBT EN M\u00c9XICO CONSIDERAN QUE SUS DERECHOS NO SON RESPETADOS<\/span><b>. <\/b><i><span style=\"font-weight: 400;\">conapred.<\/span><\/i> <span style=\"font-weight: 400;\">Recuperado de https:\/\/www.conapred.org.mx\/index.php?contenido=boletin&amp;id=1188&amp;id_opcion=103&amp;op=213<\/span><\/p><p><span style=\"font-weight: 400;\">el plural. (24 de junio de 2019). \u00bfHom\u00f3fobo u homosexual reprimido? Lo que dicen estudios cient\u00edficos. <\/span><i><span style=\"font-weight: 400;\">elplural.<\/span><\/i><span style=\"font-weight: 400;\"> Recuperado de https:\/\/www.elplural.com\/sociedad\/homofobo-homosexual-reprimido-estudios-cientificos_219147102<\/span><\/p><p><span style=\"font-weight: 400;\">Emir Olivares Alonso. (05, mar, 2019). Muestran que discriminaci\u00f3n laboral es m\u00e1s severa para LGBTI. <\/span><i><span style=\"font-weight: 400;\">jornada. <\/span><\/i><span style=\"font-weight: 400;\">Recuperado de https:\/\/www.jornada.com.mx\/ultimas\/sociedad\/2019\/03\/05\/discriminacion-laboral-mas-severa-para-comunidad-lgbti-estudio-3147.html<\/span><\/p><p><span style=\"font-weight: 400;\">Lantigua Rodr\u00edguez. (Diciembre 28, 2028). C\u00edrculo crom\u00e1tico \u00bfC\u00f3mo combinar colores con \u00e9l? <\/span><i><span style=\"font-weight: 400;\">whatcolor.<\/span><\/i><span style=\"font-weight: 400;\"> Recuperado de: <\/span><span style=\"font-weight: 400;\">https:\/\/www.whatcolor.net\/curiosidades\/como-combinar-colores-circulo-cromatico\/#Monocromaticos<\/span><\/p><p><span style=\"font-weight: 400;\">Luis Carlos Rodr\u00edguez G. (martes 11 de agosto de 2020) Por Pandemia aumenta violencia contra LGBTQ. <\/span><i><span style=\"font-weight: 400;\">contrareplica.<\/span><\/i><span style=\"font-weight: 400;\"> Recuperado de https:\/\/www.contrareplica.mx\/nota-Por-pandemia-aumenta-violencia-contra-LGBTQ202011835<\/span><\/p><p><span style=\"font-weight: 400;\">Oliver Araujo. (s.f). Frases de pintores y artistas famosos. <\/span><i><span style=\"font-weight: 400;\">exitoysuperacionpersonal.<\/span><\/i><span style=\"font-weight: 400;\"> Recuperado de https:\/\/www.exitoysuperacionpersonal.com\/frases-de-arte\/<\/span><\/p><p><span style=\"font-weight: 400;\">Sara Lasso. (November, 01, 2019). \u00bfQu\u00e9 son los colores complementarios? <\/span><i><span style=\"font-weight: 400;\">aboutespanol.<\/span><\/i><span style=\"font-weight: 400;\"> Recuperado de https:\/\/www.aboutespanol.com\/los-colores-complementarios-y-adyacentes-180297<\/span><\/p>\t\t\t\t\t\t\t\t<\/div>\n\t\t\t\t<\/div>\n\t\t\t\t\t<\/div>\n\t\t<\/div>\n\t\t\t\t\t<\/div>\n\t\t<\/section>\n\t\t\t\t<\/div>\n\t\t","protected":false},"excerpt":{"rendered":"<p>\u00bfQu\u00e9 pasar\u00eda si pensamos en los seres humanos como colores de una bandera, y nuestras interacciones humanas fueran como los colores complementarios de una pintura? El presente ensayo trata cuestiones de sexualidad humana por medio de una analog\u00eda sobre el valor de los individuos. Fue publicado por la revista Collhibr\u00ed. La sociedad del capitalismo monocrom\u00e1tico: [&hellip;]<\/p>\n","protected":false},"author":1,"featured_media":43,"parent":0,"menu_order":0,"comment_status":"closed","ping_status":"closed","template":"","meta":{"om_disable_all_campaigns":false,"_monsterinsights_skip_tracking":false,"_monsterinsights_sitenote_active":false,"_monsterinsights_sitenote_note":"","_monsterinsights_sitenote_category":0,"footnotes":""},"class_list":["post-123","page","type-page","status-publish","has-post-thumbnail","hentry"],"aioseo_notices":[],"_links":{"self":[{"href":"https:\/\/xn--elrincndemargi-qob.com\/index.php\/wp-json\/wp\/v2\/pages\/123","targetHints":{"allow":["GET"]}}],"collection":[{"href":"https:\/\/xn--elrincndemargi-qob.com\/index.php\/wp-json\/wp\/v2\/pages"}],"about":[{"href":"https:\/\/xn--elrincndemargi-qob.com\/index.php\/wp-json\/wp\/v2\/types\/page"}],"author":[{"embeddable":true,"href":"https:\/\/xn--elrincndemargi-qob.com\/index.php\/wp-json\/wp\/v2\/users\/1"}],"replies":[{"embeddable":true,"href":"https:\/\/xn--elrincndemargi-qob.com\/index.php\/wp-json\/wp\/v2\/comments?post=123"}],"version-history":[{"count":23,"href":"https:\/\/xn--elrincndemargi-qob.com\/index.php\/wp-json\/wp\/v2\/pages\/123\/revisions"}],"predecessor-version":[{"id":1502,"href":"https:\/\/xn--elrincndemargi-qob.com\/index.php\/wp-json\/wp\/v2\/pages\/123\/revisions\/1502"}],"wp:featuredmedia":[{"embeddable":true,"href":"https:\/\/xn--elrincndemargi-qob.com\/index.php\/wp-json\/wp\/v2\/media\/43"}],"wp:attachment":[{"href":"https:\/\/xn--elrincndemargi-qob.com\/index.php\/wp-json\/wp\/v2\/media?parent=123"}],"curies":[{"name":"wp","href":"https:\/\/api.w.org\/{rel}","templated":true}]}}